{"id":712,"date":"2024-06-26T12:28:02","date_gmt":"2024-06-26T10:28:02","guid":{"rendered":"https:\/\/escueladeteitau.com\/los-teitos\/"},"modified":"2024-07-01T19:48:34","modified_gmt":"2024-07-01T17:48:34","slug":"los-teitos","status":"publish","type":"page","link":"https:\/\/escueladeteitau.com\/ast\/los-teitos\/","title":{"rendered":"Los Teitos"},"content":{"rendered":"\t\t<div data-elementor-type=\"wp-page\" data-elementor-id=\"712\" class=\"elementor elementor-712 elementor-683\">\n\t\t\t\t<div class=\"elementor-element elementor-element-de7886d e-flex e-con-boxed e-con e-parent\" data-id=\"de7886d\" data-element_type=\"container\" data-settings=\"{&quot;background_background&quot;:&quot;classic&quot;}\">\n\t\t\t\t\t<div class=\"e-con-inner\">\n\t\t\t\t<div class=\"elementor-element elementor-element-3d590aa elementor-widget elementor-widget-heading\" data-id=\"3d590aa\" data-element_type=\"widget\" data-widget_type=\"heading.default\">\n\t\t\t\t<div class=\"elementor-widget-container\">\n\t\t\t<style>\/*! elementor - v3.22.0 - 24-06-2024 *\/\n.elementor-heading-title{padding:0;margin:0;line-height:1}.elementor-widget-heading .elementor-heading-title[class*=elementor-size-]>a{color:inherit;font-size:inherit;line-height:inherit}.elementor-widget-heading .elementor-heading-title.elementor-size-small{font-size:15px}.elementor-widget-heading .elementor-heading-title.elementor-size-medium{font-size:19px}.elementor-widget-heading .elementor-heading-title.elementor-size-large{font-size:29px}.elementor-widget-heading .elementor-heading-title.elementor-size-xl{font-size:39px}.elementor-widget-heading .elementor-heading-title.elementor-size-xxl{font-size:59px}<\/style><h2 class=\"elementor-heading-title elementor-size-default\">LOS TEITOS<\/h2>\t\t<\/div>\n\t\t\t\t<\/div>\n\t\t\t\t\t<\/div>\n\t\t\t\t<\/div>\n\t\t<div class=\"elementor-element elementor-element-28e91b5 e-flex e-con-boxed e-con e-parent\" data-id=\"28e91b5\" data-element_type=\"container\">\n\t\t\t\t\t<div class=\"e-con-inner\">\n\t\t\t\t<div class=\"elementor-element elementor-element-0729c0f elementor-widget elementor-widget-text-editor\" data-id=\"0729c0f\" data-element_type=\"widget\" data-widget_type=\"text-editor.default\">\n\t\t\t\t<div class=\"elementor-widget-container\">\n\t\t\t<style>\/*! elementor - v3.22.0 - 24-06-2024 *\/\n.elementor-widget-text-editor.elementor-drop-cap-view-stacked .elementor-drop-cap{background-color:#69727d;color:#fff}.elementor-widget-text-editor.elementor-drop-cap-view-framed .elementor-drop-cap{color:#69727d;border:3px solid;background-color:transparent}.elementor-widget-text-editor:not(.elementor-drop-cap-view-default) .elementor-drop-cap{margin-top:8px}.elementor-widget-text-editor:not(.elementor-drop-cap-view-default) .elementor-drop-cap-letter{width:1em;height:1em}.elementor-widget-text-editor .elementor-drop-cap{float:left;text-align:center;line-height:1;font-size:50px}.elementor-widget-text-editor .elementor-drop-cap-letter{display:inline-block}<\/style>\t\t\t\t<p style=\"text-align: center;\">Las cabanas de teitu son caba\u00f1es de piedra con cubierta vexetal asitiaes nes bra\u00f1es, que yeren poblaos braniegos p&#8217;aprovechamientu de camperes de pastu de monte. At\u00f3pense nosconceyos de Somiedu y Teberga, dambes zones protex\u00edes n&#8217;Asturies. Las cabanas o teitos t\u00e1n formaos por corte na planta baxa y payar nel baxu cubierta. Empleg\u00e1bense tanto pa guardar les vaques y la yerba seco, y n&#8217;ocasiones dispon\u00eden d&#8217;un cuartu pal pastor. Representen una forma respetuosa y centenaria d&#8217;aprovechamientu y xesti\u00f3n del territoriu.<\/p>\n\t\t\t\t\t\t<\/div>\n\t\t\t\t<\/div>\n\t\t\t\t\t<\/div>\n\t\t\t\t<\/div>\n\t\t<div class=\"elementor-element elementor-element-44c99c7 e-flex e-con-boxed e-con e-parent\" data-id=\"44c99c7\" data-element_type=\"container\">\n\t\t\t\t\t<div class=\"e-con-inner\">\n\t\t<div class=\"elementor-element elementor-element-d09b746 e-con-full e-flex e-con e-child\" data-id=\"d09b746\" data-element_type=\"container\">\n\t\t\t\t<div class=\"elementor-element elementor-element-f81939a elementor-widget elementor-widget-toggle\" data-id=\"f81939a\" data-element_type=\"widget\" data-widget_type=\"toggle.default\">\n\t\t\t\t<div class=\"elementor-widget-container\">\n\t\t\t<style>\/*! elementor - v3.22.0 - 24-06-2024 *\/\n.elementor-toggle{text-align:start}.elementor-toggle .elementor-tab-title{font-weight:700;line-height:1;margin:0;padding:15px;border-bottom:1px solid #d5d8dc;cursor:pointer;outline:none}.elementor-toggle .elementor-tab-title .elementor-toggle-icon{display:inline-block;width:1em}.elementor-toggle .elementor-tab-title .elementor-toggle-icon svg{margin-inline-start:-5px;width:1em;height:1em}.elementor-toggle .elementor-tab-title .elementor-toggle-icon.elementor-toggle-icon-right{float:right;text-align:right}.elementor-toggle .elementor-tab-title .elementor-toggle-icon.elementor-toggle-icon-left{float:left;text-align:left}.elementor-toggle .elementor-tab-title .elementor-toggle-icon .elementor-toggle-icon-closed{display:block}.elementor-toggle .elementor-tab-title .elementor-toggle-icon .elementor-toggle-icon-opened{display:none}.elementor-toggle .elementor-tab-title.elementor-active{border-bottom:none}.elementor-toggle .elementor-tab-title.elementor-active .elementor-toggle-icon-closed{display:none}.elementor-toggle .elementor-tab-title.elementor-active .elementor-toggle-icon-opened{display:block}.elementor-toggle .elementor-tab-content{padding:15px;border-bottom:1px solid #d5d8dc;display:none}@media (max-width:767px){.elementor-toggle .elementor-tab-title{padding:12px}.elementor-toggle .elementor-tab-content{padding:12px 10px}}.e-con-inner>.elementor-widget-toggle,.e-con>.elementor-widget-toggle{width:var(--container-widget-width);--flex-grow:var(--container-widget-flex-grow)}<\/style>\t\t<div class=\"elementor-toggle\">\n\t\t\t\t\t\t\t<div class=\"elementor-toggle-item\">\n\t\t\t\t\t<div id=\"elementor-tab-title-2601\" class=\"elementor-tab-title\" data-tab=\"1\" role=\"button\" aria-controls=\"elementor-tab-content-2601\" aria-expanded=\"false\">\n\t\t\t\t\t\t\t\t\t\t\t\t<span class=\"elementor-toggle-icon elementor-toggle-icon-right\" aria-hidden=\"true\">\n\t\t\t\t\t\t\t\t\t\t\t\t\t\t\t<span class=\"elementor-toggle-icon-closed\"><svg class=\"e-font-icon-svg e-fas-angle-double-down\" viewBox=\"0 0 320 512\" xmlns=\"http:\/\/www.w3.org\/2000\/svg\"><path d=\"M143 256.3L7 120.3c-9.4-9.4-9.4-24.6 0-33.9l22.6-22.6c9.4-9.4 24.6-9.4 33.9 0l96.4 96.4 96.4-96.4c9.4-9.4 24.6-9.4 33.9 0L313 86.3c9.4 9.4 9.4 24.6 0 33.9l-136 136c-9.4 9.5-24.6 9.5-34 .1zm34 192l136-136c9.4-9.4 9.4-24.6 0-33.9l-22.6-22.6c-9.4-9.4-24.6-9.4-33.9 0L160 352.1l-96.4-96.4c-9.4-9.4-24.6-9.4-33.9 0L7 278.3c-9.4 9.4-9.4 24.6 0 33.9l136 136c9.4 9.5 24.6 9.5 34 .1z\"><\/path><\/svg><\/span>\n\t\t\t\t\t\t\t\t<span class=\"elementor-toggle-icon-opened\"><svg class=\"elementor-toggle-icon-opened e-font-icon-svg e-fas-angle-double-up\" viewBox=\"0 0 320 512\" xmlns=\"http:\/\/www.w3.org\/2000\/svg\"><path d=\"M177 255.7l136 136c9.4 9.4 9.4 24.6 0 33.9l-22.6 22.6c-9.4 9.4-24.6 9.4-33.9 0L160 351.9l-96.4 96.4c-9.4 9.4-24.6 9.4-33.9 0L7 425.7c-9.4-9.4-9.4-24.6 0-33.9l136-136c9.4-9.5 24.6-9.5 34-.1zm-34-192L7 199.7c-9.4 9.4-9.4 24.6 0 33.9l22.6 22.6c9.4 9.4 24.6 9.4 33.9 0l96.4-96.4 96.4 96.4c9.4 9.4 24.6 9.4 33.9 0l22.6-22.6c9.4-9.4 9.4-24.6 0-33.9l-136-136c-9.2-9.4-24.4-9.4-33.8 0z\"><\/path><\/svg><\/span>\n\t\t\t\t\t\t\t\t\t\t\t\t\t<\/span>\n\t\t\t\t\t\t\t\t\t\t\t\t<a class=\"elementor-toggle-title\" tabindex=\"0\">Sobre las cabanas de teitu<\/a>\n\t\t\t\t\t<\/div>\n\n\t\t\t\t\t<div id=\"elementor-tab-content-2601\" class=\"elementor-tab-content elementor-clearfix\" data-tab=\"1\" role=\"region\" aria-labelledby=\"elementor-tab-title-2601\"><p>Tr\u00e1tase de construcciones de gran singularid\u00e1, empleguen la escoba, que ye una retama (carba montesa) pa tapar la cubierta. Los muros fa\u00edanse en piedra seco ensin argamasa y l&#8217;estructura de madera de la cubierta ensin uniones met\u00e1liques. El valor patrimonial nun ta nam\u00e1s na construcci\u00f3n en s\u00ed mesma, hai qu&#8217;entendela como parte d&#8217;un paisaxe etnogr\u00e1ficude valor estraordinariu, reflexu d&#8217;una cultura popular. Ye un microcosmos social y cultural calten\u00edu intactu de xeneraci\u00f3n en xeneraci\u00f3n.<\/p>\n<p>Estes construcciones t\u00e1n enmarcaes dientro la cultura noreuropea de cubiertes de paya. En pa\u00edses como Gran Breta\u00f1a, Irlanda, Francia, Holanda o Dinamarca, siguen construy\u00e9ndose viviendes con cubiertes vexetales que gocien de gran prestixu y existe un merc\u00e1u con abondos profesionales dedicaos al so caltenimientu y rehabilitaci\u00f3n.<\/p>\n<\/div>\n\t\t\t\t<\/div>\n\t\t\t\t\t\t\t\t<\/div>\n\t\t\t\t<\/div>\n\t\t\t\t<\/div>\n\t\t\t\t<\/div>\n\t\t<div class=\"elementor-element elementor-element-0c01a93 e-con-full e-flex e-con e-child\" data-id=\"0c01a93\" data-element_type=\"container\">\n\t\t\t\t<div class=\"elementor-element elementor-element-779cb5d elementor-widget elementor-widget-toggle\" data-id=\"779cb5d\" data-element_type=\"widget\" data-widget_type=\"toggle.default\">\n\t\t\t\t<div class=\"elementor-widget-container\">\n\t\t\t\t\t<div class=\"elementor-toggle\">\n\t\t\t\t\t\t\t<div class=\"elementor-toggle-item\">\n\t\t\t\t\t<div id=\"elementor-tab-title-1251\" class=\"elementor-tab-title\" data-tab=\"1\" role=\"button\" aria-controls=\"elementor-tab-content-1251\" aria-expanded=\"false\">\n\t\t\t\t\t\t\t\t\t\t\t\t<span class=\"elementor-toggle-icon elementor-toggle-icon-right\" aria-hidden=\"true\">\n\t\t\t\t\t\t\t\t\t\t\t\t\t\t\t<span class=\"elementor-toggle-icon-closed\"><svg class=\"e-font-icon-svg e-fas-angle-double-down\" viewBox=\"0 0 320 512\" xmlns=\"http:\/\/www.w3.org\/2000\/svg\"><path d=\"M143 256.3L7 120.3c-9.4-9.4-9.4-24.6 0-33.9l22.6-22.6c9.4-9.4 24.6-9.4 33.9 0l96.4 96.4 96.4-96.4c9.4-9.4 24.6-9.4 33.9 0L313 86.3c9.4 9.4 9.4 24.6 0 33.9l-136 136c-9.4 9.5-24.6 9.5-34 .1zm34 192l136-136c9.4-9.4 9.4-24.6 0-33.9l-22.6-22.6c-9.4-9.4-24.6-9.4-33.9 0L160 352.1l-96.4-96.4c-9.4-9.4-24.6-9.4-33.9 0L7 278.3c-9.4 9.4-9.4 24.6 0 33.9l136 136c9.4 9.5 24.6 9.5 34 .1z\"><\/path><\/svg><\/span>\n\t\t\t\t\t\t\t\t<span class=\"elementor-toggle-icon-opened\"><svg class=\"elementor-toggle-icon-opened e-font-icon-svg e-fas-angle-double-up\" viewBox=\"0 0 320 512\" xmlns=\"http:\/\/www.w3.org\/2000\/svg\"><path d=\"M177 255.7l136 136c9.4 9.4 9.4 24.6 0 33.9l-22.6 22.6c-9.4 9.4-24.6 9.4-33.9 0L160 351.9l-96.4 96.4c-9.4 9.4-24.6 9.4-33.9 0L7 425.7c-9.4-9.4-9.4-24.6 0-33.9l136-136c9.4-9.5 24.6-9.5 34-.1zm-34-192L7 199.7c-9.4 9.4-9.4 24.6 0 33.9l22.6 22.6c9.4 9.4 24.6 9.4 33.9 0l96.4-96.4 96.4 96.4c9.4 9.4 24.6 9.4 33.9 0l22.6-22.6c9.4-9.4 9.4-24.6 0-33.9l-136-136c-9.2-9.4-24.4-9.4-33.8 0z\"><\/path><\/svg><\/span>\n\t\t\t\t\t\t\t\t\t\t\t\t\t<\/span>\n\t\t\t\t\t\t\t\t\t\t\t\t<a class=\"elementor-toggle-title\" tabindex=\"0\">Situaci\u00f3n actual de los teitos<\/a>\n\t\t\t\t\t<\/div>\n\n\t\t\t\t\t<div id=\"elementor-tab-content-1251\" class=\"elementor-tab-content elementor-clearfix\" data-tab=\"1\" role=\"region\" aria-labelledby=\"elementor-tab-title-1251\"><p>Como diz Astur Paredes nel \u201cCorpus de Arquitectura Tradicional Asturiana\u201d: Nel campu concretu de l\u2019arquitectura, la situaci\u00f3n perif\u00e9rica de les bra\u00f1es, l\u2019usu limit\u00e1u temporal y lafuncionalid\u00e1 espec\u00edfica de les construcciones propiciaron la conservaci\u00f3n de tipolox\u00edes tradicionales tanto na morfolox\u00eda, como nos materiales y procesos constructivos. Conserv\u00e1ronseasina nestos espacios formes y t\u00e9cniques y\u00e1 desaniciaesn\u2019otres zones yhastanos propios pueblos d\u2019orixen.<\/p>\n<p>El sistema productivu que xener\u00f3 esti patrimoniu cultural calt\u00favose vivu nes bra\u00f1es asturianes hasta finales del S.XX y esto dex\u00f3 que llegaren hasta los nuesos d\u00edes estes construcciones tan singulares que s&#8217;estremen de les del restu del continente, y\u00e1 que caltienen de manera bien xenuina la esencia otra d\u00f3mina.<\/p>\n<p>El camb\u00e9u d&#8217;estructures de producci\u00f3n qu&#8217;afect\u00f3 a la zona rural asturiana, coles migraciones del \u00e1mbitu rural al urbanu y tami\u00e9n col camb\u00e9u de paradigma cultural y econ\u00f3micu, marc\u00f3 l&#8217;entamu del fin d&#8217;esti sistema d&#8217;esplotaci\u00f3n ganaderasingular, desenvueltu a lo llargo de los sieglos. La situaci\u00f3n actual de lascabanas de teitu ye bien murnia. <br \/>De los m\u00e1s de 300 teitos inventariaos nos a\u00f1os 90, podemos atestiguar que nam\u00e1s unes decenes llegaron hasta los nuesos d\u00edes en bon est\u00e1u de caltenimientu. La gran mayor\u00eda convirti\u00e9ronse en ruines, o van cam\u00edn de selo bien llueu. Una de les se\u00f1es d&#8217;identid\u00e1 del patrimoniu cultural asturianu s\u00famese en silenciu. <\/p>\n<\/div>\n\t\t\t\t<\/div>\n\t\t\t\t\t\t\t\t<\/div>\n\t\t\t\t<\/div>\n\t\t\t\t<\/div>\n\t\t\t\t<\/div>\n\t\t\t\t\t<\/div>\n\t\t\t\t<\/div>\n\t\t<div class=\"elementor-element elementor-element-d4ac346 e-flex e-con-boxed e-con e-parent\" data-id=\"d4ac346\" data-element_type=\"container\">\n\t\t\t\t\t<div class=\"e-con-inner\">\n\t\t\t\t<div class=\"elementor-element elementor-element-33dd13f gallery-spacing-custom elementor-hidden-tablet elementor-hidden-mobile elementor-widget elementor-widget-image-gallery\" data-id=\"33dd13f\" data-element_type=\"widget\" data-widget_type=\"image-gallery.default\">\n\t\t\t\t<div class=\"elementor-widget-container\">\n\t\t\t<style>\/*! elementor - v3.22.0 - 24-06-2024 *\/\n.elementor-image-gallery .gallery-item{display:inline-block;text-align:center;vertical-align:top;width:100%;max-width:100%;margin:0 auto}.elementor-image-gallery .gallery-item img{margin:0 auto}.elementor-image-gallery .gallery-item .gallery-caption{margin:0}.elementor-image-gallery figure img{display:block}.elementor-image-gallery figure figcaption{width:100%}.gallery-spacing-custom .elementor-image-gallery .gallery-icon{padding:0}@media (min-width:768px){.elementor-image-gallery .gallery-columns-2 .gallery-item{max-width:50%}.elementor-image-gallery .gallery-columns-3 .gallery-item{max-width:33.33%}.elementor-image-gallery .gallery-columns-4 .gallery-item{max-width:25%}.elementor-image-gallery .gallery-columns-5 .gallery-item{max-width:20%}.elementor-image-gallery .gallery-columns-6 .gallery-item{max-width:16.666%}.elementor-image-gallery .gallery-columns-7 .gallery-item{max-width:14.28%}.elementor-image-gallery .gallery-columns-8 .gallery-item{max-width:12.5%}.elementor-image-gallery .gallery-columns-9 .gallery-item{max-width:11.11%}.elementor-image-gallery .gallery-columns-10 .gallery-item{max-width:10%}}@media (min-width:480px) and (max-width:767px){.elementor-image-gallery .gallery.gallery-columns-2 .gallery-item,.elementor-image-gallery .gallery.gallery-columns-3 .gallery-item,.elementor-image-gallery .gallery.gallery-columns-4 .gallery-item,.elementor-image-gallery .gallery.gallery-columns-5 .gallery-item,.elementor-image-gallery .gallery.gallery-columns-6 .gallery-item,.elementor-image-gallery .gallery.gallery-columns-7 .gallery-item,.elementor-image-gallery .gallery.gallery-columns-8 .gallery-item,.elementor-image-gallery .gallery.gallery-columns-9 .gallery-item,.elementor-image-gallery .gallery.gallery-columns-10 .gallery-item{max-width:50%}}@media (max-width:479px){.elementor-image-gallery .gallery.gallery-columns-2 .gallery-item,.elementor-image-gallery .gallery.gallery-columns-3 .gallery-item,.elementor-image-gallery .gallery.gallery-columns-4 .gallery-item,.elementor-image-gallery .gallery.gallery-columns-5 .gallery-item,.elementor-image-gallery .gallery.gallery-columns-6 .gallery-item,.elementor-image-gallery .gallery.gallery-columns-7 .gallery-item,.elementor-image-gallery .gallery.gallery-columns-8 .gallery-item,.elementor-image-gallery .gallery.gallery-columns-9 .gallery-item,.elementor-image-gallery .gallery.gallery-columns-10 .gallery-item{max-width:100%}}<\/style>\t\t<div class=\"elementor-image-gallery\">\n\t\t\t\n\t\t<style type=\"text\/css\">\n\t\t\t#gallery-1 {\n\t\t\t\tmargin: auto;\n\t\t\t}\n\t\t\t#gallery-1 .gallery-item {\n\t\t\t\tfloat: left;\n\t\t\t\tmargin-top: 10px;\n\t\t\t\ttext-align: center;\n\t\t\t\twidth: 20%;\n\t\t\t}\n\t\t\t#gallery-1 img {\n\t\t\t\tborder: 2px solid #cfcfcf;\n\t\t\t}\n\t\t\t#gallery-1 .gallery-caption {\n\t\t\t\tmargin-left: 0;\n\t\t\t}\n\t\t\t\/* see gallery_shortcode() in wp-includes\/media.php *\/\n\t\t<\/style>\n\t\t<div id='gallery-1' class='gallery galleryid-712 gallery-columns-5 gallery-size-musico-discography-grid'><dl class='gallery-item'>\n\t\t\t<dt class='gallery-icon landscape'>\n\t\t\t\t<a data-elementor-open-lightbox=\"yes\" data-elementor-lightbox-slideshow=\"33dd13f\" data-elementor-lightbox-title=\"Fritz Kr\u00fcger. Cuadra o corte de casa&#039;l Roxu, con cubierta vexetal de paya de centenu.  Xinestosu, Cangas. 1927 (Mus\u00e9u del Pueblu d\u00b4Asturies)\" data-e-action-hash=\"#elementor-action%3Aaction%3Dlightbox%26settings%3DeyJpZCI6ODEzLCJ1cmwiOiJodHRwczpcL1wvZXNjdWVsYWRldGVpdGF1LmNvbVwvd3AtY29udGVudFwvdXBsb2Fkc1wvMjAyNFwvMDZcLzMwODI4LmpwZyIsInNsaWRlc2hvdyI6IjMzZGQxM2YifQ%3D%3D\" href='https:\/\/escueladeteitau.com\/wp-content\/uploads\/2024\/06\/30828.jpg'><img fetchpriority=\"high\" decoding=\"async\" width=\"700\" height=\"700\" src=\"https:\/\/escueladeteitau.com\/wp-content\/uploads\/2024\/06\/30828-700x700.jpg\" class=\"attachment-musico-discography-grid size-musico-discography-grid\" alt=\"\" srcset=\"https:\/\/escueladeteitau.com\/wp-content\/uploads\/2024\/06\/30828-700x700.jpg 700w, https:\/\/escueladeteitau.com\/wp-content\/uploads\/2024\/06\/30828-150x150.jpg 150w, https:\/\/escueladeteitau.com\/wp-content\/uploads\/2024\/06\/30828-610x610.jpg 610w\" sizes=\"(max-width: 700px) 100vw, 700px\" \/><\/a>\n\t\t\t<\/dt><\/dl><dl class='gallery-item'>\n\t\t\t<dt class='gallery-icon landscape'>\n\t\t\t\t<a data-elementor-open-lightbox=\"yes\" data-elementor-lightbox-slideshow=\"33dd13f\" data-elementor-lightbox-title=\"Celestino Collada. Cases con cubierta vexetal. El Valle del Llagu, Somiedu. 1950 (Mus\u00e9u del Pueblu d\u00b4Asturies)\" data-e-action-hash=\"#elementor-action%3Aaction%3Dlightbox%26settings%3DeyJpZCI6ODEyLCJ1cmwiOiJodHRwczpcL1wvZXNjdWVsYWRldGVpdGF1LmNvbVwvd3AtY29udGVudFwvdXBsb2Fkc1wvMjAyNFwvMDZcLzEyMjM3LmpwZyIsInNsaWRlc2hvdyI6IjMzZGQxM2YifQ%3D%3D\" href='https:\/\/escueladeteitau.com\/wp-content\/uploads\/2024\/06\/12237.jpg'><img decoding=\"async\" width=\"700\" height=\"700\" src=\"https:\/\/escueladeteitau.com\/wp-content\/uploads\/2024\/06\/12237-700x700.jpg\" class=\"attachment-musico-discography-grid size-musico-discography-grid\" alt=\"\" srcset=\"https:\/\/escueladeteitau.com\/wp-content\/uploads\/2024\/06\/12237-700x700.jpg 700w, https:\/\/escueladeteitau.com\/wp-content\/uploads\/2024\/06\/12237-150x150.jpg 150w, https:\/\/escueladeteitau.com\/wp-content\/uploads\/2024\/06\/12237-610x610.jpg 610w\" sizes=\"(max-width: 700px) 100vw, 700px\" \/><\/a>\n\t\t\t<\/dt><\/dl><dl class='gallery-item'>\n\t\t\t<dt class='gallery-icon portrait'>\n\t\t\t\t<a data-elementor-open-lightbox=\"yes\" data-elementor-lightbox-slideshow=\"33dd13f\" data-elementor-lightbox-title=\"Jose Ram\u00f3n Lueje S\u00e1nchez. Valle del Llagu. 1956 (Mus\u00e9u del Pueblu d\u00b4Asturies)\" data-e-action-hash=\"#elementor-action%3Aaction%3Dlightbox%26settings%3DeyJpZCI6ODE0LCJ1cmwiOiJodHRwczpcL1wvZXNjdWVsYWRldGVpdGF1LmNvbVwvd3AtY29udGVudFwvdXBsb2Fkc1wvMjAyNFwvMDZcL0ZGMDQzODAxXzAwOC5qcGciLCJzbGlkZXNob3ciOiIzM2RkMTNmIn0%3D\" href='https:\/\/escueladeteitau.com\/wp-content\/uploads\/2024\/06\/FF043801_008.jpg'><img decoding=\"async\" width=\"700\" height=\"700\" src=\"https:\/\/escueladeteitau.com\/wp-content\/uploads\/2024\/06\/FF043801_008-700x700.jpg\" class=\"attachment-musico-discography-grid size-musico-discography-grid\" alt=\"\" srcset=\"https:\/\/escueladeteitau.com\/wp-content\/uploads\/2024\/06\/FF043801_008-700x700.jpg 700w, https:\/\/escueladeteitau.com\/wp-content\/uploads\/2024\/06\/FF043801_008-150x150.jpg 150w, https:\/\/escueladeteitau.com\/wp-content\/uploads\/2024\/06\/FF043801_008-610x610.jpg 610w\" sizes=\"(max-width: 700px) 100vw, 700px\" \/><\/a>\n\t\t\t<\/dt><\/dl><dl class='gallery-item'>\n\t\t\t<dt class='gallery-icon landscape'>\n\t\t\t\t<a data-elementor-open-lightbox=\"yes\" data-elementor-lightbox-slideshow=\"33dd13f\" data-elementor-lightbox-title=\"Jose Ram\u00f3n Lueje S\u00e1nchez. Cabanes con cubierta vexetal na bra\u00f1a de La Peral. (Mus\u00e9u del Pueblu d\u00b4Asturies)\" data-e-action-hash=\"#elementor-action%3Aaction%3Dlightbox%26settings%3DeyJpZCI6ODE1LCJ1cmwiOiJodHRwczpcL1wvZXNjdWVsYWRldGVpdGF1LmNvbVwvd3AtY29udGVudFwvdXBsb2Fkc1wvMjAyNFwvMDZcL0ZGMDQzODgyLmpwZyIsInNsaWRlc2hvdyI6IjMzZGQxM2YifQ%3D%3D\" href='https:\/\/escueladeteitau.com\/wp-content\/uploads\/2024\/06\/FF043882.jpg'><img loading=\"lazy\" decoding=\"async\" width=\"700\" height=\"700\" src=\"https:\/\/escueladeteitau.com\/wp-content\/uploads\/2024\/06\/FF043882-700x700.jpg\" class=\"attachment-musico-discography-grid size-musico-discography-grid\" alt=\"\" srcset=\"https:\/\/escueladeteitau.com\/wp-content\/uploads\/2024\/06\/FF043882-700x700.jpg 700w, https:\/\/escueladeteitau.com\/wp-content\/uploads\/2024\/06\/FF043882-150x150.jpg 150w, https:\/\/escueladeteitau.com\/wp-content\/uploads\/2024\/06\/FF043882-610x610.jpg 610w\" sizes=\"(max-width: 700px) 100vw, 700px\" \/><\/a>\n\t\t\t<\/dt><\/dl><dl class='gallery-item'>\n\t\t\t<dt class='gallery-icon portrait'>\n\t\t\t\t<a data-elementor-open-lightbox=\"yes\" data-elementor-lightbox-slideshow=\"33dd13f\" data-elementor-lightbox-title=\"Francisco Ruiz Tilve. Llamardal, Somiedu. 01\/12\/77. (Mus\u00e9u del Pueblu d\u00b4Asturies)\" data-e-action-hash=\"#elementor-action%3Aaction%3Dlightbox%26settings%3DeyJpZCI6ODE2LCJ1cmwiOiJodHRwczpcL1wvZXNjdWVsYWRldGVpdGF1LmNvbVwvd3AtY29udGVudFwvdXBsb2Fkc1wvMjAyNFwvMDZcL0ZGMDUwNzQzXzE4NzcuanBnIiwic2xpZGVzaG93IjoiMzNkZDEzZiJ9\" href='https:\/\/escueladeteitau.com\/wp-content\/uploads\/2024\/06\/FF050743_1877.jpg'><img loading=\"lazy\" decoding=\"async\" width=\"700\" height=\"700\" src=\"https:\/\/escueladeteitau.com\/wp-content\/uploads\/2024\/06\/FF050743_1877-700x700.jpg\" class=\"attachment-musico-discography-grid size-musico-discography-grid\" alt=\"\" srcset=\"https:\/\/escueladeteitau.com\/wp-content\/uploads\/2024\/06\/FF050743_1877-700x700.jpg 700w, https:\/\/escueladeteitau.com\/wp-content\/uploads\/2024\/06\/FF050743_1877-150x150.jpg 150w, https:\/\/escueladeteitau.com\/wp-content\/uploads\/2024\/06\/FF050743_1877-610x610.jpg 610w\" sizes=\"(max-width: 700px) 100vw, 700px\" \/><\/a>\n\t\t\t<\/dt><\/dl><br style=\"clear: both\" \/><dl class='gallery-item'>\n\t\t\t<dt class='gallery-icon landscape'>\n\t\t\t\t<a data-elementor-open-lightbox=\"yes\" data-elementor-lightbox-slideshow=\"33dd13f\" data-elementor-lightbox-title=\"Bra\u00f1a de La Pornacal, Somiedu\" data-e-action-hash=\"#elementor-action%3Aaction%3Dlightbox%26settings%3DeyJpZCI6NzczLCJ1cmwiOiJodHRwczpcL1wvZXNjdWVsYWRldGVpdGF1LmNvbVwvd3AtY29udGVudFwvdXBsb2Fkc1wvMjAyNFwvMDZcLzAxLmpwZyIsInNsaWRlc2hvdyI6IjMzZGQxM2YifQ%3D%3D\" href='https:\/\/escueladeteitau.com\/wp-content\/uploads\/2024\/06\/01.jpg'><img loading=\"lazy\" decoding=\"async\" width=\"700\" height=\"700\" src=\"https:\/\/escueladeteitau.com\/wp-content\/uploads\/2024\/06\/01-700x700.jpg\" class=\"attachment-musico-discography-grid size-musico-discography-grid\" alt=\"\" srcset=\"https:\/\/escueladeteitau.com\/wp-content\/uploads\/2024\/06\/01-700x700.jpg 700w, https:\/\/escueladeteitau.com\/wp-content\/uploads\/2024\/06\/01-150x150.jpg 150w, https:\/\/escueladeteitau.com\/wp-content\/uploads\/2024\/06\/01-610x610.jpg 610w\" sizes=\"(max-width: 700px) 100vw, 700px\" \/><\/a>\n\t\t\t<\/dt><\/dl><dl class='gallery-item'>\n\t\t\t<dt class='gallery-icon landscape'>\n\t\t\t\t<a data-elementor-open-lightbox=\"yes\" data-elementor-lightbox-slideshow=\"33dd13f\" data-elementor-lightbox-title=\"Cabanas de teitu na Bra\u00f1a de Mumiam, Somiedu\" data-e-action-hash=\"#elementor-action%3Aaction%3Dlightbox%26settings%3DeyJpZCI6Nzc0LCJ1cmwiOiJodHRwczpcL1wvZXNjdWVsYWRldGVpdGF1LmNvbVwvd3AtY29udGVudFwvdXBsb2Fkc1wvMjAyNFwvMDZcLzAyLmpwZyIsInNsaWRlc2hvdyI6IjMzZGQxM2YifQ%3D%3D\" href='https:\/\/escueladeteitau.com\/wp-content\/uploads\/2024\/06\/02.jpg'><img loading=\"lazy\" decoding=\"async\" width=\"700\" height=\"700\" src=\"https:\/\/escueladeteitau.com\/wp-content\/uploads\/2024\/06\/02-700x700.jpg\" class=\"attachment-musico-discography-grid size-musico-discography-grid\" alt=\"\" srcset=\"https:\/\/escueladeteitau.com\/wp-content\/uploads\/2024\/06\/02-700x700.jpg 700w, https:\/\/escueladeteitau.com\/wp-content\/uploads\/2024\/06\/02-150x150.jpg 150w, https:\/\/escueladeteitau.com\/wp-content\/uploads\/2024\/06\/02-610x610.jpg 610w\" sizes=\"(max-width: 700px) 100vw, 700px\" \/><\/a>\n\t\t\t<\/dt><\/dl><dl class='gallery-item'>\n\t\t\t<dt class='gallery-icon landscape'>\n\t\t\t\t<a data-elementor-open-lightbox=\"yes\" data-elementor-lightbox-slideshow=\"33dd13f\" data-elementor-lightbox-title=\"Teitu en Bra\u00f1a de Fonfr\u00eda, Teberga\" data-e-action-hash=\"#elementor-action%3Aaction%3Dlightbox%26settings%3DeyJpZCI6Nzc1LCJ1cmwiOiJodHRwczpcL1wvZXNjdWVsYWRldGVpdGF1LmNvbVwvd3AtY29udGVudFwvdXBsb2Fkc1wvMjAyNFwvMDZcLzAzLmpwZyIsInNsaWRlc2hvdyI6IjMzZGQxM2YifQ%3D%3D\" href='https:\/\/escueladeteitau.com\/wp-content\/uploads\/2024\/06\/03.jpg'><img loading=\"lazy\" decoding=\"async\" width=\"700\" height=\"700\" src=\"https:\/\/escueladeteitau.com\/wp-content\/uploads\/2024\/06\/03-700x700.jpg\" class=\"attachment-musico-discography-grid size-musico-discography-grid\" alt=\"\" srcset=\"https:\/\/escueladeteitau.com\/wp-content\/uploads\/2024\/06\/03-700x700.jpg 700w, https:\/\/escueladeteitau.com\/wp-content\/uploads\/2024\/06\/03-300x300.jpg 300w, https:\/\/escueladeteitau.com\/wp-content\/uploads\/2024\/06\/03-1024x1024.jpg 1024w, https:\/\/escueladeteitau.com\/wp-content\/uploads\/2024\/06\/03-150x150.jpg 150w, https:\/\/escueladeteitau.com\/wp-content\/uploads\/2024\/06\/03-768x768.jpg 768w, https:\/\/escueladeteitau.com\/wp-content\/uploads\/2024\/06\/03-440x440.jpg 440w, https:\/\/escueladeteitau.com\/wp-content\/uploads\/2024\/06\/03-610x610.jpg 610w, https:\/\/escueladeteitau.com\/wp-content\/uploads\/2024\/06\/03.jpg 1200w\" sizes=\"(max-width: 700px) 100vw, 700px\" \/><\/a>\n\t\t\t<\/dt><\/dl><dl class='gallery-item'>\n\t\t\t<dt class='gallery-icon landscape'>\n\t\t\t\t<a data-elementor-open-lightbox=\"yes\" data-elementor-lightbox-slideshow=\"33dd13f\" data-elementor-lightbox-title=\"Teitu na Falguera, Somiedu\" data-e-action-hash=\"#elementor-action%3Aaction%3Dlightbox%26settings%3DeyJpZCI6ODAyLCJ1cmwiOiJodHRwczpcL1wvZXNjdWVsYWRldGVpdGF1LmNvbVwvd3AtY29udGVudFwvdXBsb2Fkc1wvMjAyNFwvMDZcLzMxLmpwZyIsInNsaWRlc2hvdyI6IjMzZGQxM2YifQ%3D%3D\" href='https:\/\/escueladeteitau.com\/wp-content\/uploads\/2024\/06\/31.jpg'><img loading=\"lazy\" decoding=\"async\" width=\"700\" height=\"700\" src=\"https:\/\/escueladeteitau.com\/wp-content\/uploads\/2024\/06\/31-700x700.jpg\" class=\"attachment-musico-discography-grid size-musico-discography-grid\" alt=\"\" srcset=\"https:\/\/escueladeteitau.com\/wp-content\/uploads\/2024\/06\/31-700x700.jpg 700w, https:\/\/escueladeteitau.com\/wp-content\/uploads\/2024\/06\/31-150x150.jpg 150w, https:\/\/escueladeteitau.com\/wp-content\/uploads\/2024\/06\/31-610x610.jpg 610w\" sizes=\"(max-width: 700px) 100vw, 700px\" \/><\/a>\n\t\t\t<\/dt><\/dl><dl class='gallery-item'>\n\t\t\t<dt class='gallery-icon landscape'>\n\t\t\t\t<a data-elementor-open-lightbox=\"yes\" data-elementor-lightbox-slideshow=\"33dd13f\" data-elementor-lightbox-title=\"Bra\u00f1a de Urdiales, Somiedu\" data-e-action-hash=\"#elementor-action%3Aaction%3Dlightbox%26settings%3DeyJpZCI6Nzc3LCJ1cmwiOiJodHRwczpcL1wvZXNjdWVsYWRldGVpdGF1LmNvbVwvd3AtY29udGVudFwvdXBsb2Fkc1wvMjAyNFwvMDZcLzA1LmpwZyIsInNsaWRlc2hvdyI6IjMzZGQxM2YifQ%3D%3D\" href='https:\/\/escueladeteitau.com\/wp-content\/uploads\/2024\/06\/05.jpg'><img loading=\"lazy\" decoding=\"async\" width=\"700\" height=\"693\" src=\"https:\/\/escueladeteitau.com\/wp-content\/uploads\/2024\/06\/05-700x693.jpg\" class=\"attachment-musico-discography-grid size-musico-discography-grid\" alt=\"\" srcset=\"https:\/\/escueladeteitau.com\/wp-content\/uploads\/2024\/06\/05-700x693.jpg 700w, https:\/\/escueladeteitau.com\/wp-content\/uploads\/2024\/06\/05-150x150.jpg 150w\" sizes=\"(max-width: 700px) 100vw, 700px\" \/><\/a>\n\t\t\t<\/dt><\/dl><br style=\"clear: both\" \/><dl class='gallery-item'>\n\t\t\t<dt class='gallery-icon landscape'>\n\t\t\t\t<a data-elementor-open-lightbox=\"yes\" data-elementor-lightbox-slideshow=\"33dd13f\" data-elementor-lightbox-title=\"Teitos en Saliencia, Somiedu\" data-e-action-hash=\"#elementor-action%3Aaction%3Dlightbox%26settings%3DeyJpZCI6Nzc4LCJ1cmwiOiJodHRwczpcL1wvZXNjdWVsYWRldGVpdGF1LmNvbVwvd3AtY29udGVudFwvdXBsb2Fkc1wvMjAyNFwvMDZcLzA2LmpwZyIsInNsaWRlc2hvdyI6IjMzZGQxM2YifQ%3D%3D\" href='https:\/\/escueladeteitau.com\/wp-content\/uploads\/2024\/06\/06.jpg'><img loading=\"lazy\" decoding=\"async\" width=\"700\" height=\"700\" src=\"https:\/\/escueladeteitau.com\/wp-content\/uploads\/2024\/06\/06-700x700.jpg\" class=\"attachment-musico-discography-grid size-musico-discography-grid\" alt=\"\" srcset=\"https:\/\/escueladeteitau.com\/wp-content\/uploads\/2024\/06\/06-700x700.jpg 700w, https:\/\/escueladeteitau.com\/wp-content\/uploads\/2024\/06\/06-150x150.jpg 150w, https:\/\/escueladeteitau.com\/wp-content\/uploads\/2024\/06\/06-610x610.jpg 610w\" sizes=\"(max-width: 700px) 100vw, 700px\" \/><\/a>\n\t\t\t<\/dt><\/dl><dl class='gallery-item'>\n\t\t\t<dt class='gallery-icon landscape'>\n\t\t\t\t<a data-elementor-open-lightbox=\"yes\" data-elementor-lightbox-slideshow=\"33dd13f\" data-elementor-lightbox-title=\"Cabana de Cobrana, Somiedu\" data-e-action-hash=\"#elementor-action%3Aaction%3Dlightbox%26settings%3DeyJpZCI6Nzc5LCJ1cmwiOiJodHRwczpcL1wvZXNjdWVsYWRldGVpdGF1LmNvbVwvd3AtY29udGVudFwvdXBsb2Fkc1wvMjAyNFwvMDZcLzA3LmpwZyIsInNsaWRlc2hvdyI6IjMzZGQxM2YifQ%3D%3D\" href='https:\/\/escueladeteitau.com\/wp-content\/uploads\/2024\/06\/07.jpg'><img loading=\"lazy\" decoding=\"async\" width=\"700\" height=\"691\" src=\"https:\/\/escueladeteitau.com\/wp-content\/uploads\/2024\/06\/07-700x691.jpg\" class=\"attachment-musico-discography-grid size-musico-discography-grid\" alt=\"\" \/><\/a>\n\t\t\t<\/dt><\/dl><dl class='gallery-item'>\n\t\t\t<dt class='gallery-icon portrait'>\n\t\t\t\t<a data-elementor-open-lightbox=\"yes\" data-elementor-lightbox-slideshow=\"33dd13f\" data-elementor-lightbox-title=\"Teitu nel Reve!!on, Teberga\" data-e-action-hash=\"#elementor-action%3Aaction%3Dlightbox%26settings%3DeyJpZCI6NzgxLCJ1cmwiOiJodHRwczpcL1wvZXNjdWVsYWRldGVpdGF1LmNvbVwvd3AtY29udGVudFwvdXBsb2Fkc1wvMjAyNFwvMDZcLzA5LmpwZyIsInNsaWRlc2hvdyI6IjMzZGQxM2YifQ%3D%3D\" href='https:\/\/escueladeteitau.com\/wp-content\/uploads\/2024\/06\/09.jpg'><img loading=\"lazy\" decoding=\"async\" width=\"700\" height=\"700\" src=\"https:\/\/escueladeteitau.com\/wp-content\/uploads\/2024\/06\/09-700x700.jpg\" class=\"attachment-musico-discography-grid size-musico-discography-grid\" alt=\"\" srcset=\"https:\/\/escueladeteitau.com\/wp-content\/uploads\/2024\/06\/09-700x700.jpg 700w, https:\/\/escueladeteitau.com\/wp-content\/uploads\/2024\/06\/09-150x150.jpg 150w, https:\/\/escueladeteitau.com\/wp-content\/uploads\/2024\/06\/09-610x610.jpg 610w\" sizes=\"(max-width: 700px) 100vw, 700px\" \/><\/a>\n\t\t\t<\/dt><\/dl><dl class='gallery-item'>\n\t\t\t<dt class='gallery-icon landscape'>\n\t\t\t\t<a data-elementor-open-lightbox=\"yes\" data-elementor-lightbox-slideshow=\"33dd13f\" data-elementor-lightbox-title=\"Teitos en Veigas, Somiedu\" data-e-action-hash=\"#elementor-action%3Aaction%3Dlightbox%26settings%3DeyJpZCI6NzgyLCJ1cmwiOiJodHRwczpcL1wvZXNjdWVsYWRldGVpdGF1LmNvbVwvd3AtY29udGVudFwvdXBsb2Fkc1wvMjAyNFwvMDZcLzEwLmpwZyIsInNsaWRlc2hvdyI6IjMzZGQxM2YifQ%3D%3D\" href='https:\/\/escueladeteitau.com\/wp-content\/uploads\/2024\/06\/10.jpg'><img loading=\"lazy\" decoding=\"async\" width=\"700\" height=\"700\" src=\"https:\/\/escueladeteitau.com\/wp-content\/uploads\/2024\/06\/10-700x700.jpg\" class=\"attachment-musico-discography-grid size-musico-discography-grid\" alt=\"\" srcset=\"https:\/\/escueladeteitau.com\/wp-content\/uploads\/2024\/06\/10-700x700.jpg 700w, https:\/\/escueladeteitau.com\/wp-content\/uploads\/2024\/06\/10-150x150.jpg 150w, https:\/\/escueladeteitau.com\/wp-content\/uploads\/2024\/06\/10-610x610.jpg 610w\" sizes=\"(max-width: 700px) 100vw, 700px\" \/><\/a>\n\t\t\t<\/dt><\/dl><dl class='gallery-item'>\n\t\t\t<dt class='gallery-icon landscape'>\n\t\t\t\t<a data-elementor-open-lightbox=\"yes\" data-elementor-lightbox-slideshow=\"33dd13f\" data-elementor-lightbox-title=\"Teitu en Bra\u00f1a de Murias, Somiedu\" data-e-action-hash=\"#elementor-action%3Aaction%3Dlightbox%26settings%3DeyJpZCI6NzgzLCJ1cmwiOiJodHRwczpcL1wvZXNjdWVsYWRldGVpdGF1LmNvbVwvd3AtY29udGVudFwvdXBsb2Fkc1wvMjAyNFwvMDZcLzExLmpwZyIsInNsaWRlc2hvdyI6IjMzZGQxM2YifQ%3D%3D\" href='https:\/\/escueladeteitau.com\/wp-content\/uploads\/2024\/06\/11.jpg'><img loading=\"lazy\" decoding=\"async\" width=\"700\" height=\"700\" src=\"https:\/\/escueladeteitau.com\/wp-content\/uploads\/2024\/06\/11-700x700.jpg\" class=\"attachment-musico-discography-grid size-musico-discography-grid\" alt=\"\" srcset=\"https:\/\/escueladeteitau.com\/wp-content\/uploads\/2024\/06\/11-700x700.jpg 700w, https:\/\/escueladeteitau.com\/wp-content\/uploads\/2024\/06\/11-150x150.jpg 150w, https:\/\/escueladeteitau.com\/wp-content\/uploads\/2024\/06\/11-610x610.jpg 610w\" sizes=\"(max-width: 700px) 100vw, 700px\" \/><\/a>\n\t\t\t<\/dt><\/dl><br style=\"clear: both\" \/><dl class='gallery-item'>\n\t\t\t<dt class='gallery-icon portrait'>\n\t\t\t\t<a data-elementor-open-lightbox=\"yes\" data-elementor-lightbox-slideshow=\"33dd13f\" data-elementor-lightbox-title=\"Interior de vivienda con cubierta de teitu n&#039;Ecomus\u00e9u de Somiedu\" data-e-action-hash=\"#elementor-action%3Aaction%3Dlightbox%26settings%3DeyJpZCI6Nzg1LCJ1cmwiOiJodHRwczpcL1wvZXNjdWVsYWRldGVpdGF1LmNvbVwvd3AtY29udGVudFwvdXBsb2Fkc1wvMjAyNFwvMDZcLzE0LmpwZyIsInNsaWRlc2hvdyI6IjMzZGQxM2YifQ%3D%3D\" href='https:\/\/escueladeteitau.com\/wp-content\/uploads\/2024\/06\/14.jpg'><img loading=\"lazy\" decoding=\"async\" width=\"700\" height=\"700\" src=\"https:\/\/escueladeteitau.com\/wp-content\/uploads\/2024\/06\/14-700x700.jpg\" class=\"attachment-musico-discography-grid size-musico-discography-grid\" alt=\"\" srcset=\"https:\/\/escueladeteitau.com\/wp-content\/uploads\/2024\/06\/14-700x700.jpg 700w, https:\/\/escueladeteitau.com\/wp-content\/uploads\/2024\/06\/14-150x150.jpg 150w, https:\/\/escueladeteitau.com\/wp-content\/uploads\/2024\/06\/14-610x610.jpg 610w\" sizes=\"(max-width: 700px) 100vw, 700px\" \/><\/a>\n\t\t\t<\/dt><\/dl><dl class='gallery-item'>\n\t\t\t<dt class='gallery-icon portrait'>\n\t\t\t\t<a data-elementor-open-lightbox=\"yes\" data-elementor-lightbox-slideshow=\"33dd13f\" data-elementor-lightbox-title=\"Vivienda de teito na Falguera, Somiedu\" data-e-action-hash=\"#elementor-action%3Aaction%3Dlightbox%26settings%3DeyJpZCI6Nzg2LCJ1cmwiOiJodHRwczpcL1wvZXNjdWVsYWRldGVpdGF1LmNvbVwvd3AtY29udGVudFwvdXBsb2Fkc1wvMjAyNFwvMDZcLzE1LmpwZyIsInNsaWRlc2hvdyI6IjMzZGQxM2YifQ%3D%3D\" href='https:\/\/escueladeteitau.com\/wp-content\/uploads\/2024\/06\/15.jpg'><img loading=\"lazy\" decoding=\"async\" width=\"700\" height=\"700\" src=\"https:\/\/escueladeteitau.com\/wp-content\/uploads\/2024\/06\/15-700x700.jpg\" class=\"attachment-musico-discography-grid size-musico-discography-grid\" alt=\"\" srcset=\"https:\/\/escueladeteitau.com\/wp-content\/uploads\/2024\/06\/15-700x700.jpg 700w, https:\/\/escueladeteitau.com\/wp-content\/uploads\/2024\/06\/15-150x150.jpg 150w, https:\/\/escueladeteitau.com\/wp-content\/uploads\/2024\/06\/15-610x610.jpg 610w\" sizes=\"(max-width: 700px) 100vw, 700px\" \/><\/a>\n\t\t\t<\/dt><\/dl><dl class='gallery-item'>\n\t\t\t<dt class='gallery-icon landscape'>\n\t\t\t\t<a data-elementor-open-lightbox=\"yes\" data-elementor-lightbox-slideshow=\"33dd13f\" data-elementor-lightbox-title=\"Viviendes con cubierta de teitu nel Ecomus\u00e9u de Somiedu, Veigas\" data-e-action-hash=\"#elementor-action%3Aaction%3Dlightbox%26settings%3DeyJpZCI6Nzg3LCJ1cmwiOiJodHRwczpcL1wvZXNjdWVsYWRldGVpdGF1LmNvbVwvd3AtY29udGVudFwvdXBsb2Fkc1wvMjAyNFwvMDZcLzE2LmpwZyIsInNsaWRlc2hvdyI6IjMzZGQxM2YifQ%3D%3D\" href='https:\/\/escueladeteitau.com\/wp-content\/uploads\/2024\/06\/16.jpg'><img loading=\"lazy\" decoding=\"async\" width=\"700\" height=\"700\" src=\"https:\/\/escueladeteitau.com\/wp-content\/uploads\/2024\/06\/16-700x700.jpg\" class=\"attachment-musico-discography-grid size-musico-discography-grid\" alt=\"\" srcset=\"https:\/\/escueladeteitau.com\/wp-content\/uploads\/2024\/06\/16-700x700.jpg 700w, https:\/\/escueladeteitau.com\/wp-content\/uploads\/2024\/06\/16-150x150.jpg 150w, https:\/\/escueladeteitau.com\/wp-content\/uploads\/2024\/06\/16-610x610.jpg 610w\" sizes=\"(max-width: 700px) 100vw, 700px\" \/><\/a>\n\t\t\t<\/dt><\/dl><dl class='gallery-item'>\n\t\t\t<dt class='gallery-icon landscape'>\n\t\t\t\t<a data-elementor-open-lightbox=\"yes\" data-elementor-lightbox-slideshow=\"33dd13f\" data-elementor-lightbox-title=\"Viviendes con cubierta de teitu nel Ecomus\u00e9u de Somiedu, Veigas\" data-e-action-hash=\"#elementor-action%3Aaction%3Dlightbox%26settings%3DeyJpZCI6Nzg4LCJ1cmwiOiJodHRwczpcL1wvZXNjdWVsYWRldGVpdGF1LmNvbVwvd3AtY29udGVudFwvdXBsb2Fkc1wvMjAyNFwvMDZcLzE3LmpwZyIsInNsaWRlc2hvdyI6IjMzZGQxM2YifQ%3D%3D\" href='https:\/\/escueladeteitau.com\/wp-content\/uploads\/2024\/06\/17.jpg'><img loading=\"lazy\" decoding=\"async\" width=\"700\" height=\"700\" src=\"https:\/\/escueladeteitau.com\/wp-content\/uploads\/2024\/06\/17-700x700.jpg\" class=\"attachment-musico-discography-grid size-musico-discography-grid\" alt=\"\" srcset=\"https:\/\/escueladeteitau.com\/wp-content\/uploads\/2024\/06\/17-700x700.jpg 700w, https:\/\/escueladeteitau.com\/wp-content\/uploads\/2024\/06\/17-150x150.jpg 150w, https:\/\/escueladeteitau.com\/wp-content\/uploads\/2024\/06\/17-610x610.jpg 610w\" sizes=\"(max-width: 700px) 100vw, 700px\" \/><\/a>\n\t\t\t<\/dt><\/dl><dl class='gallery-item'>\n\t\t\t<dt class='gallery-icon landscape'>\n\t\t\t\t<a data-elementor-open-lightbox=\"yes\" data-elementor-lightbox-slideshow=\"33dd13f\" data-elementor-lightbox-title=\"Teitu na Bra\u00f1a de !!amaraxil, Teberga\" data-e-action-hash=\"#elementor-action%3Aaction%3Dlightbox%26settings%3DeyJpZCI6Nzg5LCJ1cmwiOiJodHRwczpcL1wvZXNjdWVsYWRldGVpdGF1LmNvbVwvd3AtY29udGVudFwvdXBsb2Fkc1wvMjAyNFwvMDZcLzE4LmpwZyIsInNsaWRlc2hvdyI6IjMzZGQxM2YifQ%3D%3D\" href='https:\/\/escueladeteitau.com\/wp-content\/uploads\/2024\/06\/18.jpg'><img loading=\"lazy\" decoding=\"async\" width=\"700\" height=\"700\" src=\"https:\/\/escueladeteitau.com\/wp-content\/uploads\/2024\/06\/18-700x700.jpg\" class=\"attachment-musico-discography-grid size-musico-discography-grid\" alt=\"\" srcset=\"https:\/\/escueladeteitau.com\/wp-content\/uploads\/2024\/06\/18-700x700.jpg 700w, https:\/\/escueladeteitau.com\/wp-content\/uploads\/2024\/06\/18-150x150.jpg 150w, https:\/\/escueladeteitau.com\/wp-content\/uploads\/2024\/06\/18-610x610.jpg 610w\" sizes=\"(max-width: 700px) 100vw, 700px\" \/><\/a>\n\t\t\t<\/dt><\/dl><br style=\"clear: both\" \/><dl class='gallery-item'>\n\t\t\t<dt class='gallery-icon landscape'>\n\t\t\t\t<a data-elementor-open-lightbox=\"yes\" data-elementor-lightbox-slideshow=\"33dd13f\" data-elementor-lightbox-title=\"Teitos en La Pornacal, Somiedo\" data-e-action-hash=\"#elementor-action%3Aaction%3Dlightbox%26settings%3DeyJpZCI6NzkxLCJ1cmwiOiJodHRwczpcL1wvZXNjdWVsYWRldGVpdGF1LmNvbVwvd3AtY29udGVudFwvdXBsb2Fkc1wvMjAyNFwvMDZcLzIwLmpwZyIsInNsaWRlc2hvdyI6IjMzZGQxM2YifQ%3D%3D\" href='https:\/\/escueladeteitau.com\/wp-content\/uploads\/2024\/06\/20.jpg'><img loading=\"lazy\" decoding=\"async\" width=\"700\" height=\"700\" src=\"https:\/\/escueladeteitau.com\/wp-content\/uploads\/2024\/06\/20-700x700.jpg\" class=\"attachment-musico-discography-grid size-musico-discography-grid\" alt=\"\" srcset=\"https:\/\/escueladeteitau.com\/wp-content\/uploads\/2024\/06\/20-700x700.jpg 700w, https:\/\/escueladeteitau.com\/wp-content\/uploads\/2024\/06\/20-150x150.jpg 150w, https:\/\/escueladeteitau.com\/wp-content\/uploads\/2024\/06\/20-610x610.jpg 610w\" sizes=\"(max-width: 700px) 100vw, 700px\" \/><\/a>\n\t\t\t<\/dt><\/dl><dl class='gallery-item'>\n\t\t\t<dt class='gallery-icon landscape'>\n\t\t\t\t<a data-elementor-open-lightbox=\"yes\" data-elementor-lightbox-slideshow=\"33dd13f\" data-elementor-lightbox-title=\"Teito en ruinas en La Pornacal\" data-e-action-hash=\"#elementor-action%3Aaction%3Dlightbox%26settings%3DeyJpZCI6ODI0LCJ1cmwiOiJodHRwczpcL1wvZXNjdWVsYWRldGVpdGF1LmNvbVwvd3AtY29udGVudFwvdXBsb2Fkc1wvMjAyNFwvMDZcL0lNR18yMDIzMDUwNl8xMjMzNTUuanBnIiwic2xpZGVzaG93IjoiMzNkZDEzZiJ9\" href='https:\/\/escueladeteitau.com\/wp-content\/uploads\/2024\/06\/IMG_20230506_123355.jpg'><img loading=\"lazy\" decoding=\"async\" width=\"700\" height=\"700\" src=\"https:\/\/escueladeteitau.com\/wp-content\/uploads\/2024\/06\/IMG_20230506_123355-700x700.jpg\" class=\"attachment-musico-discography-grid size-musico-discography-grid\" alt=\"\" srcset=\"https:\/\/escueladeteitau.com\/wp-content\/uploads\/2024\/06\/IMG_20230506_123355-700x700.jpg 700w, https:\/\/escueladeteitau.com\/wp-content\/uploads\/2024\/06\/IMG_20230506_123355-150x150.jpg 150w, https:\/\/escueladeteitau.com\/wp-content\/uploads\/2024\/06\/IMG_20230506_123355-610x610.jpg 610w\" sizes=\"(max-width: 700px) 100vw, 700px\" \/><\/a>\n\t\t\t<\/dt><\/dl><dl class='gallery-item'>\n\t\t\t<dt class='gallery-icon portrait'>\n\t\t\t\t<a data-elementor-open-lightbox=\"yes\" data-elementor-lightbox-slideshow=\"33dd13f\" data-elementor-lightbox-title=\"Teito en La Falguera, Somiedo\" data-e-action-hash=\"#elementor-action%3Aaction%3Dlightbox%26settings%3DeyJpZCI6NzkzLCJ1cmwiOiJodHRwczpcL1wvZXNjdWVsYWRldGVpdGF1LmNvbVwvd3AtY29udGVudFwvdXBsb2Fkc1wvMjAyNFwvMDZcLzIyLmpwZyIsInNsaWRlc2hvdyI6IjMzZGQxM2YifQ%3D%3D\" href='https:\/\/escueladeteitau.com\/wp-content\/uploads\/2024\/06\/22.jpg'><img loading=\"lazy\" decoding=\"async\" width=\"700\" height=\"700\" src=\"https:\/\/escueladeteitau.com\/wp-content\/uploads\/2024\/06\/22-700x700.jpg\" class=\"attachment-musico-discography-grid size-musico-discography-grid\" alt=\"\" srcset=\"https:\/\/escueladeteitau.com\/wp-content\/uploads\/2024\/06\/22-700x700.jpg 700w, https:\/\/escueladeteitau.com\/wp-content\/uploads\/2024\/06\/22-150x150.jpg 150w, https:\/\/escueladeteitau.com\/wp-content\/uploads\/2024\/06\/22-610x610.jpg 610w\" sizes=\"(max-width: 700px) 100vw, 700px\" \/><\/a>\n\t\t\t<\/dt><\/dl><dl class='gallery-item'>\n\t\t\t<dt class='gallery-icon portrait'>\n\t\t\t\t<a data-elementor-open-lightbox=\"yes\" data-elementor-lightbox-slideshow=\"33dd13f\" data-elementor-lightbox-title=\"Teitando en la Bra\u00f1a del Revech\u00f3n, Teverga\" data-e-action-hash=\"#elementor-action%3Aaction%3Dlightbox%26settings%3DeyJpZCI6Nzk0LCJ1cmwiOiJodHRwczpcL1wvZXNjdWVsYWRldGVpdGF1LmNvbVwvd3AtY29udGVudFwvdXBsb2Fkc1wvMjAyNFwvMDZcLzIzLmpwZyIsInNsaWRlc2hvdyI6IjMzZGQxM2YifQ%3D%3D\" href='https:\/\/escueladeteitau.com\/wp-content\/uploads\/2024\/06\/23.jpg'><img loading=\"lazy\" decoding=\"async\" width=\"700\" height=\"700\" src=\"https:\/\/escueladeteitau.com\/wp-content\/uploads\/2024\/06\/23-700x700.jpg\" class=\"attachment-musico-discography-grid size-musico-discography-grid\" alt=\"\" srcset=\"https:\/\/escueladeteitau.com\/wp-content\/uploads\/2024\/06\/23-700x700.jpg 700w, https:\/\/escueladeteitau.com\/wp-content\/uploads\/2024\/06\/23-150x150.jpg 150w, https:\/\/escueladeteitau.com\/wp-content\/uploads\/2024\/06\/23-610x610.jpg 610w\" sizes=\"(max-width: 700px) 100vw, 700px\" \/><\/a>\n\t\t\t<\/dt><\/dl><dl class='gallery-item'>\n\t\t\t<dt class='gallery-icon landscape'>\n\t\t\t\t<a data-elementor-open-lightbox=\"yes\" data-elementor-lightbox-slideshow=\"33dd13f\" data-elementor-lightbox-title=\"Teitu derru\u00edu na Bra\u00f1a de Mumiam, Somiedu\" data-e-action-hash=\"#elementor-action%3Aaction%3Dlightbox%26settings%3DeyJpZCI6Nzk1LCJ1cmwiOiJodHRwczpcL1wvZXNjdWVsYWRldGVpdGF1LmNvbVwvd3AtY29udGVudFwvdXBsb2Fkc1wvMjAyNFwvMDZcLzI0LmpwZyIsInNsaWRlc2hvdyI6IjMzZGQxM2YifQ%3D%3D\" href='https:\/\/escueladeteitau.com\/wp-content\/uploads\/2024\/06\/24.jpg'><img loading=\"lazy\" decoding=\"async\" width=\"700\" height=\"700\" src=\"https:\/\/escueladeteitau.com\/wp-content\/uploads\/2024\/06\/24-700x700.jpg\" class=\"attachment-musico-discography-grid size-musico-discography-grid\" alt=\"\" srcset=\"https:\/\/escueladeteitau.com\/wp-content\/uploads\/2024\/06\/24-700x700.jpg 700w, https:\/\/escueladeteitau.com\/wp-content\/uploads\/2024\/06\/24-150x150.jpg 150w, https:\/\/escueladeteitau.com\/wp-content\/uploads\/2024\/06\/24-610x610.jpg 610w\" sizes=\"(max-width: 700px) 100vw, 700px\" \/><\/a>\n\t\t\t<\/dt><\/dl><br style=\"clear: both\" \/><dl class='gallery-item'>\n\t\t\t<dt class='gallery-icon portrait'>\n\t\t\t\t<a data-elementor-open-lightbox=\"yes\" data-elementor-lightbox-slideshow=\"33dd13f\" data-elementor-lightbox-title=\"Teito na Pornacal, Somiedu\" data-e-action-hash=\"#elementor-action%3Aaction%3Dlightbox%26settings%3DeyJpZCI6Nzk2LCJ1cmwiOiJodHRwczpcL1wvZXNjdWVsYWRldGVpdGF1LmNvbVwvd3AtY29udGVudFwvdXBsb2Fkc1wvMjAyNFwvMDZcLzI1LmpwZyIsInNsaWRlc2hvdyI6IjMzZGQxM2YifQ%3D%3D\" href='https:\/\/escueladeteitau.com\/wp-content\/uploads\/2024\/06\/25.jpg'><img loading=\"lazy\" decoding=\"async\" width=\"700\" height=\"700\" src=\"https:\/\/escueladeteitau.com\/wp-content\/uploads\/2024\/06\/25-700x700.jpg\" class=\"attachment-musico-discography-grid size-musico-discography-grid\" alt=\"\" srcset=\"https:\/\/escueladeteitau.com\/wp-content\/uploads\/2024\/06\/25-700x700.jpg 700w, https:\/\/escueladeteitau.com\/wp-content\/uploads\/2024\/06\/25-150x150.jpg 150w, https:\/\/escueladeteitau.com\/wp-content\/uploads\/2024\/06\/25-610x610.jpg 610w\" sizes=\"(max-width: 700px) 100vw, 700px\" \/><\/a>\n\t\t\t<\/dt><\/dl><dl class='gallery-item'>\n\t\t\t<dt class='gallery-icon landscape'>\n\t\t\t\t<a data-elementor-open-lightbox=\"yes\" data-elementor-lightbox-slideshow=\"33dd13f\" data-elementor-lightbox-title=\"Teitu en Bra\u00f1a de Murias, Somiedu\" data-e-action-hash=\"#elementor-action%3Aaction%3Dlightbox%26settings%3DeyJpZCI6Nzk3LCJ1cmwiOiJodHRwczpcL1wvZXNjdWVsYWRldGVpdGF1LmNvbVwvd3AtY29udGVudFwvdXBsb2Fkc1wvMjAyNFwvMDZcLzI2LmpwZyIsInNsaWRlc2hvdyI6IjMzZGQxM2YifQ%3D%3D\" href='https:\/\/escueladeteitau.com\/wp-content\/uploads\/2024\/06\/26.jpg'><img loading=\"lazy\" decoding=\"async\" width=\"700\" height=\"700\" src=\"https:\/\/escueladeteitau.com\/wp-content\/uploads\/2024\/06\/26-700x700.jpg\" class=\"attachment-musico-discography-grid size-musico-discography-grid\" alt=\"\" srcset=\"https:\/\/escueladeteitau.com\/wp-content\/uploads\/2024\/06\/26-700x700.jpg 700w, https:\/\/escueladeteitau.com\/wp-content\/uploads\/2024\/06\/26-150x150.jpg 150w, https:\/\/escueladeteitau.com\/wp-content\/uploads\/2024\/06\/26-610x610.jpg 610w\" sizes=\"(max-width: 700px) 100vw, 700px\" \/><\/a>\n\t\t\t<\/dt><\/dl><dl class='gallery-item'>\n\t\t\t<dt class='gallery-icon landscape'>\n\t\t\t\t<a data-elementor-open-lightbox=\"yes\" data-elementor-lightbox-slideshow=\"33dd13f\" data-elementor-lightbox-title=\"Teitos en Mumiam, Somiedu\" data-e-action-hash=\"#elementor-action%3Aaction%3Dlightbox%26settings%3DeyJpZCI6Nzk4LCJ1cmwiOiJodHRwczpcL1wvZXNjdWVsYWRldGVpdGF1LmNvbVwvd3AtY29udGVudFwvdXBsb2Fkc1wvMjAyNFwvMDZcLzI3LmpwZyIsInNsaWRlc2hvdyI6IjMzZGQxM2YifQ%3D%3D\" href='https:\/\/escueladeteitau.com\/wp-content\/uploads\/2024\/06\/27.jpg'><img loading=\"lazy\" decoding=\"async\" width=\"700\" height=\"700\" src=\"https:\/\/escueladeteitau.com\/wp-content\/uploads\/2024\/06\/27-700x700.jpg\" class=\"attachment-musico-discography-grid size-musico-discography-grid\" alt=\"\" srcset=\"https:\/\/escueladeteitau.com\/wp-content\/uploads\/2024\/06\/27-700x700.jpg 700w, https:\/\/escueladeteitau.com\/wp-content\/uploads\/2024\/06\/27-150x150.jpg 150w, https:\/\/escueladeteitau.com\/wp-content\/uploads\/2024\/06\/27-610x610.jpg 610w\" sizes=\"(max-width: 700px) 100vw, 700px\" \/><\/a>\n\t\t\t<\/dt><\/dl><dl class='gallery-item'>\n\t\t\t<dt class='gallery-icon landscape'>\n\t\t\t\t<a data-elementor-open-lightbox=\"yes\" data-elementor-lightbox-slideshow=\"33dd13f\" data-elementor-lightbox-title=\"Teitos en Mumiam, Somiedu\" data-e-action-hash=\"#elementor-action%3Aaction%3Dlightbox%26settings%3DeyJpZCI6ODAwLCJ1cmwiOiJodHRwczpcL1wvZXNjdWVsYWRldGVpdGF1LmNvbVwvd3AtY29udGVudFwvdXBsb2Fkc1wvMjAyNFwvMDZcLzI5LmpwZyIsInNsaWRlc2hvdyI6IjMzZGQxM2YifQ%3D%3D\" href='https:\/\/escueladeteitau.com\/wp-content\/uploads\/2024\/06\/29.jpg'><img loading=\"lazy\" decoding=\"async\" width=\"700\" height=\"693\" src=\"https:\/\/escueladeteitau.com\/wp-content\/uploads\/2024\/06\/29-700x693.jpg\" class=\"attachment-musico-discography-grid size-musico-discography-grid\" alt=\"\" srcset=\"https:\/\/escueladeteitau.com\/wp-content\/uploads\/2024\/06\/29-700x693.jpg 700w, https:\/\/escueladeteitau.com\/wp-content\/uploads\/2024\/06\/29-150x150.jpg 150w\" sizes=\"(max-width: 700px) 100vw, 700px\" \/><\/a>\n\t\t\t<\/dt><\/dl><dl class='gallery-item'>\n\t\t\t<dt class='gallery-icon portrait'>\n\t\t\t\t<a data-elementor-open-lightbox=\"yes\" data-elementor-lightbox-slideshow=\"33dd13f\" data-elementor-lightbox-title=\"Cubierta de teitu\" data-e-action-hash=\"#elementor-action%3Aaction%3Dlightbox%26settings%3DeyJpZCI6ODAxLCJ1cmwiOiJodHRwczpcL1wvZXNjdWVsYWRldGVpdGF1LmNvbVwvd3AtY29udGVudFwvdXBsb2Fkc1wvMjAyNFwvMDZcLzMwLmpwZyIsInNsaWRlc2hvdyI6IjMzZGQxM2YifQ%3D%3D\" href='https:\/\/escueladeteitau.com\/wp-content\/uploads\/2024\/06\/30.jpg'><img loading=\"lazy\" decoding=\"async\" width=\"700\" height=\"700\" src=\"https:\/\/escueladeteitau.com\/wp-content\/uploads\/2024\/06\/30-700x700.jpg\" class=\"attachment-musico-discography-grid size-musico-discography-grid\" alt=\"\" srcset=\"https:\/\/escueladeteitau.com\/wp-content\/uploads\/2024\/06\/30-700x700.jpg 700w, https:\/\/escueladeteitau.com\/wp-content\/uploads\/2024\/06\/30-150x150.jpg 150w, https:\/\/escueladeteitau.com\/wp-content\/uploads\/2024\/06\/30-610x610.jpg 610w\" sizes=\"(max-width: 700px) 100vw, 700px\" \/><\/a>\n\t\t\t<\/dt><\/dl><br style=\"clear: both\" \/><dl class='gallery-item'>\n\t\t\t<dt class='gallery-icon portrait'>\n\t\t\t\t<a data-elementor-open-lightbox=\"yes\" data-elementor-lightbox-slideshow=\"33dd13f\" data-elementor-lightbox-title=\"Francisco Ruiz Tilve. El Valle, Somiedu. 16\/04\/65 (Mus\u00e9u del Pueblu d\u00b4Asturies)\" data-e-action-hash=\"#elementor-action%3Aaction%3Dlightbox%26settings%3DeyJpZCI6ODE3LCJ1cmwiOiJodHRwczpcL1wvZXNjdWVsYWRldGVpdGF1LmNvbVwvd3AtY29udGVudFwvdXBsb2Fkc1wvMjAyNFwvMDZcL0ZGMDUwNzQzXzIxMjEuanBnIiwic2xpZGVzaG93IjoiMzNkZDEzZiJ9\" href='https:\/\/escueladeteitau.com\/wp-content\/uploads\/2024\/06\/FF050743_2121.jpg'><img loading=\"lazy\" decoding=\"async\" width=\"700\" height=\"700\" src=\"https:\/\/escueladeteitau.com\/wp-content\/uploads\/2024\/06\/FF050743_2121-700x700.jpg\" class=\"attachment-musico-discography-grid size-musico-discography-grid\" alt=\"\" srcset=\"https:\/\/escueladeteitau.com\/wp-content\/uploads\/2024\/06\/FF050743_2121-700x700.jpg 700w, https:\/\/escueladeteitau.com\/wp-content\/uploads\/2024\/06\/FF050743_2121-150x150.jpg 150w, https:\/\/escueladeteitau.com\/wp-content\/uploads\/2024\/06\/FF050743_2121-610x610.jpg 610w\" sizes=\"(max-width: 700px) 100vw, 700px\" \/><\/a>\n\t\t\t<\/dt><\/dl><dl class='gallery-item'>\n\t\t\t<dt class='gallery-icon landscape'>\n\t\t\t\t<a data-elementor-open-lightbox=\"yes\" data-elementor-lightbox-slideshow=\"33dd13f\" data-elementor-lightbox-title=\"Juan Ur\u00eda R\u00edu. Horru con cubierta vexetal (teito) xuntu con cases de l&#039;aldega de Urr\u00eda y dos varones con gan\u00e1u. 1901-1925 (Mus\u00e9u del Pueblu d\u00b4Asturies)\" data-e-action-hash=\"#elementor-action%3Aaction%3Dlightbox%26settings%3DeyJpZCI6ODE4LCJ1cmwiOiJodHRwczpcL1wvZXNjdWVsYWRldGVpdGF1LmNvbVwvd3AtY29udGVudFwvdXBsb2Fkc1wvMjAyNFwvMDZcL0ZGMDUzNDgyLmpwZyIsInNsaWRlc2hvdyI6IjMzZGQxM2YifQ%3D%3D\" href='https:\/\/escueladeteitau.com\/wp-content\/uploads\/2024\/06\/FF053482.jpg'><img loading=\"lazy\" decoding=\"async\" width=\"700\" height=\"700\" src=\"https:\/\/escueladeteitau.com\/wp-content\/uploads\/2024\/06\/FF053482-700x700.jpg\" class=\"attachment-musico-discography-grid size-musico-discography-grid\" alt=\"\" srcset=\"https:\/\/escueladeteitau.com\/wp-content\/uploads\/2024\/06\/FF053482-700x700.jpg 700w, https:\/\/escueladeteitau.com\/wp-content\/uploads\/2024\/06\/FF053482-150x150.jpg 150w, https:\/\/escueladeteitau.com\/wp-content\/uploads\/2024\/06\/FF053482-610x610.jpg 610w\" sizes=\"(max-width: 700px) 100vw, 700px\" \/><\/a>\n\t\t\t<\/dt><\/dl><dl class='gallery-item'>\n\t\t\t<dt class='gallery-icon landscape'>\n\t\t\t\t<a data-elementor-open-lightbox=\"yes\" data-elementor-lightbox-slideshow=\"33dd13f\" data-elementor-lightbox-title=\"Mar\u00eda C\u00e1tedra Tom\u00e1s. Llabores agr\u00edcoles y ganaderes en territoriu vaqueiru. Busin\u00e1n, Parroquia de Naraval, Tin\u00e9u. 1970-1975 (Mus\u00e9u del Pueblu d\u00b4Asturies)\" data-e-action-hash=\"#elementor-action%3Aaction%3Dlightbox%26settings%3DeyJpZCI6ODE5LCJ1cmwiOiJodHRwczpcL1wvZXNjdWVsYWRldGVpdGF1LmNvbVwvd3AtY29udGVudFwvdXBsb2Fkc1wvMjAyNFwvMDZcL01DLTAxMC5qcGciLCJzbGlkZXNob3ciOiIzM2RkMTNmIn0%3D\" href='https:\/\/escueladeteitau.com\/wp-content\/uploads\/2024\/06\/MC-010.jpg'><img loading=\"lazy\" decoding=\"async\" width=\"700\" height=\"700\" src=\"https:\/\/escueladeteitau.com\/wp-content\/uploads\/2024\/06\/MC-010-700x700.jpg\" class=\"attachment-musico-discography-grid size-musico-discography-grid\" alt=\"\" srcset=\"https:\/\/escueladeteitau.com\/wp-content\/uploads\/2024\/06\/MC-010-700x700.jpg 700w, https:\/\/escueladeteitau.com\/wp-content\/uploads\/2024\/06\/MC-010-150x150.jpg 150w, https:\/\/escueladeteitau.com\/wp-content\/uploads\/2024\/06\/MC-010-610x610.jpg 610w\" sizes=\"(max-width: 700px) 100vw, 700px\" \/><\/a>\n\t\t\t<\/dt><\/dl><dl class='gallery-item'>\n\t\t\t<dt class='gallery-icon landscape'>\n\t\t\t\t<a data-elementor-open-lightbox=\"yes\" data-elementor-lightbox-slideshow=\"33dd13f\" data-elementor-lightbox-title=\"Marqu\u00e9s de Santa Mar\u00eda del Villar. Santa Mar\u00eda del Puertu, Somiedu. 1910  (Mus\u00e9u del Pueblu d\u00b4Asturies)\" data-e-action-hash=\"#elementor-action%3Aaction%3Dlightbox%26settings%3DeyJpZCI6ODIwLCJ1cmwiOiJodHRwczpcL1wvZXNjdWVsYWRldGVpdGF1LmNvbVwvd3AtY29udGVudFwvdXBsb2Fkc1wvMjAyNFwvMDZcL01TTVZfMDcyLmpwZyIsInNsaWRlc2hvdyI6IjMzZGQxM2YifQ%3D%3D\" href='https:\/\/escueladeteitau.com\/wp-content\/uploads\/2024\/06\/MSMV_072.jpg'><img loading=\"lazy\" decoding=\"async\" width=\"700\" height=\"700\" src=\"https:\/\/escueladeteitau.com\/wp-content\/uploads\/2024\/06\/MSMV_072-700x700.jpg\" class=\"attachment-musico-discography-grid size-musico-discography-grid\" alt=\"\" srcset=\"https:\/\/escueladeteitau.com\/wp-content\/uploads\/2024\/06\/MSMV_072-700x700.jpg 700w, https:\/\/escueladeteitau.com\/wp-content\/uploads\/2024\/06\/MSMV_072-150x150.jpg 150w, https:\/\/escueladeteitau.com\/wp-content\/uploads\/2024\/06\/MSMV_072-610x610.jpg 610w\" sizes=\"(max-width: 700px) 100vw, 700px\" \/><\/a>\n\t\t\t<\/dt><\/dl><dl class='gallery-item'>\n\t\t\t<dt class='gallery-icon landscape'>\n\t\t\t\t<a data-elementor-open-lightbox=\"yes\" data-elementor-lightbox-slideshow=\"33dd13f\" data-elementor-lightbox-title=\"Pedro Alonso Rebollar. Carme &quot;la Texedora&quot; y el so f\u00edu na casa d&#039;Ismael &quot;el Serondu&quot; en Valle del Llagu, Somiedu. 1955 (Mus\u00e9u del Pueblu d\u00b4Asturies)\" data-e-action-hash=\"#elementor-action%3Aaction%3Dlightbox%26settings%3DeyJpZCI6ODIxLCJ1cmwiOiJodHRwczpcL1wvZXNjdWVsYWRldGVpdGF1LmNvbVwvd3AtY29udGVudFwvdXBsb2Fkc1wvMjAyNFwvMDZcL1BBUi1ORUctNng2LTA1MjctRkYwNTI5MzAuanBnIiwic2xpZGVzaG93IjoiMzNkZDEzZiJ9\" href='https:\/\/escueladeteitau.com\/wp-content\/uploads\/2024\/06\/PAR-NEG-6x6-0527-FF052930.jpg'><img loading=\"lazy\" decoding=\"async\" width=\"700\" height=\"700\" src=\"https:\/\/escueladeteitau.com\/wp-content\/uploads\/2024\/06\/PAR-NEG-6x6-0527-FF052930-700x700.jpg\" class=\"attachment-musico-discography-grid size-musico-discography-grid\" alt=\"\" srcset=\"https:\/\/escueladeteitau.com\/wp-content\/uploads\/2024\/06\/PAR-NEG-6x6-0527-FF052930-700x700.jpg 700w, https:\/\/escueladeteitau.com\/wp-content\/uploads\/2024\/06\/PAR-NEG-6x6-0527-FF052930-150x150.jpg 150w, https:\/\/escueladeteitau.com\/wp-content\/uploads\/2024\/06\/PAR-NEG-6x6-0527-FF052930-610x610.jpg 610w\" sizes=\"(max-width: 700px) 100vw, 700px\" \/><\/a>\n\t\t\t<\/dt><\/dl><br style=\"clear: both\" \/>\n\t\t<\/div>\n\t\t<\/div>\n\t\t\t\t<\/div>\n\t\t\t\t<\/div>\n\t\t\t\t<div class=\"elementor-element elementor-element-0bff563 gallery-spacing-custom elementor-hidden-desktop elementor-widget elementor-widget-image-gallery\" data-id=\"0bff563\" data-element_type=\"widget\" data-widget_type=\"image-gallery.default\">\n\t\t\t\t<div class=\"elementor-widget-container\">\n\t\t\t\t\t<div class=\"elementor-image-gallery\">\n\t\t\t\n\t\t<style type=\"text\/css\">\n\t\t\t#gallery-2 {\n\t\t\t\tmargin: auto;\n\t\t\t}\n\t\t\t#gallery-2 .gallery-item {\n\t\t\t\tfloat: left;\n\t\t\t\tmargin-top: 10px;\n\t\t\t\ttext-align: center;\n\t\t\t\twidth: 50%;\n\t\t\t}\n\t\t\t#gallery-2 img {\n\t\t\t\tborder: 2px solid #cfcfcf;\n\t\t\t}\n\t\t\t#gallery-2 .gallery-caption {\n\t\t\t\tmargin-left: 0;\n\t\t\t}\n\t\t\t\/* see gallery_shortcode() in wp-includes\/media.php *\/\n\t\t<\/style>\n\t\t<div id='gallery-2' class='gallery galleryid-712 gallery-columns-2 gallery-size-musico-discography-grid'><dl class='gallery-item'>\n\t\t\t<dt class='gallery-icon landscape'>\n\t\t\t\t<a data-elementor-open-lightbox=\"yes\" data-elementor-lightbox-slideshow=\"0bff563\" data-elementor-lightbox-title=\"Fritz Kr\u00fcger. Cuadra o corte de casa&#039;l Roxu, con cubierta vexetal de paya de centenu.  Xinestosu, Cangas. 1927 (Mus\u00e9u del Pueblu d\u00b4Asturies)\" data-e-action-hash=\"#elementor-action%3Aaction%3Dlightbox%26settings%3DeyJpZCI6ODEzLCJ1cmwiOiJodHRwczpcL1wvZXNjdWVsYWRldGVpdGF1LmNvbVwvd3AtY29udGVudFwvdXBsb2Fkc1wvMjAyNFwvMDZcLzMwODI4LmpwZyIsInNsaWRlc2hvdyI6IjBiZmY1NjMifQ%3D%3D\" href='https:\/\/escueladeteitau.com\/wp-content\/uploads\/2024\/06\/30828.jpg'><img fetchpriority=\"high\" decoding=\"async\" width=\"700\" height=\"700\" src=\"https:\/\/escueladeteitau.com\/wp-content\/uploads\/2024\/06\/30828-700x700.jpg\" class=\"attachment-musico-discography-grid size-musico-discography-grid\" alt=\"\" srcset=\"https:\/\/escueladeteitau.com\/wp-content\/uploads\/2024\/06\/30828-700x700.jpg 700w, https:\/\/escueladeteitau.com\/wp-content\/uploads\/2024\/06\/30828-150x150.jpg 150w, https:\/\/escueladeteitau.com\/wp-content\/uploads\/2024\/06\/30828-610x610.jpg 610w\" sizes=\"(max-width: 700px) 100vw, 700px\" \/><\/a>\n\t\t\t<\/dt><\/dl><dl class='gallery-item'>\n\t\t\t<dt class='gallery-icon landscape'>\n\t\t\t\t<a data-elementor-open-lightbox=\"yes\" data-elementor-lightbox-slideshow=\"0bff563\" data-elementor-lightbox-title=\"Celestino Collada. Cases con cubierta vexetal. El Valle del Llagu, Somiedu. 1950 (Mus\u00e9u del Pueblu d\u00b4Asturies)\" data-e-action-hash=\"#elementor-action%3Aaction%3Dlightbox%26settings%3DeyJpZCI6ODEyLCJ1cmwiOiJodHRwczpcL1wvZXNjdWVsYWRldGVpdGF1LmNvbVwvd3AtY29udGVudFwvdXBsb2Fkc1wvMjAyNFwvMDZcLzEyMjM3LmpwZyIsInNsaWRlc2hvdyI6IjBiZmY1NjMifQ%3D%3D\" href='https:\/\/escueladeteitau.com\/wp-content\/uploads\/2024\/06\/12237.jpg'><img decoding=\"async\" width=\"700\" height=\"700\" src=\"https:\/\/escueladeteitau.com\/wp-content\/uploads\/2024\/06\/12237-700x700.jpg\" class=\"attachment-musico-discography-grid size-musico-discography-grid\" alt=\"\" srcset=\"https:\/\/escueladeteitau.com\/wp-content\/uploads\/2024\/06\/12237-700x700.jpg 700w, https:\/\/escueladeteitau.com\/wp-content\/uploads\/2024\/06\/12237-150x150.jpg 150w, https:\/\/escueladeteitau.com\/wp-content\/uploads\/2024\/06\/12237-610x610.jpg 610w\" sizes=\"(max-width: 700px) 100vw, 700px\" \/><\/a>\n\t\t\t<\/dt><\/dl><br style=\"clear: both\" \/><dl class='gallery-item'>\n\t\t\t<dt class='gallery-icon portrait'>\n\t\t\t\t<a data-elementor-open-lightbox=\"yes\" data-elementor-lightbox-slideshow=\"0bff563\" data-elementor-lightbox-title=\"Jose Ram\u00f3n Lueje S\u00e1nchez. Valle del Llagu. 1956 (Mus\u00e9u del Pueblu d\u00b4Asturies)\" data-e-action-hash=\"#elementor-action%3Aaction%3Dlightbox%26settings%3DeyJpZCI6ODE0LCJ1cmwiOiJodHRwczpcL1wvZXNjdWVsYWRldGVpdGF1LmNvbVwvd3AtY29udGVudFwvdXBsb2Fkc1wvMjAyNFwvMDZcL0ZGMDQzODAxXzAwOC5qcGciLCJzbGlkZXNob3ciOiIwYmZmNTYzIn0%3D\" href='https:\/\/escueladeteitau.com\/wp-content\/uploads\/2024\/06\/FF043801_008.jpg'><img decoding=\"async\" width=\"700\" height=\"700\" src=\"https:\/\/escueladeteitau.com\/wp-content\/uploads\/2024\/06\/FF043801_008-700x700.jpg\" class=\"attachment-musico-discography-grid size-musico-discography-grid\" alt=\"\" srcset=\"https:\/\/escueladeteitau.com\/wp-content\/uploads\/2024\/06\/FF043801_008-700x700.jpg 700w, https:\/\/escueladeteitau.com\/wp-content\/uploads\/2024\/06\/FF043801_008-150x150.jpg 150w, https:\/\/escueladeteitau.com\/wp-content\/uploads\/2024\/06\/FF043801_008-610x610.jpg 610w\" sizes=\"(max-width: 700px) 100vw, 700px\" \/><\/a>\n\t\t\t<\/dt><\/dl><dl class='gallery-item'>\n\t\t\t<dt class='gallery-icon landscape'>\n\t\t\t\t<a data-elementor-open-lightbox=\"yes\" data-elementor-lightbox-slideshow=\"0bff563\" data-elementor-lightbox-title=\"Jose Ram\u00f3n Lueje S\u00e1nchez. Cabanes con cubierta vexetal na bra\u00f1a de La Peral. (Mus\u00e9u del Pueblu d\u00b4Asturies)\" data-e-action-hash=\"#elementor-action%3Aaction%3Dlightbox%26settings%3DeyJpZCI6ODE1LCJ1cmwiOiJodHRwczpcL1wvZXNjdWVsYWRldGVpdGF1LmNvbVwvd3AtY29udGVudFwvdXBsb2Fkc1wvMjAyNFwvMDZcL0ZGMDQzODgyLmpwZyIsInNsaWRlc2hvdyI6IjBiZmY1NjMifQ%3D%3D\" href='https:\/\/escueladeteitau.com\/wp-content\/uploads\/2024\/06\/FF043882.jpg'><img loading=\"lazy\" decoding=\"async\" width=\"700\" height=\"700\" src=\"https:\/\/escueladeteitau.com\/wp-content\/uploads\/2024\/06\/FF043882-700x700.jpg\" class=\"attachment-musico-discography-grid size-musico-discography-grid\" alt=\"\" srcset=\"https:\/\/escueladeteitau.com\/wp-content\/uploads\/2024\/06\/FF043882-700x700.jpg 700w, https:\/\/escueladeteitau.com\/wp-content\/uploads\/2024\/06\/FF043882-150x150.jpg 150w, https:\/\/escueladeteitau.com\/wp-content\/uploads\/2024\/06\/FF043882-610x610.jpg 610w\" sizes=\"(max-width: 700px) 100vw, 700px\" \/><\/a>\n\t\t\t<\/dt><\/dl><br style=\"clear: both\" \/><dl class='gallery-item'>\n\t\t\t<dt class='gallery-icon portrait'>\n\t\t\t\t<a data-elementor-open-lightbox=\"yes\" data-elementor-lightbox-slideshow=\"0bff563\" data-elementor-lightbox-title=\"Francisco Ruiz Tilve. Llamardal, Somiedu. 01\/12\/77. (Mus\u00e9u del Pueblu d\u00b4Asturies)\" data-e-action-hash=\"#elementor-action%3Aaction%3Dlightbox%26settings%3DeyJpZCI6ODE2LCJ1cmwiOiJodHRwczpcL1wvZXNjdWVsYWRldGVpdGF1LmNvbVwvd3AtY29udGVudFwvdXBsb2Fkc1wvMjAyNFwvMDZcL0ZGMDUwNzQzXzE4NzcuanBnIiwic2xpZGVzaG93IjoiMGJmZjU2MyJ9\" href='https:\/\/escueladeteitau.com\/wp-content\/uploads\/2024\/06\/FF050743_1877.jpg'><img loading=\"lazy\" decoding=\"async\" width=\"700\" height=\"700\" src=\"https:\/\/escueladeteitau.com\/wp-content\/uploads\/2024\/06\/FF050743_1877-700x700.jpg\" class=\"attachment-musico-discography-grid size-musico-discography-grid\" alt=\"\" srcset=\"https:\/\/escueladeteitau.com\/wp-content\/uploads\/2024\/06\/FF050743_1877-700x700.jpg 700w, https:\/\/escueladeteitau.com\/wp-content\/uploads\/2024\/06\/FF050743_1877-150x150.jpg 150w, https:\/\/escueladeteitau.com\/wp-content\/uploads\/2024\/06\/FF050743_1877-610x610.jpg 610w\" sizes=\"(max-width: 700px) 100vw, 700px\" \/><\/a>\n\t\t\t<\/dt><\/dl><dl class='gallery-item'>\n\t\t\t<dt class='gallery-icon landscape'>\n\t\t\t\t<a data-elementor-open-lightbox=\"yes\" data-elementor-lightbox-slideshow=\"0bff563\" data-elementor-lightbox-title=\"Bra\u00f1a de La Pornacal, Somiedu\" data-e-action-hash=\"#elementor-action%3Aaction%3Dlightbox%26settings%3DeyJpZCI6NzczLCJ1cmwiOiJodHRwczpcL1wvZXNjdWVsYWRldGVpdGF1LmNvbVwvd3AtY29udGVudFwvdXBsb2Fkc1wvMjAyNFwvMDZcLzAxLmpwZyIsInNsaWRlc2hvdyI6IjBiZmY1NjMifQ%3D%3D\" href='https:\/\/escueladeteitau.com\/wp-content\/uploads\/2024\/06\/01.jpg'><img loading=\"lazy\" decoding=\"async\" width=\"700\" height=\"700\" src=\"https:\/\/escueladeteitau.com\/wp-content\/uploads\/2024\/06\/01-700x700.jpg\" class=\"attachment-musico-discography-grid size-musico-discography-grid\" alt=\"\" srcset=\"https:\/\/escueladeteitau.com\/wp-content\/uploads\/2024\/06\/01-700x700.jpg 700w, https:\/\/escueladeteitau.com\/wp-content\/uploads\/2024\/06\/01-150x150.jpg 150w, https:\/\/escueladeteitau.com\/wp-content\/uploads\/2024\/06\/01-610x610.jpg 610w\" sizes=\"(max-width: 700px) 100vw, 700px\" \/><\/a>\n\t\t\t<\/dt><\/dl><br style=\"clear: both\" \/><dl class='gallery-item'>\n\t\t\t<dt class='gallery-icon landscape'>\n\t\t\t\t<a data-elementor-open-lightbox=\"yes\" data-elementor-lightbox-slideshow=\"0bff563\" data-elementor-lightbox-title=\"Cabanas de teitu na Bra\u00f1a de Mumiam, Somiedu\" data-e-action-hash=\"#elementor-action%3Aaction%3Dlightbox%26settings%3DeyJpZCI6Nzc0LCJ1cmwiOiJodHRwczpcL1wvZXNjdWVsYWRldGVpdGF1LmNvbVwvd3AtY29udGVudFwvdXBsb2Fkc1wvMjAyNFwvMDZcLzAyLmpwZyIsInNsaWRlc2hvdyI6IjBiZmY1NjMifQ%3D%3D\" href='https:\/\/escueladeteitau.com\/wp-content\/uploads\/2024\/06\/02.jpg'><img loading=\"lazy\" decoding=\"async\" width=\"700\" height=\"700\" src=\"https:\/\/escueladeteitau.com\/wp-content\/uploads\/2024\/06\/02-700x700.jpg\" class=\"attachment-musico-discography-grid size-musico-discography-grid\" alt=\"\" srcset=\"https:\/\/escueladeteitau.com\/wp-content\/uploads\/2024\/06\/02-700x700.jpg 700w, https:\/\/escueladeteitau.com\/wp-content\/uploads\/2024\/06\/02-150x150.jpg 150w, https:\/\/escueladeteitau.com\/wp-content\/uploads\/2024\/06\/02-610x610.jpg 610w\" sizes=\"(max-width: 700px) 100vw, 700px\" \/><\/a>\n\t\t\t<\/dt><\/dl><dl class='gallery-item'>\n\t\t\t<dt class='gallery-icon landscape'>\n\t\t\t\t<a data-elementor-open-lightbox=\"yes\" data-elementor-lightbox-slideshow=\"0bff563\" data-elementor-lightbox-title=\"Teitu en Bra\u00f1a de Fonfr\u00eda, Teberga\" data-e-action-hash=\"#elementor-action%3Aaction%3Dlightbox%26settings%3DeyJpZCI6Nzc1LCJ1cmwiOiJodHRwczpcL1wvZXNjdWVsYWRldGVpdGF1LmNvbVwvd3AtY29udGVudFwvdXBsb2Fkc1wvMjAyNFwvMDZcLzAzLmpwZyIsInNsaWRlc2hvdyI6IjBiZmY1NjMifQ%3D%3D\" href='https:\/\/escueladeteitau.com\/wp-content\/uploads\/2024\/06\/03.jpg'><img loading=\"lazy\" decoding=\"async\" width=\"700\" height=\"700\" src=\"https:\/\/escueladeteitau.com\/wp-content\/uploads\/2024\/06\/03-700x700.jpg\" class=\"attachment-musico-discography-grid size-musico-discography-grid\" alt=\"\" srcset=\"https:\/\/escueladeteitau.com\/wp-content\/uploads\/2024\/06\/03-700x700.jpg 700w, https:\/\/escueladeteitau.com\/wp-content\/uploads\/2024\/06\/03-300x300.jpg 300w, https:\/\/escueladeteitau.com\/wp-content\/uploads\/2024\/06\/03-1024x1024.jpg 1024w, https:\/\/escueladeteitau.com\/wp-content\/uploads\/2024\/06\/03-150x150.jpg 150w, https:\/\/escueladeteitau.com\/wp-content\/uploads\/2024\/06\/03-768x768.jpg 768w, https:\/\/escueladeteitau.com\/wp-content\/uploads\/2024\/06\/03-440x440.jpg 440w, https:\/\/escueladeteitau.com\/wp-content\/uploads\/2024\/06\/03-610x610.jpg 610w, https:\/\/escueladeteitau.com\/wp-content\/uploads\/2024\/06\/03.jpg 1200w\" sizes=\"(max-width: 700px) 100vw, 700px\" \/><\/a>\n\t\t\t<\/dt><\/dl><br style=\"clear: both\" \/><dl class='gallery-item'>\n\t\t\t<dt class='gallery-icon landscape'>\n\t\t\t\t<a data-elementor-open-lightbox=\"yes\" data-elementor-lightbox-slideshow=\"0bff563\" data-elementor-lightbox-title=\"Teitu na Falguera, Somiedu\" data-e-action-hash=\"#elementor-action%3Aaction%3Dlightbox%26settings%3DeyJpZCI6ODAyLCJ1cmwiOiJodHRwczpcL1wvZXNjdWVsYWRldGVpdGF1LmNvbVwvd3AtY29udGVudFwvdXBsb2Fkc1wvMjAyNFwvMDZcLzMxLmpwZyIsInNsaWRlc2hvdyI6IjBiZmY1NjMifQ%3D%3D\" href='https:\/\/escueladeteitau.com\/wp-content\/uploads\/2024\/06\/31.jpg'><img loading=\"lazy\" decoding=\"async\" width=\"700\" height=\"700\" src=\"https:\/\/escueladeteitau.com\/wp-content\/uploads\/2024\/06\/31-700x700.jpg\" class=\"attachment-musico-discography-grid size-musico-discography-grid\" alt=\"\" srcset=\"https:\/\/escueladeteitau.com\/wp-content\/uploads\/2024\/06\/31-700x700.jpg 700w, https:\/\/escueladeteitau.com\/wp-content\/uploads\/2024\/06\/31-150x150.jpg 150w, https:\/\/escueladeteitau.com\/wp-content\/uploads\/2024\/06\/31-610x610.jpg 610w\" sizes=\"(max-width: 700px) 100vw, 700px\" \/><\/a>\n\t\t\t<\/dt><\/dl><dl class='gallery-item'>\n\t\t\t<dt class='gallery-icon landscape'>\n\t\t\t\t<a data-elementor-open-lightbox=\"yes\" data-elementor-lightbox-slideshow=\"0bff563\" data-elementor-lightbox-title=\"Bra\u00f1a de Urdiales, Somiedu\" data-e-action-hash=\"#elementor-action%3Aaction%3Dlightbox%26settings%3DeyJpZCI6Nzc3LCJ1cmwiOiJodHRwczpcL1wvZXNjdWVsYWRldGVpdGF1LmNvbVwvd3AtY29udGVudFwvdXBsb2Fkc1wvMjAyNFwvMDZcLzA1LmpwZyIsInNsaWRlc2hvdyI6IjBiZmY1NjMifQ%3D%3D\" href='https:\/\/escueladeteitau.com\/wp-content\/uploads\/2024\/06\/05.jpg'><img loading=\"lazy\" decoding=\"async\" width=\"700\" height=\"693\" src=\"https:\/\/escueladeteitau.com\/wp-content\/uploads\/2024\/06\/05-700x693.jpg\" class=\"attachment-musico-discography-grid size-musico-discography-grid\" alt=\"\" srcset=\"https:\/\/escueladeteitau.com\/wp-content\/uploads\/2024\/06\/05-700x693.jpg 700w, https:\/\/escueladeteitau.com\/wp-content\/uploads\/2024\/06\/05-150x150.jpg 150w\" sizes=\"(max-width: 700px) 100vw, 700px\" \/><\/a>\n\t\t\t<\/dt><\/dl><br style=\"clear: both\" \/><dl class='gallery-item'>\n\t\t\t<dt class='gallery-icon landscape'>\n\t\t\t\t<a data-elementor-open-lightbox=\"yes\" data-elementor-lightbox-slideshow=\"0bff563\" data-elementor-lightbox-title=\"Teitos en Saliencia, Somiedu\" data-e-action-hash=\"#elementor-action%3Aaction%3Dlightbox%26settings%3DeyJpZCI6Nzc4LCJ1cmwiOiJodHRwczpcL1wvZXNjdWVsYWRldGVpdGF1LmNvbVwvd3AtY29udGVudFwvdXBsb2Fkc1wvMjAyNFwvMDZcLzA2LmpwZyIsInNsaWRlc2hvdyI6IjBiZmY1NjMifQ%3D%3D\" href='https:\/\/escueladeteitau.com\/wp-content\/uploads\/2024\/06\/06.jpg'><img loading=\"lazy\" decoding=\"async\" width=\"700\" height=\"700\" src=\"https:\/\/escueladeteitau.com\/wp-content\/uploads\/2024\/06\/06-700x700.jpg\" class=\"attachment-musico-discography-grid size-musico-discography-grid\" alt=\"\" srcset=\"https:\/\/escueladeteitau.com\/wp-content\/uploads\/2024\/06\/06-700x700.jpg 700w, https:\/\/escueladeteitau.com\/wp-content\/uploads\/2024\/06\/06-150x150.jpg 150w, https:\/\/escueladeteitau.com\/wp-content\/uploads\/2024\/06\/06-610x610.jpg 610w\" sizes=\"(max-width: 700px) 100vw, 700px\" \/><\/a>\n\t\t\t<\/dt><\/dl><dl class='gallery-item'>\n\t\t\t<dt class='gallery-icon landscape'>\n\t\t\t\t<a data-elementor-open-lightbox=\"yes\" data-elementor-lightbox-slideshow=\"0bff563\" data-elementor-lightbox-title=\"Cabana de Cobrana, Somiedu\" data-e-action-hash=\"#elementor-action%3Aaction%3Dlightbox%26settings%3DeyJpZCI6Nzc5LCJ1cmwiOiJodHRwczpcL1wvZXNjdWVsYWRldGVpdGF1LmNvbVwvd3AtY29udGVudFwvdXBsb2Fkc1wvMjAyNFwvMDZcLzA3LmpwZyIsInNsaWRlc2hvdyI6IjBiZmY1NjMifQ%3D%3D\" href='https:\/\/escueladeteitau.com\/wp-content\/uploads\/2024\/06\/07.jpg'><img loading=\"lazy\" decoding=\"async\" width=\"700\" height=\"691\" src=\"https:\/\/escueladeteitau.com\/wp-content\/uploads\/2024\/06\/07-700x691.jpg\" class=\"attachment-musico-discography-grid size-musico-discography-grid\" alt=\"\" \/><\/a>\n\t\t\t<\/dt><\/dl><br style=\"clear: both\" \/><dl class='gallery-item'>\n\t\t\t<dt class='gallery-icon portrait'>\n\t\t\t\t<a data-elementor-open-lightbox=\"yes\" data-elementor-lightbox-slideshow=\"0bff563\" data-elementor-lightbox-title=\"Teitu nel Reve!!on, Teberga\" data-e-action-hash=\"#elementor-action%3Aaction%3Dlightbox%26settings%3DeyJpZCI6NzgxLCJ1cmwiOiJodHRwczpcL1wvZXNjdWVsYWRldGVpdGF1LmNvbVwvd3AtY29udGVudFwvdXBsb2Fkc1wvMjAyNFwvMDZcLzA5LmpwZyIsInNsaWRlc2hvdyI6IjBiZmY1NjMifQ%3D%3D\" href='https:\/\/escueladeteitau.com\/wp-content\/uploads\/2024\/06\/09.jpg'><img loading=\"lazy\" decoding=\"async\" width=\"700\" height=\"700\" src=\"https:\/\/escueladeteitau.com\/wp-content\/uploads\/2024\/06\/09-700x700.jpg\" class=\"attachment-musico-discography-grid size-musico-discography-grid\" alt=\"\" srcset=\"https:\/\/escueladeteitau.com\/wp-content\/uploads\/2024\/06\/09-700x700.jpg 700w, https:\/\/escueladeteitau.com\/wp-content\/uploads\/2024\/06\/09-150x150.jpg 150w, https:\/\/escueladeteitau.com\/wp-content\/uploads\/2024\/06\/09-610x610.jpg 610w\" sizes=\"(max-width: 700px) 100vw, 700px\" \/><\/a>\n\t\t\t<\/dt><\/dl><dl class='gallery-item'>\n\t\t\t<dt class='gallery-icon landscape'>\n\t\t\t\t<a data-elementor-open-lightbox=\"yes\" data-elementor-lightbox-slideshow=\"0bff563\" data-elementor-lightbox-title=\"Teitos en Veigas, Somiedu\" data-e-action-hash=\"#elementor-action%3Aaction%3Dlightbox%26settings%3DeyJpZCI6NzgyLCJ1cmwiOiJodHRwczpcL1wvZXNjdWVsYWRldGVpdGF1LmNvbVwvd3AtY29udGVudFwvdXBsb2Fkc1wvMjAyNFwvMDZcLzEwLmpwZyIsInNsaWRlc2hvdyI6IjBiZmY1NjMifQ%3D%3D\" href='https:\/\/escueladeteitau.com\/wp-content\/uploads\/2024\/06\/10.jpg'><img loading=\"lazy\" decoding=\"async\" width=\"700\" height=\"700\" src=\"https:\/\/escueladeteitau.com\/wp-content\/uploads\/2024\/06\/10-700x700.jpg\" class=\"attachment-musico-discography-grid size-musico-discography-grid\" alt=\"\" srcset=\"https:\/\/escueladeteitau.com\/wp-content\/uploads\/2024\/06\/10-700x700.jpg 700w, https:\/\/escueladeteitau.com\/wp-content\/uploads\/2024\/06\/10-150x150.jpg 150w, https:\/\/escueladeteitau.com\/wp-content\/uploads\/2024\/06\/10-610x610.jpg 610w\" sizes=\"(max-width: 700px) 100vw, 700px\" \/><\/a>\n\t\t\t<\/dt><\/dl><br style=\"clear: both\" \/><dl class='gallery-item'>\n\t\t\t<dt class='gallery-icon landscape'>\n\t\t\t\t<a data-elementor-open-lightbox=\"yes\" data-elementor-lightbox-slideshow=\"0bff563\" data-elementor-lightbox-title=\"Teitu en Bra\u00f1a de Murias, Somiedu\" data-e-action-hash=\"#elementor-action%3Aaction%3Dlightbox%26settings%3DeyJpZCI6NzgzLCJ1cmwiOiJodHRwczpcL1wvZXNjdWVsYWRldGVpdGF1LmNvbVwvd3AtY29udGVudFwvdXBsb2Fkc1wvMjAyNFwvMDZcLzExLmpwZyIsInNsaWRlc2hvdyI6IjBiZmY1NjMifQ%3D%3D\" href='https:\/\/escueladeteitau.com\/wp-content\/uploads\/2024\/06\/11.jpg'><img loading=\"lazy\" decoding=\"async\" width=\"700\" height=\"700\" src=\"https:\/\/escueladeteitau.com\/wp-content\/uploads\/2024\/06\/11-700x700.jpg\" class=\"attachment-musico-discography-grid size-musico-discography-grid\" alt=\"\" srcset=\"https:\/\/escueladeteitau.com\/wp-content\/uploads\/2024\/06\/11-700x700.jpg 700w, https:\/\/escueladeteitau.com\/wp-content\/uploads\/2024\/06\/11-150x150.jpg 150w, https:\/\/escueladeteitau.com\/wp-content\/uploads\/2024\/06\/11-610x610.jpg 610w\" sizes=\"(max-width: 700px) 100vw, 700px\" \/><\/a>\n\t\t\t<\/dt><\/dl><dl class='gallery-item'>\n\t\t\t<dt class='gallery-icon portrait'>\n\t\t\t\t<a data-elementor-open-lightbox=\"yes\" data-elementor-lightbox-slideshow=\"0bff563\" data-elementor-lightbox-title=\"Interior de vivienda con cubierta de teitu n&#039;Ecomus\u00e9u de Somiedu\" data-e-action-hash=\"#elementor-action%3Aaction%3Dlightbox%26settings%3DeyJpZCI6Nzg1LCJ1cmwiOiJodHRwczpcL1wvZXNjdWVsYWRldGVpdGF1LmNvbVwvd3AtY29udGVudFwvdXBsb2Fkc1wvMjAyNFwvMDZcLzE0LmpwZyIsInNsaWRlc2hvdyI6IjBiZmY1NjMifQ%3D%3D\" href='https:\/\/escueladeteitau.com\/wp-content\/uploads\/2024\/06\/14.jpg'><img loading=\"lazy\" decoding=\"async\" width=\"700\" height=\"700\" src=\"https:\/\/escueladeteitau.com\/wp-content\/uploads\/2024\/06\/14-700x700.jpg\" class=\"attachment-musico-discography-grid size-musico-discography-grid\" alt=\"\" srcset=\"https:\/\/escueladeteitau.com\/wp-content\/uploads\/2024\/06\/14-700x700.jpg 700w, https:\/\/escueladeteitau.com\/wp-content\/uploads\/2024\/06\/14-150x150.jpg 150w, https:\/\/escueladeteitau.com\/wp-content\/uploads\/2024\/06\/14-610x610.jpg 610w\" sizes=\"(max-width: 700px) 100vw, 700px\" \/><\/a>\n\t\t\t<\/dt><\/dl><br style=\"clear: both\" \/><dl class='gallery-item'>\n\t\t\t<dt class='gallery-icon portrait'>\n\t\t\t\t<a data-elementor-open-lightbox=\"yes\" data-elementor-lightbox-slideshow=\"0bff563\" data-elementor-lightbox-title=\"Vivienda de teito na Falguera, Somiedu\" data-e-action-hash=\"#elementor-action%3Aaction%3Dlightbox%26settings%3DeyJpZCI6Nzg2LCJ1cmwiOiJodHRwczpcL1wvZXNjdWVsYWRldGVpdGF1LmNvbVwvd3AtY29udGVudFwvdXBsb2Fkc1wvMjAyNFwvMDZcLzE1LmpwZyIsInNsaWRlc2hvdyI6IjBiZmY1NjMifQ%3D%3D\" href='https:\/\/escueladeteitau.com\/wp-content\/uploads\/2024\/06\/15.jpg'><img loading=\"lazy\" decoding=\"async\" width=\"700\" height=\"700\" src=\"https:\/\/escueladeteitau.com\/wp-content\/uploads\/2024\/06\/15-700x700.jpg\" class=\"attachment-musico-discography-grid size-musico-discography-grid\" alt=\"\" srcset=\"https:\/\/escueladeteitau.com\/wp-content\/uploads\/2024\/06\/15-700x700.jpg 700w, https:\/\/escueladeteitau.com\/wp-content\/uploads\/2024\/06\/15-150x150.jpg 150w, https:\/\/escueladeteitau.com\/wp-content\/uploads\/2024\/06\/15-610x610.jpg 610w\" sizes=\"(max-width: 700px) 100vw, 700px\" \/><\/a>\n\t\t\t<\/dt><\/dl><dl class='gallery-item'>\n\t\t\t<dt class='gallery-icon landscape'>\n\t\t\t\t<a data-elementor-open-lightbox=\"yes\" data-elementor-lightbox-slideshow=\"0bff563\" data-elementor-lightbox-title=\"Viviendes con cubierta de teitu nel Ecomus\u00e9u de Somiedu, Veigas\" data-e-action-hash=\"#elementor-action%3Aaction%3Dlightbox%26settings%3DeyJpZCI6Nzg3LCJ1cmwiOiJodHRwczpcL1wvZXNjdWVsYWRldGVpdGF1LmNvbVwvd3AtY29udGVudFwvdXBsb2Fkc1wvMjAyNFwvMDZcLzE2LmpwZyIsInNsaWRlc2hvdyI6IjBiZmY1NjMifQ%3D%3D\" href='https:\/\/escueladeteitau.com\/wp-content\/uploads\/2024\/06\/16.jpg'><img loading=\"lazy\" decoding=\"async\" width=\"700\" height=\"700\" src=\"https:\/\/escueladeteitau.com\/wp-content\/uploads\/2024\/06\/16-700x700.jpg\" class=\"attachment-musico-discography-grid size-musico-discography-grid\" alt=\"\" srcset=\"https:\/\/escueladeteitau.com\/wp-content\/uploads\/2024\/06\/16-700x700.jpg 700w, https:\/\/escueladeteitau.com\/wp-content\/uploads\/2024\/06\/16-150x150.jpg 150w, https:\/\/escueladeteitau.com\/wp-content\/uploads\/2024\/06\/16-610x610.jpg 610w\" sizes=\"(max-width: 700px) 100vw, 700px\" \/><\/a>\n\t\t\t<\/dt><\/dl><br style=\"clear: both\" \/><dl class='gallery-item'>\n\t\t\t<dt class='gallery-icon landscape'>\n\t\t\t\t<a data-elementor-open-lightbox=\"yes\" data-elementor-lightbox-slideshow=\"0bff563\" data-elementor-lightbox-title=\"Viviendes con cubierta de teitu nel Ecomus\u00e9u de Somiedu, Veigas\" data-e-action-hash=\"#elementor-action%3Aaction%3Dlightbox%26settings%3DeyJpZCI6Nzg4LCJ1cmwiOiJodHRwczpcL1wvZXNjdWVsYWRldGVpdGF1LmNvbVwvd3AtY29udGVudFwvdXBsb2Fkc1wvMjAyNFwvMDZcLzE3LmpwZyIsInNsaWRlc2hvdyI6IjBiZmY1NjMifQ%3D%3D\" href='https:\/\/escueladeteitau.com\/wp-content\/uploads\/2024\/06\/17.jpg'><img loading=\"lazy\" decoding=\"async\" width=\"700\" height=\"700\" src=\"https:\/\/escueladeteitau.com\/wp-content\/uploads\/2024\/06\/17-700x700.jpg\" class=\"attachment-musico-discography-grid size-musico-discography-grid\" alt=\"\" srcset=\"https:\/\/escueladeteitau.com\/wp-content\/uploads\/2024\/06\/17-700x700.jpg 700w, https:\/\/escueladeteitau.com\/wp-content\/uploads\/2024\/06\/17-150x150.jpg 150w, https:\/\/escueladeteitau.com\/wp-content\/uploads\/2024\/06\/17-610x610.jpg 610w\" sizes=\"(max-width: 700px) 100vw, 700px\" \/><\/a>\n\t\t\t<\/dt><\/dl><dl class='gallery-item'>\n\t\t\t<dt class='gallery-icon landscape'>\n\t\t\t\t<a data-elementor-open-lightbox=\"yes\" data-elementor-lightbox-slideshow=\"0bff563\" data-elementor-lightbox-title=\"Teitu na Bra\u00f1a de !!amaraxil, Teberga\" data-e-action-hash=\"#elementor-action%3Aaction%3Dlightbox%26settings%3DeyJpZCI6Nzg5LCJ1cmwiOiJodHRwczpcL1wvZXNjdWVsYWRldGVpdGF1LmNvbVwvd3AtY29udGVudFwvdXBsb2Fkc1wvMjAyNFwvMDZcLzE4LmpwZyIsInNsaWRlc2hvdyI6IjBiZmY1NjMifQ%3D%3D\" href='https:\/\/escueladeteitau.com\/wp-content\/uploads\/2024\/06\/18.jpg'><img loading=\"lazy\" decoding=\"async\" width=\"700\" height=\"700\" src=\"https:\/\/escueladeteitau.com\/wp-content\/uploads\/2024\/06\/18-700x700.jpg\" class=\"attachment-musico-discography-grid size-musico-discography-grid\" alt=\"\" srcset=\"https:\/\/escueladeteitau.com\/wp-content\/uploads\/2024\/06\/18-700x700.jpg 700w, https:\/\/escueladeteitau.com\/wp-content\/uploads\/2024\/06\/18-150x150.jpg 150w, https:\/\/escueladeteitau.com\/wp-content\/uploads\/2024\/06\/18-610x610.jpg 610w\" sizes=\"(max-width: 700px) 100vw, 700px\" \/><\/a>\n\t\t\t<\/dt><\/dl><br style=\"clear: both\" \/><dl class='gallery-item'>\n\t\t\t<dt class='gallery-icon landscape'>\n\t\t\t\t<a data-elementor-open-lightbox=\"yes\" data-elementor-lightbox-slideshow=\"0bff563\" data-elementor-lightbox-title=\"Teitos en La Pornacal, Somiedo\" data-e-action-hash=\"#elementor-action%3Aaction%3Dlightbox%26settings%3DeyJpZCI6NzkxLCJ1cmwiOiJodHRwczpcL1wvZXNjdWVsYWRldGVpdGF1LmNvbVwvd3AtY29udGVudFwvdXBsb2Fkc1wvMjAyNFwvMDZcLzIwLmpwZyIsInNsaWRlc2hvdyI6IjBiZmY1NjMifQ%3D%3D\" href='https:\/\/escueladeteitau.com\/wp-content\/uploads\/2024\/06\/20.jpg'><img loading=\"lazy\" decoding=\"async\" width=\"700\" height=\"700\" src=\"https:\/\/escueladeteitau.com\/wp-content\/uploads\/2024\/06\/20-700x700.jpg\" class=\"attachment-musico-discography-grid size-musico-discography-grid\" alt=\"\" srcset=\"https:\/\/escueladeteitau.com\/wp-content\/uploads\/2024\/06\/20-700x700.jpg 700w, https:\/\/escueladeteitau.com\/wp-content\/uploads\/2024\/06\/20-150x150.jpg 150w, https:\/\/escueladeteitau.com\/wp-content\/uploads\/2024\/06\/20-610x610.jpg 610w\" sizes=\"(max-width: 700px) 100vw, 700px\" \/><\/a>\n\t\t\t<\/dt><\/dl><dl class='gallery-item'>\n\t\t\t<dt class='gallery-icon landscape'>\n\t\t\t\t<a data-elementor-open-lightbox=\"yes\" data-elementor-lightbox-slideshow=\"0bff563\" data-elementor-lightbox-title=\"Teito en ruinas en La Pornacal\" data-e-action-hash=\"#elementor-action%3Aaction%3Dlightbox%26settings%3DeyJpZCI6ODI0LCJ1cmwiOiJodHRwczpcL1wvZXNjdWVsYWRldGVpdGF1LmNvbVwvd3AtY29udGVudFwvdXBsb2Fkc1wvMjAyNFwvMDZcL0lNR18yMDIzMDUwNl8xMjMzNTUuanBnIiwic2xpZGVzaG93IjoiMGJmZjU2MyJ9\" href='https:\/\/escueladeteitau.com\/wp-content\/uploads\/2024\/06\/IMG_20230506_123355.jpg'><img loading=\"lazy\" decoding=\"async\" width=\"700\" height=\"700\" src=\"https:\/\/escueladeteitau.com\/wp-content\/uploads\/2024\/06\/IMG_20230506_123355-700x700.jpg\" class=\"attachment-musico-discography-grid size-musico-discography-grid\" alt=\"\" srcset=\"https:\/\/escueladeteitau.com\/wp-content\/uploads\/2024\/06\/IMG_20230506_123355-700x700.jpg 700w, https:\/\/escueladeteitau.com\/wp-content\/uploads\/2024\/06\/IMG_20230506_123355-150x150.jpg 150w, https:\/\/escueladeteitau.com\/wp-content\/uploads\/2024\/06\/IMG_20230506_123355-610x610.jpg 610w\" sizes=\"(max-width: 700px) 100vw, 700px\" \/><\/a>\n\t\t\t<\/dt><\/dl><br style=\"clear: both\" \/><dl class='gallery-item'>\n\t\t\t<dt class='gallery-icon portrait'>\n\t\t\t\t<a data-elementor-open-lightbox=\"yes\" data-elementor-lightbox-slideshow=\"0bff563\" data-elementor-lightbox-title=\"Teito en La Falguera, Somiedo\" data-e-action-hash=\"#elementor-action%3Aaction%3Dlightbox%26settings%3DeyJpZCI6NzkzLCJ1cmwiOiJodHRwczpcL1wvZXNjdWVsYWRldGVpdGF1LmNvbVwvd3AtY29udGVudFwvdXBsb2Fkc1wvMjAyNFwvMDZcLzIyLmpwZyIsInNsaWRlc2hvdyI6IjBiZmY1NjMifQ%3D%3D\" href='https:\/\/escueladeteitau.com\/wp-content\/uploads\/2024\/06\/22.jpg'><img loading=\"lazy\" decoding=\"async\" width=\"700\" height=\"700\" src=\"https:\/\/escueladeteitau.com\/wp-content\/uploads\/2024\/06\/22-700x700.jpg\" class=\"attachment-musico-discography-grid size-musico-discography-grid\" alt=\"\" srcset=\"https:\/\/escueladeteitau.com\/wp-content\/uploads\/2024\/06\/22-700x700.jpg 700w, https:\/\/escueladeteitau.com\/wp-content\/uploads\/2024\/06\/22-150x150.jpg 150w, https:\/\/escueladeteitau.com\/wp-content\/uploads\/2024\/06\/22-610x610.jpg 610w\" sizes=\"(max-width: 700px) 100vw, 700px\" \/><\/a>\n\t\t\t<\/dt><\/dl><dl class='gallery-item'>\n\t\t\t<dt class='gallery-icon portrait'>\n\t\t\t\t<a data-elementor-open-lightbox=\"yes\" data-elementor-lightbox-slideshow=\"0bff563\" data-elementor-lightbox-title=\"Teitando en la Bra\u00f1a del Revech\u00f3n, Teverga\" data-e-action-hash=\"#elementor-action%3Aaction%3Dlightbox%26settings%3DeyJpZCI6Nzk0LCJ1cmwiOiJodHRwczpcL1wvZXNjdWVsYWRldGVpdGF1LmNvbVwvd3AtY29udGVudFwvdXBsb2Fkc1wvMjAyNFwvMDZcLzIzLmpwZyIsInNsaWRlc2hvdyI6IjBiZmY1NjMifQ%3D%3D\" href='https:\/\/escueladeteitau.com\/wp-content\/uploads\/2024\/06\/23.jpg'><img loading=\"lazy\" decoding=\"async\" width=\"700\" height=\"700\" src=\"https:\/\/escueladeteitau.com\/wp-content\/uploads\/2024\/06\/23-700x700.jpg\" class=\"attachment-musico-discography-grid size-musico-discography-grid\" alt=\"\" srcset=\"https:\/\/escueladeteitau.com\/wp-content\/uploads\/2024\/06\/23-700x700.jpg 700w, https:\/\/escueladeteitau.com\/wp-content\/uploads\/2024\/06\/23-150x150.jpg 150w, https:\/\/escueladeteitau.com\/wp-content\/uploads\/2024\/06\/23-610x610.jpg 610w\" sizes=\"(max-width: 700px) 100vw, 700px\" \/><\/a>\n\t\t\t<\/dt><\/dl><br style=\"clear: both\" \/><dl class='gallery-item'>\n\t\t\t<dt class='gallery-icon landscape'>\n\t\t\t\t<a data-elementor-open-lightbox=\"yes\" data-elementor-lightbox-slideshow=\"0bff563\" data-elementor-lightbox-title=\"Teitu derru\u00edu na Bra\u00f1a de Mumiam, Somiedu\" data-e-action-hash=\"#elementor-action%3Aaction%3Dlightbox%26settings%3DeyJpZCI6Nzk1LCJ1cmwiOiJodHRwczpcL1wvZXNjdWVsYWRldGVpdGF1LmNvbVwvd3AtY29udGVudFwvdXBsb2Fkc1wvMjAyNFwvMDZcLzI0LmpwZyIsInNsaWRlc2hvdyI6IjBiZmY1NjMifQ%3D%3D\" href='https:\/\/escueladeteitau.com\/wp-content\/uploads\/2024\/06\/24.jpg'><img loading=\"lazy\" decoding=\"async\" width=\"700\" height=\"700\" src=\"https:\/\/escueladeteitau.com\/wp-content\/uploads\/2024\/06\/24-700x700.jpg\" class=\"attachment-musico-discography-grid size-musico-discography-grid\" alt=\"\" srcset=\"https:\/\/escueladeteitau.com\/wp-content\/uploads\/2024\/06\/24-700x700.jpg 700w, https:\/\/escueladeteitau.com\/wp-content\/uploads\/2024\/06\/24-150x150.jpg 150w, https:\/\/escueladeteitau.com\/wp-content\/uploads\/2024\/06\/24-610x610.jpg 610w\" sizes=\"(max-width: 700px) 100vw, 700px\" \/><\/a>\n\t\t\t<\/dt><\/dl><dl class='gallery-item'>\n\t\t\t<dt class='gallery-icon portrait'>\n\t\t\t\t<a data-elementor-open-lightbox=\"yes\" data-elementor-lightbox-slideshow=\"0bff563\" data-elementor-lightbox-title=\"Teito na Pornacal, Somiedu\" data-e-action-hash=\"#elementor-action%3Aaction%3Dlightbox%26settings%3DeyJpZCI6Nzk2LCJ1cmwiOiJodHRwczpcL1wvZXNjdWVsYWRldGVpdGF1LmNvbVwvd3AtY29udGVudFwvdXBsb2Fkc1wvMjAyNFwvMDZcLzI1LmpwZyIsInNsaWRlc2hvdyI6IjBiZmY1NjMifQ%3D%3D\" href='https:\/\/escueladeteitau.com\/wp-content\/uploads\/2024\/06\/25.jpg'><img loading=\"lazy\" decoding=\"async\" width=\"700\" height=\"700\" src=\"https:\/\/escueladeteitau.com\/wp-content\/uploads\/2024\/06\/25-700x700.jpg\" class=\"attachment-musico-discography-grid size-musico-discography-grid\" alt=\"\" srcset=\"https:\/\/escueladeteitau.com\/wp-content\/uploads\/2024\/06\/25-700x700.jpg 700w, https:\/\/escueladeteitau.com\/wp-content\/uploads\/2024\/06\/25-150x150.jpg 150w, https:\/\/escueladeteitau.com\/wp-content\/uploads\/2024\/06\/25-610x610.jpg 610w\" sizes=\"(max-width: 700px) 100vw, 700px\" \/><\/a>\n\t\t\t<\/dt><\/dl><br style=\"clear: both\" \/><dl class='gallery-item'>\n\t\t\t<dt class='gallery-icon landscape'>\n\t\t\t\t<a data-elementor-open-lightbox=\"yes\" data-elementor-lightbox-slideshow=\"0bff563\" data-elementor-lightbox-title=\"Teitu en Bra\u00f1a de Murias, Somiedu\" data-e-action-hash=\"#elementor-action%3Aaction%3Dlightbox%26settings%3DeyJpZCI6Nzk3LCJ1cmwiOiJodHRwczpcL1wvZXNjdWVsYWRldGVpdGF1LmNvbVwvd3AtY29udGVudFwvdXBsb2Fkc1wvMjAyNFwvMDZcLzI2LmpwZyIsInNsaWRlc2hvdyI6IjBiZmY1NjMifQ%3D%3D\" href='https:\/\/escueladeteitau.com\/wp-content\/uploads\/2024\/06\/26.jpg'><img loading=\"lazy\" decoding=\"async\" width=\"700\" height=\"700\" src=\"https:\/\/escueladeteitau.com\/wp-content\/uploads\/2024\/06\/26-700x700.jpg\" class=\"attachment-musico-discography-grid size-musico-discography-grid\" alt=\"\" srcset=\"https:\/\/escueladeteitau.com\/wp-content\/uploads\/2024\/06\/26-700x700.jpg 700w, https:\/\/escueladeteitau.com\/wp-content\/uploads\/2024\/06\/26-150x150.jpg 150w, https:\/\/escueladeteitau.com\/wp-content\/uploads\/2024\/06\/26-610x610.jpg 610w\" sizes=\"(max-width: 700px) 100vw, 700px\" \/><\/a>\n\t\t\t<\/dt><\/dl><dl class='gallery-item'>\n\t\t\t<dt class='gallery-icon landscape'>\n\t\t\t\t<a data-elementor-open-lightbox=\"yes\" data-elementor-lightbox-slideshow=\"0bff563\" data-elementor-lightbox-title=\"Teitos en Mumiam, Somiedu\" data-e-action-hash=\"#elementor-action%3Aaction%3Dlightbox%26settings%3DeyJpZCI6Nzk4LCJ1cmwiOiJodHRwczpcL1wvZXNjdWVsYWRldGVpdGF1LmNvbVwvd3AtY29udGVudFwvdXBsb2Fkc1wvMjAyNFwvMDZcLzI3LmpwZyIsInNsaWRlc2hvdyI6IjBiZmY1NjMifQ%3D%3D\" href='https:\/\/escueladeteitau.com\/wp-content\/uploads\/2024\/06\/27.jpg'><img loading=\"lazy\" decoding=\"async\" width=\"700\" height=\"700\" src=\"https:\/\/escueladeteitau.com\/wp-content\/uploads\/2024\/06\/27-700x700.jpg\" class=\"attachment-musico-discography-grid size-musico-discography-grid\" alt=\"\" srcset=\"https:\/\/escueladeteitau.com\/wp-content\/uploads\/2024\/06\/27-700x700.jpg 700w, https:\/\/escueladeteitau.com\/wp-content\/uploads\/2024\/06\/27-150x150.jpg 150w, https:\/\/escueladeteitau.com\/wp-content\/uploads\/2024\/06\/27-610x610.jpg 610w\" sizes=\"(max-width: 700px) 100vw, 700px\" \/><\/a>\n\t\t\t<\/dt><\/dl><br style=\"clear: both\" \/><dl class='gallery-item'>\n\t\t\t<dt class='gallery-icon landscape'>\n\t\t\t\t<a data-elementor-open-lightbox=\"yes\" data-elementor-lightbox-slideshow=\"0bff563\" data-elementor-lightbox-title=\"Teitos en Mumiam, Somiedu\" data-e-action-hash=\"#elementor-action%3Aaction%3Dlightbox%26settings%3DeyJpZCI6ODAwLCJ1cmwiOiJodHRwczpcL1wvZXNjdWVsYWRldGVpdGF1LmNvbVwvd3AtY29udGVudFwvdXBsb2Fkc1wvMjAyNFwvMDZcLzI5LmpwZyIsInNsaWRlc2hvdyI6IjBiZmY1NjMifQ%3D%3D\" href='https:\/\/escueladeteitau.com\/wp-content\/uploads\/2024\/06\/29.jpg'><img loading=\"lazy\" decoding=\"async\" width=\"700\" height=\"693\" src=\"https:\/\/escueladeteitau.com\/wp-content\/uploads\/2024\/06\/29-700x693.jpg\" class=\"attachment-musico-discography-grid size-musico-discography-grid\" alt=\"\" srcset=\"https:\/\/escueladeteitau.com\/wp-content\/uploads\/2024\/06\/29-700x693.jpg 700w, https:\/\/escueladeteitau.com\/wp-content\/uploads\/2024\/06\/29-150x150.jpg 150w\" sizes=\"(max-width: 700px) 100vw, 700px\" \/><\/a>\n\t\t\t<\/dt><\/dl><dl class='gallery-item'>\n\t\t\t<dt class='gallery-icon portrait'>\n\t\t\t\t<a data-elementor-open-lightbox=\"yes\" data-elementor-lightbox-slideshow=\"0bff563\" data-elementor-lightbox-title=\"Cubierta de teitu\" data-e-action-hash=\"#elementor-action%3Aaction%3Dlightbox%26settings%3DeyJpZCI6ODAxLCJ1cmwiOiJodHRwczpcL1wvZXNjdWVsYWRldGVpdGF1LmNvbVwvd3AtY29udGVudFwvdXBsb2Fkc1wvMjAyNFwvMDZcLzMwLmpwZyIsInNsaWRlc2hvdyI6IjBiZmY1NjMifQ%3D%3D\" href='https:\/\/escueladeteitau.com\/wp-content\/uploads\/2024\/06\/30.jpg'><img loading=\"lazy\" decoding=\"async\" width=\"700\" height=\"700\" src=\"https:\/\/escueladeteitau.com\/wp-content\/uploads\/2024\/06\/30-700x700.jpg\" class=\"attachment-musico-discography-grid size-musico-discography-grid\" alt=\"\" srcset=\"https:\/\/escueladeteitau.com\/wp-content\/uploads\/2024\/06\/30-700x700.jpg 700w, https:\/\/escueladeteitau.com\/wp-content\/uploads\/2024\/06\/30-150x150.jpg 150w, https:\/\/escueladeteitau.com\/wp-content\/uploads\/2024\/06\/30-610x610.jpg 610w\" sizes=\"(max-width: 700px) 100vw, 700px\" \/><\/a>\n\t\t\t<\/dt><\/dl><br style=\"clear: both\" \/><dl class='gallery-item'>\n\t\t\t<dt class='gallery-icon portrait'>\n\t\t\t\t<a data-elementor-open-lightbox=\"yes\" data-elementor-lightbox-slideshow=\"0bff563\" data-elementor-lightbox-title=\"Francisco Ruiz Tilve. El Valle, Somiedu. 16\/04\/65 (Mus\u00e9u del Pueblu d\u00b4Asturies)\" data-e-action-hash=\"#elementor-action%3Aaction%3Dlightbox%26settings%3DeyJpZCI6ODE3LCJ1cmwiOiJodHRwczpcL1wvZXNjdWVsYWRldGVpdGF1LmNvbVwvd3AtY29udGVudFwvdXBsb2Fkc1wvMjAyNFwvMDZcL0ZGMDUwNzQzXzIxMjEuanBnIiwic2xpZGVzaG93IjoiMGJmZjU2MyJ9\" href='https:\/\/escueladeteitau.com\/wp-content\/uploads\/2024\/06\/FF050743_2121.jpg'><img loading=\"lazy\" decoding=\"async\" width=\"700\" height=\"700\" src=\"https:\/\/escueladeteitau.com\/wp-content\/uploads\/2024\/06\/FF050743_2121-700x700.jpg\" class=\"attachment-musico-discography-grid size-musico-discography-grid\" alt=\"\" srcset=\"https:\/\/escueladeteitau.com\/wp-content\/uploads\/2024\/06\/FF050743_2121-700x700.jpg 700w, https:\/\/escueladeteitau.com\/wp-content\/uploads\/2024\/06\/FF050743_2121-150x150.jpg 150w, https:\/\/escueladeteitau.com\/wp-content\/uploads\/2024\/06\/FF050743_2121-610x610.jpg 610w\" sizes=\"(max-width: 700px) 100vw, 700px\" \/><\/a>\n\t\t\t<\/dt><\/dl><dl class='gallery-item'>\n\t\t\t<dt class='gallery-icon landscape'>\n\t\t\t\t<a data-elementor-open-lightbox=\"yes\" data-elementor-lightbox-slideshow=\"0bff563\" data-elementor-lightbox-title=\"Juan Ur\u00eda R\u00edu. Horru con cubierta vexetal (teito) xuntu con cases de l&#039;aldega de Urr\u00eda y dos varones con gan\u00e1u. 1901-1925 (Mus\u00e9u del Pueblu d\u00b4Asturies)\" data-e-action-hash=\"#elementor-action%3Aaction%3Dlightbox%26settings%3DeyJpZCI6ODE4LCJ1cmwiOiJodHRwczpcL1wvZXNjdWVsYWRldGVpdGF1LmNvbVwvd3AtY29udGVudFwvdXBsb2Fkc1wvMjAyNFwvMDZcL0ZGMDUzNDgyLmpwZyIsInNsaWRlc2hvdyI6IjBiZmY1NjMifQ%3D%3D\" href='https:\/\/escueladeteitau.com\/wp-content\/uploads\/2024\/06\/FF053482.jpg'><img loading=\"lazy\" decoding=\"async\" width=\"700\" height=\"700\" src=\"https:\/\/escueladeteitau.com\/wp-content\/uploads\/2024\/06\/FF053482-700x700.jpg\" class=\"attachment-musico-discography-grid size-musico-discography-grid\" alt=\"\" srcset=\"https:\/\/escueladeteitau.com\/wp-content\/uploads\/2024\/06\/FF053482-700x700.jpg 700w, https:\/\/escueladeteitau.com\/wp-content\/uploads\/2024\/06\/FF053482-150x150.jpg 150w, https:\/\/escueladeteitau.com\/wp-content\/uploads\/2024\/06\/FF053482-610x610.jpg 610w\" sizes=\"(max-width: 700px) 100vw, 700px\" \/><\/a>\n\t\t\t<\/dt><\/dl><br style=\"clear: both\" \/><dl class='gallery-item'>\n\t\t\t<dt class='gallery-icon landscape'>\n\t\t\t\t<a data-elementor-open-lightbox=\"yes\" data-elementor-lightbox-slideshow=\"0bff563\" data-elementor-lightbox-title=\"Mar\u00eda C\u00e1tedra Tom\u00e1s. Llabores agr\u00edcoles y ganaderes en territoriu vaqueiru. Busin\u00e1n, Parroquia de Naraval, Tin\u00e9u. 1970-1975 (Mus\u00e9u del Pueblu d\u00b4Asturies)\" data-e-action-hash=\"#elementor-action%3Aaction%3Dlightbox%26settings%3DeyJpZCI6ODE5LCJ1cmwiOiJodHRwczpcL1wvZXNjdWVsYWRldGVpdGF1LmNvbVwvd3AtY29udGVudFwvdXBsb2Fkc1wvMjAyNFwvMDZcL01DLTAxMC5qcGciLCJzbGlkZXNob3ciOiIwYmZmNTYzIn0%3D\" href='https:\/\/escueladeteitau.com\/wp-content\/uploads\/2024\/06\/MC-010.jpg'><img loading=\"lazy\" decoding=\"async\" width=\"700\" height=\"700\" src=\"https:\/\/escueladeteitau.com\/wp-content\/uploads\/2024\/06\/MC-010-700x700.jpg\" class=\"attachment-musico-discography-grid size-musico-discography-grid\" alt=\"\" srcset=\"https:\/\/escueladeteitau.com\/wp-content\/uploads\/2024\/06\/MC-010-700x700.jpg 700w, https:\/\/escueladeteitau.com\/wp-content\/uploads\/2024\/06\/MC-010-150x150.jpg 150w, https:\/\/escueladeteitau.com\/wp-content\/uploads\/2024\/06\/MC-010-610x610.jpg 610w\" sizes=\"(max-width: 700px) 100vw, 700px\" \/><\/a>\n\t\t\t<\/dt><\/dl><dl class='gallery-item'>\n\t\t\t<dt class='gallery-icon landscape'>\n\t\t\t\t<a data-elementor-open-lightbox=\"yes\" data-elementor-lightbox-slideshow=\"0bff563\" data-elementor-lightbox-title=\"Marqu\u00e9s de Santa Mar\u00eda del Villar. Santa Mar\u00eda del Puertu, Somiedu. 1910  (Mus\u00e9u del Pueblu d\u00b4Asturies)\" data-e-action-hash=\"#elementor-action%3Aaction%3Dlightbox%26settings%3DeyJpZCI6ODIwLCJ1cmwiOiJodHRwczpcL1wvZXNjdWVsYWRldGVpdGF1LmNvbVwvd3AtY29udGVudFwvdXBsb2Fkc1wvMjAyNFwvMDZcL01TTVZfMDcyLmpwZyIsInNsaWRlc2hvdyI6IjBiZmY1NjMifQ%3D%3D\" href='https:\/\/escueladeteitau.com\/wp-content\/uploads\/2024\/06\/MSMV_072.jpg'><img loading=\"lazy\" decoding=\"async\" width=\"700\" height=\"700\" src=\"https:\/\/escueladeteitau.com\/wp-content\/uploads\/2024\/06\/MSMV_072-700x700.jpg\" class=\"attachment-musico-discography-grid size-musico-discography-grid\" alt=\"\" srcset=\"https:\/\/escueladeteitau.com\/wp-content\/uploads\/2024\/06\/MSMV_072-700x700.jpg 700w, https:\/\/escueladeteitau.com\/wp-content\/uploads\/2024\/06\/MSMV_072-150x150.jpg 150w, https:\/\/escueladeteitau.com\/wp-content\/uploads\/2024\/06\/MSMV_072-610x610.jpg 610w\" sizes=\"(max-width: 700px) 100vw, 700px\" \/><\/a>\n\t\t\t<\/dt><\/dl><br style=\"clear: both\" \/><dl class='gallery-item'>\n\t\t\t<dt class='gallery-icon landscape'>\n\t\t\t\t<a data-elementor-open-lightbox=\"yes\" data-elementor-lightbox-slideshow=\"0bff563\" data-elementor-lightbox-title=\"Pedro Alonso Rebollar. Carme &quot;la Texedora&quot; y el so f\u00edu na casa d&#039;Ismael &quot;el Serondu&quot; en Valle del Llagu, Somiedu. 1955 (Mus\u00e9u del Pueblu d\u00b4Asturies)\" data-e-action-hash=\"#elementor-action%3Aaction%3Dlightbox%26settings%3DeyJpZCI6ODIxLCJ1cmwiOiJodHRwczpcL1wvZXNjdWVsYWRldGVpdGF1LmNvbVwvd3AtY29udGVudFwvdXBsb2Fkc1wvMjAyNFwvMDZcL1BBUi1ORUctNng2LTA1MjctRkYwNTI5MzAuanBnIiwic2xpZGVzaG93IjoiMGJmZjU2MyJ9\" href='https:\/\/escueladeteitau.com\/wp-content\/uploads\/2024\/06\/PAR-NEG-6x6-0527-FF052930.jpg'><img loading=\"lazy\" decoding=\"async\" width=\"700\" height=\"700\" src=\"https:\/\/escueladeteitau.com\/wp-content\/uploads\/2024\/06\/PAR-NEG-6x6-0527-FF052930-700x700.jpg\" class=\"attachment-musico-discography-grid size-musico-discography-grid\" alt=\"\" srcset=\"https:\/\/escueladeteitau.com\/wp-content\/uploads\/2024\/06\/PAR-NEG-6x6-0527-FF052930-700x700.jpg 700w, https:\/\/escueladeteitau.com\/wp-content\/uploads\/2024\/06\/PAR-NEG-6x6-0527-FF052930-150x150.jpg 150w, https:\/\/escueladeteitau.com\/wp-content\/uploads\/2024\/06\/PAR-NEG-6x6-0527-FF052930-610x610.jpg 610w\" sizes=\"(max-width: 700px) 100vw, 700px\" \/><\/a>\n\t\t\t<\/dt><\/dl>\n\t\t\t<br style='clear: both' \/>\n\t\t<\/div>\n\t\t<\/div>\n\t\t\t\t<\/div>\n\t\t\t\t<\/div>\n\t\t\t\t\t<\/div>\n\t\t\t\t<\/div>\n\t\t\t\t<\/div>\n\t\t","protected":false},"excerpt":{"rendered":"<p>LOS TEITOS Las cabanas de teitu son caba\u00f1es de piedra con cubierta vexetal asitiaes nes bra\u00f1es, que yeren poblaos braniegos p&#8217;aprovechamientu de camperes de pastu de monte. At\u00f3pense nosconceyos de Somiedu y Teberga, dambes zones protex\u00edes n&#8217;Asturies. Las cabanas o [&hellip;]<\/p>\n","protected":false},"author":1,"featured_media":0,"parent":0,"menu_order":0,"comment_status":"closed","ping_status":"closed","template":"elementor_header_footer","meta":{"footnotes":""},"class_list":["post-712","page","type-page","status-publish","hentry"],"yoast_head":"<!-- This site is optimized with the Yoast SEO plugin v23.0 - https:\/\/yoast.com\/wordpress\/plugins\/seo\/ -->\n<title>Los Teitos | Escuela de Teit\u00e1u<\/title>\n<meta name=\"robots\" content=\"index, follow, max-snippet:-1, max-image-preview:large, max-video-preview:-1\" \/>\n<link rel=\"canonical\" href=\"https:\/\/escueladeteitau.com\/ast\/los-teitos\/\" \/>\n<meta property=\"og:locale\" content=\"en_US\" \/>\n<meta property=\"og:type\" content=\"article\" \/>\n<meta property=\"og:title\" content=\"Los Teitos | Escuela de Teit\u00e1u\" \/>\n<meta property=\"og:description\" content=\"LOS TEITOS Las cabanas de teitu son caba\u00f1es de piedra con cubierta vexetal asitiaes nes bra\u00f1es, que yeren poblaos braniegos p&#8217;aprovechamientu de camperes de pastu de monte. At\u00f3pense nosconceyos de Somiedu y Teberga, dambes zones protex\u00edes n&#8217;Asturies. Las cabanas o [&hellip;]\" \/>\n<meta property=\"og:url\" content=\"https:\/\/escueladeteitau.com\/ast\/los-teitos\/\" \/>\n<meta property=\"og:site_name\" content=\"Escuela de Teit\u00e1u\" \/>\n<meta property=\"article:publisher\" content=\"https:\/\/www.instagram.com\/escuela.de.teitau\/\" \/>\n<meta property=\"article:modified_time\" content=\"2024-07-01T17:48:34+00:00\" \/>\n<meta property=\"og:image\" content=\"https:\/\/escueladeteitau.com\/wp-content\/uploads\/2024\/06\/30828-700x700.jpg\" \/>\n<meta name=\"twitter:card\" content=\"summary_large_image\" \/>\n<meta name=\"twitter:label1\" content=\"Est. reading time\" \/>\n\t<meta name=\"twitter:data1\" content=\"2 minutes\" \/>\n<script type=\"application\/ld+json\" class=\"yoast-schema-graph\">{\"@context\":\"https:\/\/schema.org\",\"@graph\":[{\"@type\":\"WebPage\",\"@id\":\"https:\/\/escueladeteitau.com\/ast\/los-teitos\/\",\"url\":\"https:\/\/escueladeteitau.com\/ast\/los-teitos\/\",\"name\":\"Los Teitos | Escuela de Teit\u00e1u\",\"isPartOf\":{\"@id\":\"https:\/\/escueladeteitau.com\/ast\/#website\"},\"primaryImageOfPage\":{\"@id\":\"https:\/\/escueladeteitau.com\/ast\/los-teitos\/#primaryimage\"},\"image\":{\"@id\":\"https:\/\/escueladeteitau.com\/ast\/los-teitos\/#primaryimage\"},\"thumbnailUrl\":\"https:\/\/escueladeteitau.com\/wp-content\/uploads\/2024\/06\/30828-700x700.jpg\",\"datePublished\":\"2024-06-26T10:28:02+00:00\",\"dateModified\":\"2024-07-01T17:48:34+00:00\",\"breadcrumb\":{\"@id\":\"https:\/\/escueladeteitau.com\/ast\/los-teitos\/#breadcrumb\"},\"inLanguage\":\"ast-AS\",\"potentialAction\":[{\"@type\":\"ReadAction\",\"target\":[\"https:\/\/escueladeteitau.com\/ast\/los-teitos\/\"]}]},{\"@type\":\"ImageObject\",\"inLanguage\":\"ast-AS\",\"@id\":\"https:\/\/escueladeteitau.com\/ast\/los-teitos\/#primaryimage\",\"url\":\"https:\/\/escueladeteitau.com\/wp-content\/uploads\/2024\/06\/30828-700x700.jpg\",\"contentUrl\":\"https:\/\/escueladeteitau.com\/wp-content\/uploads\/2024\/06\/30828-700x700.jpg\"},{\"@type\":\"BreadcrumbList\",\"@id\":\"https:\/\/escueladeteitau.com\/ast\/los-teitos\/#breadcrumb\",\"itemListElement\":[{\"@type\":\"ListItem\",\"position\":1,\"name\":\"Home\",\"item\":\"https:\/\/escueladeteitau.com\/ast\/\"},{\"@type\":\"ListItem\",\"position\":2,\"name\":\"Los Teitos\"}]},{\"@type\":\"WebSite\",\"@id\":\"https:\/\/escueladeteitau.com\/ast\/#website\",\"url\":\"https:\/\/escueladeteitau.com\/ast\/\",\"name\":\"Escuela de Teit\u00e1u\",\"description\":\"Un proyecto para la recuperaci\u00f3n de las caba\u00f1as de teito\",\"publisher\":{\"@id\":\"https:\/\/escueladeteitau.com\/ast\/#organization\"},\"alternateName\":\"Un proyecto para la recuperaci\u00f3n de las caba\u00f1as de teito\",\"potentialAction\":[{\"@type\":\"SearchAction\",\"target\":{\"@type\":\"EntryPoint\",\"urlTemplate\":\"https:\/\/escueladeteitau.com\/ast\/?s={search_term_string}\"},\"query-input\":\"required name=search_term_string\"}],\"inLanguage\":\"ast-AS\"},{\"@type\":\"Organization\",\"@id\":\"https:\/\/escueladeteitau.com\/ast\/#organization\",\"name\":\"Escuela de Teit\u00e1u\",\"url\":\"https:\/\/escueladeteitau.com\/ast\/\",\"logo\":{\"@type\":\"ImageObject\",\"inLanguage\":\"ast-AS\",\"@id\":\"https:\/\/escueladeteitau.com\/ast\/#\/schema\/logo\/image\/\",\"url\":\"https:\/\/escueladeteitau.com\/wp-content\/uploads\/2024\/06\/Logo-Negro.png\",\"contentUrl\":\"https:\/\/escueladeteitau.com\/wp-content\/uploads\/2024\/06\/Logo-Negro.png\",\"width\":825,\"height\":671,\"caption\":\"Escuela de Teit\u00e1u\"},\"image\":{\"@id\":\"https:\/\/escueladeteitau.com\/ast\/#\/schema\/logo\/image\/\"},\"sameAs\":[\"https:\/\/www.instagram.com\/escuela.de.teitau\/\"]}]}<\/script>\n<!-- \/ Yoast SEO plugin. -->","yoast_head_json":{"title":"Los Teitos | Escuela de Teit\u00e1u","robots":{"index":"index","follow":"follow","max-snippet":"max-snippet:-1","max-image-preview":"max-image-preview:large","max-video-preview":"max-video-preview:-1"},"canonical":"https:\/\/escueladeteitau.com\/ast\/los-teitos\/","og_locale":"en_US","og_type":"article","og_title":"Los Teitos | Escuela de Teit\u00e1u","og_description":"LOS TEITOS Las cabanas de teitu son caba\u00f1es de piedra con cubierta vexetal asitiaes nes bra\u00f1es, que yeren poblaos braniegos p&#8217;aprovechamientu de camperes de pastu de monte. At\u00f3pense nosconceyos de Somiedu y Teberga, dambes zones protex\u00edes n&#8217;Asturies. Las cabanas o [&hellip;]","og_url":"https:\/\/escueladeteitau.com\/ast\/los-teitos\/","og_site_name":"Escuela de Teit\u00e1u","article_publisher":"https:\/\/www.instagram.com\/escuela.de.teitau\/","article_modified_time":"2024-07-01T17:48:34+00:00","og_image":[{"url":"https:\/\/escueladeteitau.com\/wp-content\/uploads\/2024\/06\/30828-700x700.jpg"}],"twitter_card":"summary_large_image","twitter_misc":{"Est. reading time":"2 minutes"},"schema":{"@context":"https:\/\/schema.org","@graph":[{"@type":"WebPage","@id":"https:\/\/escueladeteitau.com\/ast\/los-teitos\/","url":"https:\/\/escueladeteitau.com\/ast\/los-teitos\/","name":"Los Teitos | Escuela de Teit\u00e1u","isPartOf":{"@id":"https:\/\/escueladeteitau.com\/ast\/#website"},"primaryImageOfPage":{"@id":"https:\/\/escueladeteitau.com\/ast\/los-teitos\/#primaryimage"},"image":{"@id":"https:\/\/escueladeteitau.com\/ast\/los-teitos\/#primaryimage"},"thumbnailUrl":"https:\/\/escueladeteitau.com\/wp-content\/uploads\/2024\/06\/30828-700x700.jpg","datePublished":"2024-06-26T10:28:02+00:00","dateModified":"2024-07-01T17:48:34+00:00","breadcrumb":{"@id":"https:\/\/escueladeteitau.com\/ast\/los-teitos\/#breadcrumb"},"inLanguage":"ast-AS","potentialAction":[{"@type":"ReadAction","target":["https:\/\/escueladeteitau.com\/ast\/los-teitos\/"]}]},{"@type":"ImageObject","inLanguage":"ast-AS","@id":"https:\/\/escueladeteitau.com\/ast\/los-teitos\/#primaryimage","url":"https:\/\/escueladeteitau.com\/wp-content\/uploads\/2024\/06\/30828-700x700.jpg","contentUrl":"https:\/\/escueladeteitau.com\/wp-content\/uploads\/2024\/06\/30828-700x700.jpg"},{"@type":"BreadcrumbList","@id":"https:\/\/escueladeteitau.com\/ast\/los-teitos\/#breadcrumb","itemListElement":[{"@type":"ListItem","position":1,"name":"Home","item":"https:\/\/escueladeteitau.com\/ast\/"},{"@type":"ListItem","position":2,"name":"Los Teitos"}]},{"@type":"WebSite","@id":"https:\/\/escueladeteitau.com\/ast\/#website","url":"https:\/\/escueladeteitau.com\/ast\/","name":"Escuela de Teit\u00e1u","description":"Un proyecto para la recuperaci\u00f3n de las caba\u00f1as de teito","publisher":{"@id":"https:\/\/escueladeteitau.com\/ast\/#organization"},"alternateName":"Un proyecto para la recuperaci\u00f3n de las caba\u00f1as de teito","potentialAction":[{"@type":"SearchAction","target":{"@type":"EntryPoint","urlTemplate":"https:\/\/escueladeteitau.com\/ast\/?s={search_term_string}"},"query-input":"required name=search_term_string"}],"inLanguage":"ast-AS"},{"@type":"Organization","@id":"https:\/\/escueladeteitau.com\/ast\/#organization","name":"Escuela de Teit\u00e1u","url":"https:\/\/escueladeteitau.com\/ast\/","logo":{"@type":"ImageObject","inLanguage":"ast-AS","@id":"https:\/\/escueladeteitau.com\/ast\/#\/schema\/logo\/image\/","url":"https:\/\/escueladeteitau.com\/wp-content\/uploads\/2024\/06\/Logo-Negro.png","contentUrl":"https:\/\/escueladeteitau.com\/wp-content\/uploads\/2024\/06\/Logo-Negro.png","width":825,"height":671,"caption":"Escuela de Teit\u00e1u"},"image":{"@id":"https:\/\/escueladeteitau.com\/ast\/#\/schema\/logo\/image\/"},"sameAs":["https:\/\/www.instagram.com\/escuela.de.teitau\/"]}]}},"_links":{"self":[{"href":"https:\/\/escueladeteitau.com\/ast\/wp-json\/wp\/v2\/pages\/712","targetHints":{"allow":["GET"]}}],"collection":[{"href":"https:\/\/escueladeteitau.com\/ast\/wp-json\/wp\/v2\/pages"}],"about":[{"href":"https:\/\/escueladeteitau.com\/ast\/wp-json\/wp\/v2\/types\/page"}],"author":[{"embeddable":true,"href":"https:\/\/escueladeteitau.com\/ast\/wp-json\/wp\/v2\/users\/1"}],"replies":[{"embeddable":true,"href":"https:\/\/escueladeteitau.com\/ast\/wp-json\/wp\/v2\/comments?post=712"}],"version-history":[{"count":1,"href":"https:\/\/escueladeteitau.com\/ast\/wp-json\/wp\/v2\/pages\/712\/revisions"}],"predecessor-version":[{"id":713,"href":"https:\/\/escueladeteitau.com\/ast\/wp-json\/wp\/v2\/pages\/712\/revisions\/713"}],"wp:attachment":[{"href":"https:\/\/escueladeteitau.com\/ast\/wp-json\/wp\/v2\/media?parent=712"}],"curies":[{"name":"wp","href":"https:\/\/api.w.org\/{rel}","templated":true}]}}