{"id":707,"date":"2024-06-24T17:48:54","date_gmt":"2024-06-24T15:48:54","guid":{"rendered":"https:\/\/escueladeteitau.com\/equipu\/"},"modified":"2024-07-01T19:48:20","modified_gmt":"2024-07-01T17:48:20","slug":"equipu","status":"publish","type":"page","link":"https:\/\/escueladeteitau.com\/ast\/equipu\/","title":{"rendered":"Equipu"},"content":{"rendered":"\t\t<div data-elementor-type=\"wp-page\" data-elementor-id=\"707\" class=\"elementor elementor-707 elementor-687\">\n\t\t\t\t<div class=\"elementor-element elementor-element-de7886d e-flex e-con-boxed e-con e-parent\" data-id=\"de7886d\" data-element_type=\"container\" data-settings=\"{&quot;background_background&quot;:&quot;classic&quot;}\">\n\t\t\t\t\t<div class=\"e-con-inner\">\n\t\t\t\t<div class=\"elementor-element elementor-element-3d590aa elementor-widget elementor-widget-heading\" data-id=\"3d590aa\" data-element_type=\"widget\" data-widget_type=\"heading.default\">\n\t\t\t\t<div class=\"elementor-widget-container\">\n\t\t\t<style>\/*! elementor - v3.22.0 - 24-06-2024 *\/\n.elementor-heading-title{padding:0;margin:0;line-height:1}.elementor-widget-heading .elementor-heading-title[class*=elementor-size-]>a{color:inherit;font-size:inherit;line-height:inherit}.elementor-widget-heading .elementor-heading-title.elementor-size-small{font-size:15px}.elementor-widget-heading .elementor-heading-title.elementor-size-medium{font-size:19px}.elementor-widget-heading .elementor-heading-title.elementor-size-large{font-size:29px}.elementor-widget-heading .elementor-heading-title.elementor-size-xl{font-size:39px}.elementor-widget-heading .elementor-heading-title.elementor-size-xxl{font-size:59px}<\/style><h2 class=\"elementor-heading-title elementor-size-default\">EQUIPU<\/h2>\t\t<\/div>\n\t\t\t\t<\/div>\n\t\t\t\t<div class=\"elementor-element elementor-element-2c38c8b elementor-widget elementor-widget-text-editor\" data-id=\"2c38c8b\" data-element_type=\"widget\" data-widget_type=\"text-editor.default\">\n\t\t\t\t<div class=\"elementor-widget-container\">\n\t\t\t<style>\/*! elementor - v3.22.0 - 24-06-2024 *\/\n.elementor-widget-text-editor.elementor-drop-cap-view-stacked .elementor-drop-cap{background-color:#69727d;color:#fff}.elementor-widget-text-editor.elementor-drop-cap-view-framed .elementor-drop-cap{color:#69727d;border:3px solid;background-color:transparent}.elementor-widget-text-editor:not(.elementor-drop-cap-view-default) .elementor-drop-cap{margin-top:8px}.elementor-widget-text-editor:not(.elementor-drop-cap-view-default) .elementor-drop-cap-letter{width:1em;height:1em}.elementor-widget-text-editor .elementor-drop-cap{float:left;text-align:center;line-height:1;font-size:50px}.elementor-widget-text-editor .elementor-drop-cap-letter{display:inline-block}<\/style>\t\t\t\t<p style=\"text-align: center;\">La Escuela de Teit\u00e1u ye un proyectu autoxestion\u00e1u que surde dende la ciudadan\u00eda. Pel momentu, l&#8217;equipu que xestiona esta iniciativa ye: Jose \u00c1lvarez y Macario Iglesias<\/p>\n\t\t\t\t\t\t<\/div>\n\t\t\t\t<\/div>\n\t\t\t\t\t<\/div>\n\t\t\t\t<\/div>\n\t\t<div class=\"elementor-element elementor-element-8bcf54d elementor-hidden-tablet elementor-hidden-mobile e-flex e-con-boxed e-con e-parent\" data-id=\"8bcf54d\" data-element_type=\"container\">\n\t\t\t\t\t<div class=\"e-con-inner\">\n\t\t<div class=\"elementor-element elementor-element-ae648be e-con-full e-flex e-con e-child\" data-id=\"ae648be\" data-element_type=\"container\">\n\t\t\t\t<div class=\"elementor-element elementor-element-2b05545 elementor-widget elementor-widget-heading\" data-id=\"2b05545\" data-element_type=\"widget\" data-widget_type=\"heading.default\">\n\t\t\t\t<div class=\"elementor-widget-container\">\n\t\t\t<h2 class=\"elementor-heading-title elementor-size-default\">Jose<br>\n\u00c1lvarez<\/h2>\t\t<\/div>\n\t\t\t\t<\/div>\n\t\t\t\t<div class=\"elementor-element elementor-element-0729c0f elementor-widget elementor-widget-text-editor\" data-id=\"0729c0f\" data-element_type=\"widget\" data-widget_type=\"text-editor.default\">\n\t\t\t\t<div class=\"elementor-widget-container\">\n\t\t\t\t\t\t\t<p style=\"margin-bottom: 0cm;\"><span lang=\"ES-TRAD\">Dise\u00f1ador industrial. Defini\u00e9ronme siempre como axitador cultural por tar detr\u00e1s de dellos proyectos culturales y sociales como la \u201cLata de Zinc\u201d o&#8217;l Local \u201cCreativo Para\u00edso\u201d. Angua\u00f1o hosteleru nuna tabierna centenaria nel \u00e1rea rural \u201cCasa Narciso\u201d, en Teberga. Dende fai 5 a\u00f1os trabaya nun proyectu personal de restaurar un teitu familiar.<\/span><\/p>\n\t\t\t\t\t\t<\/div>\n\t\t\t\t<\/div>\n\t\t\t\t<div class=\"elementor-element elementor-element-874560f elementor-widget elementor-widget-text-editor\" data-id=\"874560f\" data-element_type=\"widget\" data-widget_type=\"text-editor.default\">\n\t\t\t\t<div class=\"elementor-widget-container\">\n\t\t\t\t\t\t\t<p style=\"margin-bottom: 0cm;\"><a href=\"https:\/\/www.instagram.com\/taberna_narciso_teverga\" target=\"_blank\" rel=\"noopener\"><strong><span style=\"text-align: var(--text-align); letter-spacing: 0px;\">@taberna_narciso_teverga<\/span><\/strong><\/a><\/p>\n\t\t\t\t\t\t<\/div>\n\t\t\t\t<\/div>\n\t\t\t\t<\/div>\n\t\t<div class=\"elementor-element elementor-element-2e0b287 e-con-full e-flex e-con e-child\" data-id=\"2e0b287\" data-element_type=\"container\" data-settings=\"{&quot;background_background&quot;:&quot;classic&quot;}\">\n\t\t\t\t<div class=\"elementor-element elementor-element-745afda elementor-widget elementor-widget-image\" data-id=\"745afda\" data-element_type=\"widget\" data-widget_type=\"image.default\">\n\t\t\t\t<div class=\"elementor-widget-container\">\n\t\t\t<style>\/*! elementor - v3.22.0 - 24-06-2024 *\/\n.elementor-widget-image{text-align:center}.elementor-widget-image a{display:inline-block}.elementor-widget-image a img[src$=\".svg\"]{width:48px}.elementor-widget-image img{vertical-align:middle;display:inline-block}<\/style>\t\t\t\t\t\t\t\t\t\t<img fetchpriority=\"high\" decoding=\"async\" width=\"655\" height=\"1024\" src=\"https:\/\/escueladeteitau.com\/wp-content\/uploads\/2024\/06\/Equipo-655x1024.jpg\" class=\"attachment-large size-large wp-image-38\" alt=\"\" srcset=\"https:\/\/escueladeteitau.com\/wp-content\/uploads\/2024\/06\/Equipo-655x1024.jpg 655w, https:\/\/escueladeteitau.com\/wp-content\/uploads\/2024\/06\/Equipo-192x300.jpg 192w, https:\/\/escueladeteitau.com\/wp-content\/uploads\/2024\/06\/Equipo-768x1200.jpg 768w, https:\/\/escueladeteitau.com\/wp-content\/uploads\/2024\/06\/Equipo-440x688.jpg 440w, https:\/\/escueladeteitau.com\/wp-content\/uploads\/2024\/06\/Equipo.jpg 960w\" sizes=\"(max-width: 655px) 100vw, 655px\" \/>\t\t\t\t\t\t\t\t\t\t\t\t\t<\/div>\n\t\t\t\t<\/div>\n\t\t\t\t<\/div>\n\t\t<div class=\"elementor-element elementor-element-1d8e130 e-con-full e-flex e-con e-child\" data-id=\"1d8e130\" data-element_type=\"container\">\n\t\t\t\t<div class=\"elementor-element elementor-element-9f8e452 elementor-widget elementor-widget-heading\" data-id=\"9f8e452\" data-element_type=\"widget\" data-widget_type=\"heading.default\">\n\t\t\t\t<div class=\"elementor-widget-container\">\n\t\t\t<h2 class=\"elementor-heading-title elementor-size-default\">Macario<br>\nIglesias<\/h2>\t\t<\/div>\n\t\t\t\t<\/div>\n\t\t\t\t<div class=\"elementor-element elementor-element-948d4b8 elementor-widget elementor-widget-text-editor\" data-id=\"948d4b8\" data-element_type=\"widget\" data-widget_type=\"text-editor.default\">\n\t\t\t\t<div class=\"elementor-widget-container\">\n\t\t\t\t\t\t\t<p style=\"margin-bottom: 0cm;\">Arquitectu y artesanu de la bioconstrucci\u00f3n. Collaborador del Mus\u00e9u del Pueblu d\u2019Asturies, del Ecomus\u00e9u de los teitos de Somiedu y del Parque Arqueol\u00f3xicu-Natural de la Campa Torres. Lleva dando talleres alredor de la recuperaci\u00f3n de les t\u00e9cniques constructives tradicionales dende\u2019l 2016. Particip\u00f3 en dellos movimientos sociales en Galicia y Asturies, actualmente forma parte de la Resistencia Neopaisana y de Coop 57 Asturies.<\/p>\n\t\t\t\t\t\t<\/div>\n\t\t\t\t<\/div>\n\t\t\t\t<div class=\"elementor-element elementor-element-f44ae7e elementor-widget elementor-widget-text-editor\" data-id=\"f44ae7e\" data-element_type=\"widget\" data-widget_type=\"text-editor.default\">\n\t\t\t\t<div class=\"elementor-widget-container\">\n\t\t\t\t\t\t\t<p class=\"MsoNormal\" style=\"margin-bottom: 0cm;\"><a href=\"https:\/\/www.instagram.com\/bioconstruccion_asturies\/\" target=\"_blank\" rel=\"noopener\"><strong><span lang=\"ES-TRAD\">@bioconstruccion_asturies <\/span><\/strong><\/a><br \/><strong><a href=\"http:\/\/www.bioconstruccionasturies.com\/\" target=\"_blank\" rel=\"noopener\"><span lang=\"ES-TRAD\">bioconstruccionasturies.com<\/span><\/a><\/strong><\/p>\n\t\t\t\t\t\t<\/div>\n\t\t\t\t<\/div>\n\t\t\t\t<\/div>\n\t\t\t\t\t<\/div>\n\t\t\t\t<\/div>\n\t\t<div class=\"elementor-element elementor-element-c411c3f elementor-hidden-desktop e-flex e-con-boxed e-con e-parent\" data-id=\"c411c3f\" data-element_type=\"container\">\n\t\t\t\t\t<div class=\"e-con-inner\">\n\t\t<div class=\"elementor-element elementor-element-375ef63 e-con-full e-flex e-con e-child\" data-id=\"375ef63\" data-element_type=\"container\" data-settings=\"{&quot;background_background&quot;:&quot;classic&quot;}\">\n\t\t\t\t<div class=\"elementor-element elementor-element-c211c93 elementor-widget elementor-widget-image\" data-id=\"c211c93\" data-element_type=\"widget\" data-widget_type=\"image.default\">\n\t\t\t\t<div class=\"elementor-widget-container\">\n\t\t\t\t\t\t\t\t\t\t\t\t\t<img fetchpriority=\"high\" decoding=\"async\" width=\"655\" height=\"1024\" src=\"https:\/\/escueladeteitau.com\/wp-content\/uploads\/2024\/06\/Equipo-655x1024.jpg\" class=\"attachment-large size-large wp-image-38\" alt=\"\" srcset=\"https:\/\/escueladeteitau.com\/wp-content\/uploads\/2024\/06\/Equipo-655x1024.jpg 655w, https:\/\/escueladeteitau.com\/wp-content\/uploads\/2024\/06\/Equipo-192x300.jpg 192w, https:\/\/escueladeteitau.com\/wp-content\/uploads\/2024\/06\/Equipo-768x1200.jpg 768w, https:\/\/escueladeteitau.com\/wp-content\/uploads\/2024\/06\/Equipo-440x688.jpg 440w, https:\/\/escueladeteitau.com\/wp-content\/uploads\/2024\/06\/Equipo.jpg 960w\" sizes=\"(max-width: 655px) 100vw, 655px\" \/>\t\t\t\t\t\t\t\t\t\t\t\t\t<\/div>\n\t\t\t\t<\/div>\n\t\t\t\t<\/div>\n\t\t<div class=\"elementor-element elementor-element-115e216 e-con-full e-flex e-con e-child\" data-id=\"115e216\" data-element_type=\"container\">\n\t\t\t\t<div class=\"elementor-element elementor-element-409f712 elementor-widget elementor-widget-heading\" data-id=\"409f712\" data-element_type=\"widget\" data-widget_type=\"heading.default\">\n\t\t\t\t<div class=\"elementor-widget-container\">\n\t\t\t<h2 class=\"elementor-heading-title elementor-size-default\">Jose\n\u00c1lvarez<\/h2>\t\t<\/div>\n\t\t\t\t<\/div>\n\t\t\t\t<div class=\"elementor-element elementor-element-68820e7 elementor-widget elementor-widget-text-editor\" data-id=\"68820e7\" data-element_type=\"widget\" data-widget_type=\"text-editor.default\">\n\t\t\t\t<div class=\"elementor-widget-container\">\n\t\t\t\t\t\t\t<p style=\"margin-bottom: 0cm;\"><span lang=\"ES-TRAD\">Dise\u00f1ador industrial. Defini\u00e9ronme siempre como axitador cultural por tar detr\u00e1s de dellos proyectos culturales y sociales como la \u201cLata de Zinc\u201d o&#8217;l Local \u201cCreativo Para\u00edso\u201d. Angua\u00f1o hosteleru nuna tabierna centenaria nel \u00e1rea rural \u201cCasa Narciso\u201d, en Teberga. Dende fai 5 a\u00f1os trabaya nun proyectu personal de restaurar un teitu familiar.<\/span><\/p>\n<p style=\"margin-bottom: 0cm;\"><a href=\"https:\/\/www.instagram.com\/taberna_narciso_teverga\" target=\"_blank\" rel=\"noopener\"><strong><span style=\"text-align: var(--text-align); letter-spacing: 0px;\">@taberna_narciso_teverga<\/span><\/strong><\/a><\/p>\n\t\t\t\t\t\t<\/div>\n\t\t\t\t<\/div>\n\t\t\t\t<\/div>\n\t\t<div class=\"elementor-element elementor-element-1b15dbd e-con-full e-flex e-con e-child\" data-id=\"1b15dbd\" data-element_type=\"container\">\n\t\t\t\t<div class=\"elementor-element elementor-element-42d9dd3 elementor-widget elementor-widget-heading\" data-id=\"42d9dd3\" data-element_type=\"widget\" data-widget_type=\"heading.default\">\n\t\t\t\t<div class=\"elementor-widget-container\">\n\t\t\t<h2 class=\"elementor-heading-title elementor-size-default\">Macario\nIglesias<\/h2>\t\t<\/div>\n\t\t\t\t<\/div>\n\t\t\t\t<div class=\"elementor-element elementor-element-bcb12bc elementor-widget elementor-widget-text-editor\" data-id=\"bcb12bc\" data-element_type=\"widget\" data-widget_type=\"text-editor.default\">\n\t\t\t\t<div class=\"elementor-widget-container\">\n\t\t\t\t\t\t\t<p style=\"margin-bottom: 0cm;\">Arquitectu y artesanu de la bioconstrucci\u00f3n. Collaborador del Mus\u00e9u del Pueblu d\u2019Asturies, del Ecomus\u00e9u de los teitos de Somiedu y del Parque Arqueol\u00f3xicu-Natural de la Campa Torres. Lleva dando talleres alredor de la recuperaci\u00f3n de les t\u00e9cniques constructives tradicionales dende\u2019l 2016. Particip\u00f3 en dellos movimientos sociales en Galicia y Asturies, actualmente forma parte de la Resistencia Neopaisana y de Coop 57 Asturies.<\/p>\n<p class=\"MsoNormal\" style=\"margin-bottom: 0cm;\"><a href=\"https:\/\/www.instagram.com\/bioconstruccion_asturies\/\" target=\"_blank\" rel=\"noopener\"><strong><span lang=\"ES-TRAD\">@bioconstruccion_asturies <\/span><\/strong><\/a><br \/><strong><a href=\"http:\/\/www.bioconstruccionasturies.com\/\" target=\"_blank\" rel=\"noopener\"><span lang=\"ES-TRAD\">bioconstruccionasturies.com<\/span><\/a><\/strong><\/p>\n\t\t\t\t\t\t<\/div>\n\t\t\t\t<\/div>\n\t\t\t\t<\/div>\n\t\t\t\t\t<\/div>\n\t\t\t\t<\/div>\n\t\t\t\t<\/div>\n\t\t","protected":false},"excerpt":{"rendered":"<p>EQUIPU La Escuela de Teit\u00e1u ye un proyectu autoxestion\u00e1u que surde dende la ciudadan\u00eda. Pel momentu, l&#8217;equipu que xestiona esta iniciativa ye: Jose \u00c1lvarez y Macario Iglesias Jose \u00c1lvarez Dise\u00f1ador industrial. Defini\u00e9ronme siempre como axitador cultural por tar detr\u00e1s de [&hellip;]<\/p>\n","protected":false},"author":1,"featured_media":0,"parent":0,"menu_order":0,"comment_status":"closed","ping_status":"closed","template":"elementor_header_footer","meta":{"footnotes":""},"class_list":["post-707","page","type-page","status-publish","hentry"],"yoast_head":"<!-- This site is optimized with the Yoast SEO plugin v23.0 - https:\/\/yoast.com\/wordpress\/plugins\/seo\/ -->\n<title>Equipu | Escuela de Teit\u00e1u<\/title>\n<meta name=\"robots\" content=\"index, follow, max-snippet:-1, max-image-preview:large, max-video-preview:-1\" \/>\n<link rel=\"canonical\" href=\"https:\/\/escueladeteitau.com\/ast\/equipu\/\" \/>\n<meta property=\"og:locale\" content=\"en_US\" \/>\n<meta property=\"og:type\" content=\"article\" \/>\n<meta property=\"og:title\" content=\"Equipu | Escuela de Teit\u00e1u\" \/>\n<meta property=\"og:description\" content=\"EQUIPU La Escuela de Teit\u00e1u ye un proyectu autoxestion\u00e1u que surde dende la ciudadan\u00eda. Pel momentu, l&#8217;equipu que xestiona esta iniciativa ye: Jose \u00c1lvarez y Macario Iglesias Jose \u00c1lvarez Dise\u00f1ador industrial. Defini\u00e9ronme siempre como axitador cultural por tar detr\u00e1s de [&hellip;]\" \/>\n<meta property=\"og:url\" content=\"https:\/\/escueladeteitau.com\/ast\/equipu\/\" \/>\n<meta property=\"og:site_name\" content=\"Escuela de Teit\u00e1u\" \/>\n<meta property=\"article:publisher\" content=\"https:\/\/www.instagram.com\/escuela.de.teitau\/\" \/>\n<meta property=\"article:modified_time\" content=\"2024-07-01T17:48:20+00:00\" \/>\n<meta property=\"og:image\" content=\"https:\/\/escueladeteitau.com\/wp-content\/uploads\/2024\/06\/Equipo-655x1024.jpg\" \/>\n<meta name=\"twitter:card\" content=\"summary_large_image\" \/>\n<meta name=\"twitter:label1\" content=\"Est. reading time\" \/>\n\t<meta name=\"twitter:data1\" content=\"1 minute\" \/>\n<script type=\"application\/ld+json\" class=\"yoast-schema-graph\">{\"@context\":\"https:\/\/schema.org\",\"@graph\":[{\"@type\":\"WebPage\",\"@id\":\"https:\/\/escueladeteitau.com\/ast\/equipu\/\",\"url\":\"https:\/\/escueladeteitau.com\/ast\/equipu\/\",\"name\":\"Equipu | Escuela de Teit\u00e1u\",\"isPartOf\":{\"@id\":\"https:\/\/escueladeteitau.com\/ast\/#website\"},\"primaryImageOfPage\":{\"@id\":\"https:\/\/escueladeteitau.com\/ast\/equipu\/#primaryimage\"},\"image\":{\"@id\":\"https:\/\/escueladeteitau.com\/ast\/equipu\/#primaryimage\"},\"thumbnailUrl\":\"https:\/\/escueladeteitau.com\/wp-content\/uploads\/2024\/06\/Equipo-655x1024.jpg\",\"datePublished\":\"2024-06-24T15:48:54+00:00\",\"dateModified\":\"2024-07-01T17:48:20+00:00\",\"breadcrumb\":{\"@id\":\"https:\/\/escueladeteitau.com\/ast\/equipu\/#breadcrumb\"},\"inLanguage\":\"ast-AS\",\"potentialAction\":[{\"@type\":\"ReadAction\",\"target\":[\"https:\/\/escueladeteitau.com\/ast\/equipu\/\"]}]},{\"@type\":\"ImageObject\",\"inLanguage\":\"ast-AS\",\"@id\":\"https:\/\/escueladeteitau.com\/ast\/equipu\/#primaryimage\",\"url\":\"https:\/\/escueladeteitau.com\/wp-content\/uploads\/2024\/06\/Equipo-655x1024.jpg\",\"contentUrl\":\"https:\/\/escueladeteitau.com\/wp-content\/uploads\/2024\/06\/Equipo-655x1024.jpg\"},{\"@type\":\"BreadcrumbList\",\"@id\":\"https:\/\/escueladeteitau.com\/ast\/equipu\/#breadcrumb\",\"itemListElement\":[{\"@type\":\"ListItem\",\"position\":1,\"name\":\"Home\",\"item\":\"https:\/\/escueladeteitau.com\/ast\/\"},{\"@type\":\"ListItem\",\"position\":2,\"name\":\"Equipu\"}]},{\"@type\":\"WebSite\",\"@id\":\"https:\/\/escueladeteitau.com\/ast\/#website\",\"url\":\"https:\/\/escueladeteitau.com\/ast\/\",\"name\":\"Escuela de Teit\u00e1u\",\"description\":\"Un proyecto para la recuperaci\u00f3n de las caba\u00f1as de teito\",\"publisher\":{\"@id\":\"https:\/\/escueladeteitau.com\/ast\/#organization\"},\"alternateName\":\"Un proyecto para la recuperaci\u00f3n de las caba\u00f1as de teito\",\"potentialAction\":[{\"@type\":\"SearchAction\",\"target\":{\"@type\":\"EntryPoint\",\"urlTemplate\":\"https:\/\/escueladeteitau.com\/ast\/?s={search_term_string}\"},\"query-input\":\"required name=search_term_string\"}],\"inLanguage\":\"ast-AS\"},{\"@type\":\"Organization\",\"@id\":\"https:\/\/escueladeteitau.com\/ast\/#organization\",\"name\":\"Escuela de Teit\u00e1u\",\"url\":\"https:\/\/escueladeteitau.com\/ast\/\",\"logo\":{\"@type\":\"ImageObject\",\"inLanguage\":\"ast-AS\",\"@id\":\"https:\/\/escueladeteitau.com\/ast\/#\/schema\/logo\/image\/\",\"url\":\"https:\/\/escueladeteitau.com\/wp-content\/uploads\/2024\/06\/Logo-Negro.png\",\"contentUrl\":\"https:\/\/escueladeteitau.com\/wp-content\/uploads\/2024\/06\/Logo-Negro.png\",\"width\":825,\"height\":671,\"caption\":\"Escuela de Teit\u00e1u\"},\"image\":{\"@id\":\"https:\/\/escueladeteitau.com\/ast\/#\/schema\/logo\/image\/\"},\"sameAs\":[\"https:\/\/www.instagram.com\/escuela.de.teitau\/\"]}]}<\/script>\n<!-- \/ Yoast SEO plugin. -->","yoast_head_json":{"title":"Equipu | Escuela de Teit\u00e1u","robots":{"index":"index","follow":"follow","max-snippet":"max-snippet:-1","max-image-preview":"max-image-preview:large","max-video-preview":"max-video-preview:-1"},"canonical":"https:\/\/escueladeteitau.com\/ast\/equipu\/","og_locale":"en_US","og_type":"article","og_title":"Equipu | Escuela de Teit\u00e1u","og_description":"EQUIPU La Escuela de Teit\u00e1u ye un proyectu autoxestion\u00e1u que surde dende la ciudadan\u00eda. Pel momentu, l&#8217;equipu que xestiona esta iniciativa ye: Jose \u00c1lvarez y Macario Iglesias Jose \u00c1lvarez Dise\u00f1ador industrial. Defini\u00e9ronme siempre como axitador cultural por tar detr\u00e1s de [&hellip;]","og_url":"https:\/\/escueladeteitau.com\/ast\/equipu\/","og_site_name":"Escuela de Teit\u00e1u","article_publisher":"https:\/\/www.instagram.com\/escuela.de.teitau\/","article_modified_time":"2024-07-01T17:48:20+00:00","og_image":[{"url":"https:\/\/escueladeteitau.com\/wp-content\/uploads\/2024\/06\/Equipo-655x1024.jpg"}],"twitter_card":"summary_large_image","twitter_misc":{"Est. reading time":"1 minute"},"schema":{"@context":"https:\/\/schema.org","@graph":[{"@type":"WebPage","@id":"https:\/\/escueladeteitau.com\/ast\/equipu\/","url":"https:\/\/escueladeteitau.com\/ast\/equipu\/","name":"Equipu | Escuela de Teit\u00e1u","isPartOf":{"@id":"https:\/\/escueladeteitau.com\/ast\/#website"},"primaryImageOfPage":{"@id":"https:\/\/escueladeteitau.com\/ast\/equipu\/#primaryimage"},"image":{"@id":"https:\/\/escueladeteitau.com\/ast\/equipu\/#primaryimage"},"thumbnailUrl":"https:\/\/escueladeteitau.com\/wp-content\/uploads\/2024\/06\/Equipo-655x1024.jpg","datePublished":"2024-06-24T15:48:54+00:00","dateModified":"2024-07-01T17:48:20+00:00","breadcrumb":{"@id":"https:\/\/escueladeteitau.com\/ast\/equipu\/#breadcrumb"},"inLanguage":"ast-AS","potentialAction":[{"@type":"ReadAction","target":["https:\/\/escueladeteitau.com\/ast\/equipu\/"]}]},{"@type":"ImageObject","inLanguage":"ast-AS","@id":"https:\/\/escueladeteitau.com\/ast\/equipu\/#primaryimage","url":"https:\/\/escueladeteitau.com\/wp-content\/uploads\/2024\/06\/Equipo-655x1024.jpg","contentUrl":"https:\/\/escueladeteitau.com\/wp-content\/uploads\/2024\/06\/Equipo-655x1024.jpg"},{"@type":"BreadcrumbList","@id":"https:\/\/escueladeteitau.com\/ast\/equipu\/#breadcrumb","itemListElement":[{"@type":"ListItem","position":1,"name":"Home","item":"https:\/\/escueladeteitau.com\/ast\/"},{"@type":"ListItem","position":2,"name":"Equipu"}]},{"@type":"WebSite","@id":"https:\/\/escueladeteitau.com\/ast\/#website","url":"https:\/\/escueladeteitau.com\/ast\/","name":"Escuela de Teit\u00e1u","description":"Un proyecto para la recuperaci\u00f3n de las caba\u00f1as de teito","publisher":{"@id":"https:\/\/escueladeteitau.com\/ast\/#organization"},"alternateName":"Un proyecto para la recuperaci\u00f3n de las caba\u00f1as de teito","potentialAction":[{"@type":"SearchAction","target":{"@type":"EntryPoint","urlTemplate":"https:\/\/escueladeteitau.com\/ast\/?s={search_term_string}"},"query-input":"required name=search_term_string"}],"inLanguage":"ast-AS"},{"@type":"Organization","@id":"https:\/\/escueladeteitau.com\/ast\/#organization","name":"Escuela de Teit\u00e1u","url":"https:\/\/escueladeteitau.com\/ast\/","logo":{"@type":"ImageObject","inLanguage":"ast-AS","@id":"https:\/\/escueladeteitau.com\/ast\/#\/schema\/logo\/image\/","url":"https:\/\/escueladeteitau.com\/wp-content\/uploads\/2024\/06\/Logo-Negro.png","contentUrl":"https:\/\/escueladeteitau.com\/wp-content\/uploads\/2024\/06\/Logo-Negro.png","width":825,"height":671,"caption":"Escuela de Teit\u00e1u"},"image":{"@id":"https:\/\/escueladeteitau.com\/ast\/#\/schema\/logo\/image\/"},"sameAs":["https:\/\/www.instagram.com\/escuela.de.teitau\/"]}]}},"_links":{"self":[{"href":"https:\/\/escueladeteitau.com\/ast\/wp-json\/wp\/v2\/pages\/707","targetHints":{"allow":["GET"]}}],"collection":[{"href":"https:\/\/escueladeteitau.com\/ast\/wp-json\/wp\/v2\/pages"}],"about":[{"href":"https:\/\/escueladeteitau.com\/ast\/wp-json\/wp\/v2\/types\/page"}],"author":[{"embeddable":true,"href":"https:\/\/escueladeteitau.com\/ast\/wp-json\/wp\/v2\/users\/1"}],"replies":[{"embeddable":true,"href":"https:\/\/escueladeteitau.com\/ast\/wp-json\/wp\/v2\/comments?post=707"}],"version-history":[{"count":1,"href":"https:\/\/escueladeteitau.com\/ast\/wp-json\/wp\/v2\/pages\/707\/revisions"}],"predecessor-version":[{"id":711,"href":"https:\/\/escueladeteitau.com\/ast\/wp-json\/wp\/v2\/pages\/707\/revisions\/711"}],"wp:attachment":[{"href":"https:\/\/escueladeteitau.com\/ast\/wp-json\/wp\/v2\/media?parent=707"}],"curies":[{"name":"wp","href":"https:\/\/api.w.org\/{rel}","templated":true}]}}