{"id":1473,"date":"2025-04-07T11:11:15","date_gmt":"2025-04-07T09:11:15","guid":{"rendered":"https:\/\/escueladeteitau.com\/?page_id=1473"},"modified":"2025-05-21T11:20:50","modified_gmt":"2025-05-21T09:20:50","slug":"galeria","status":"publish","type":"page","link":"https:\/\/escueladeteitau.com\/ast\/galeria\/","title":{"rendered":"Galer\u00eda"},"content":{"rendered":"\t\t<div data-elementor-type=\"wp-page\" data-elementor-id=\"1473\" class=\"elementor elementor-1473 elementor-1472\">\n\t\t\t\t<div class=\"elementor-element elementor-element-de7886d e-flex e-con-boxed e-con e-parent\" data-id=\"de7886d\" data-element_type=\"container\" data-settings=\"{&quot;background_background&quot;:&quot;classic&quot;}\">\n\t\t\t\t\t<div class=\"e-con-inner\">\n\t\t\t\t<div class=\"elementor-element elementor-element-3d590aa elementor-widget elementor-widget-heading\" data-id=\"3d590aa\" data-element_type=\"widget\" data-widget_type=\"heading.default\">\n\t\t\t\t<div class=\"elementor-widget-container\">\n\t\t\t<style>\/*! elementor - v3.22.0 - 24-06-2024 *\/\n.elementor-heading-title{padding:0;margin:0;line-height:1}.elementor-widget-heading .elementor-heading-title[class*=elementor-size-]>a{color:inherit;font-size:inherit;line-height:inherit}.elementor-widget-heading .elementor-heading-title.elementor-size-small{font-size:15px}.elementor-widget-heading .elementor-heading-title.elementor-size-medium{font-size:19px}.elementor-widget-heading .elementor-heading-title.elementor-size-large{font-size:29px}.elementor-widget-heading .elementor-heading-title.elementor-size-xl{font-size:39px}.elementor-widget-heading .elementor-heading-title.elementor-size-xxl{font-size:59px}<\/style><h2 class=\"elementor-heading-title elementor-size-default\">GALER\u00cdA<\/h2>\t\t<\/div>\n\t\t\t\t<\/div>\n\t\t\t\t\t<\/div>\n\t\t\t\t<\/div>\n\t\t<div class=\"elementor-element elementor-element-44c99c7 e-flex e-con-boxed e-con e-parent\" data-id=\"44c99c7\" data-element_type=\"container\">\n\t\t\t\t\t<div class=\"e-con-inner\">\n\t\t<div class=\"elementor-element elementor-element-34233b0 e-con-full e-flex e-con e-child\" data-id=\"34233b0\" data-element_type=\"container\">\n\t\t\t\t<div class=\"elementor-element elementor-element-b9ee428 elementor-widget elementor-widget-image\" data-id=\"b9ee428\" data-element_type=\"widget\" data-widget_type=\"image.default\">\n\t\t\t\t<div class=\"elementor-widget-container\">\n\t\t\t<style>\/*! elementor - v3.22.0 - 24-06-2024 *\/\n.elementor-widget-image{text-align:center}.elementor-widget-image a{display:inline-block}.elementor-widget-image a img[src$=\".svg\"]{width:48px}.elementor-widget-image img{vertical-align:middle;display:inline-block}<\/style>\t\t\t\t\t\t\t\t\t\t\t<a href=\"\/ast\/galeria-varios\/\">\n\t\t\t\t\t\t\t<img fetchpriority=\"high\" decoding=\"async\" width=\"700\" height=\"700\" src=\"https:\/\/escueladeteitau.com\/wp-content\/uploads\/2025\/04\/Fotos-para-pagina-web-Monica-Armantina-40-700x700.jpg\" class=\"attachment-musico-discography-grid size-musico-discography-grid wp-image-1414\" alt=\"\" srcset=\"https:\/\/escueladeteitau.com\/wp-content\/uploads\/2025\/04\/Fotos-para-pagina-web-Monica-Armantina-40-700x700.jpg 700w, https:\/\/escueladeteitau.com\/wp-content\/uploads\/2025\/04\/Fotos-para-pagina-web-Monica-Armantina-40-150x150.jpg 150w, https:\/\/escueladeteitau.com\/wp-content\/uploads\/2025\/04\/Fotos-para-pagina-web-Monica-Armantina-40-610x610.jpg 610w\" sizes=\"(max-width: 700px) 100vw, 700px\" \/>\t\t\t\t\t\t\t\t<\/a>\n\t\t\t\t\t\t\t\t\t\t\t\t\t<\/div>\n\t\t\t\t<\/div>\n\t\t\t\t<div class=\"elementor-element elementor-element-fe93e98 elementor-widget elementor-widget-heading\" data-id=\"fe93e98\" data-element_type=\"widget\" data-widget_type=\"heading.default\">\n\t\t\t\t<div class=\"elementor-widget-container\">\n\t\t\t<h2 class=\"elementor-heading-title elementor-size-default\"><a href=\"\/ast\/galeria-varios\/\">ESCUELA DE TEIT\u00c1U B\/N<\/a><\/h2>\t\t<\/div>\n\t\t\t\t<\/div>\n\t\t\t\t<\/div>\n\t\t<div class=\"elementor-element elementor-element-46cdfe4 e-con-full e-flex e-con e-child\" data-id=\"46cdfe4\" data-element_type=\"container\">\n\t\t\t\t<div class=\"elementor-element elementor-element-d19a72a elementor-widget elementor-widget-image\" data-id=\"d19a72a\" data-element_type=\"widget\" data-widget_type=\"image.default\">\n\t\t\t\t<div class=\"elementor-widget-container\">\n\t\t\t\t\t\t\t\t\t\t\t\t\t\t<a href=\"\/ast\/galeria-finales-falguera\/\">\n\t\t\t\t\t\t\t<img decoding=\"async\" width=\"700\" height=\"700\" src=\"https:\/\/escueladeteitau.com\/wp-content\/uploads\/2025\/05\/01-700x700.jpg\" class=\"attachment-musico-discography-grid size-musico-discography-grid wp-image-1679\" alt=\"\" srcset=\"https:\/\/escueladeteitau.com\/wp-content\/uploads\/2025\/05\/01-700x700.jpg 700w, https:\/\/escueladeteitau.com\/wp-content\/uploads\/2025\/05\/01-150x150.jpg 150w, https:\/\/escueladeteitau.com\/wp-content\/uploads\/2025\/05\/01-610x610.jpg 610w\" sizes=\"(max-width: 700px) 100vw, 700px\" \/>\t\t\t\t\t\t\t\t<\/a>\n\t\t\t\t\t\t\t\t\t\t\t\t\t<\/div>\n\t\t\t\t<\/div>\n\t\t\t\t<div class=\"elementor-element elementor-element-ca3bb0b elementor-widget elementor-widget-heading\" data-id=\"ca3bb0b\" data-element_type=\"widget\" data-widget_type=\"heading.default\">\n\t\t\t\t<div class=\"elementor-widget-container\">\n\t\t\t<h2 class=\"elementor-heading-title elementor-size-default\"><a href=\"\/ast\/galeria-finales-falguera\/\">FINALES LA FALGUERA<\/a><\/h2>\t\t<\/div>\n\t\t\t\t<\/div>\n\t\t\t\t<\/div>\n\t\t\t\t\t<\/div>\n\t\t\t\t<\/div>\n\t\t<div class=\"elementor-element elementor-element-55580aa e-flex e-con-boxed e-con e-parent\" data-id=\"55580aa\" data-element_type=\"container\">\n\t\t\t\t\t<div class=\"e-con-inner\">\n\t\t<div class=\"elementor-element elementor-element-3628fd9 e-con-full e-flex e-con e-child\" data-id=\"3628fd9\" data-element_type=\"container\">\n\t\t\t\t<div class=\"elementor-element elementor-element-648fea0 elementor-widget elementor-widget-image\" data-id=\"648fea0\" data-element_type=\"widget\" data-widget_type=\"image.default\">\n\t\t\t\t<div class=\"elementor-widget-container\">\n\t\t\t\t\t\t\t\t\t\t\t\t\t\t<a href=\"\/ast\/galeria-taller-falguera\/\">\n\t\t\t\t\t\t\t<img decoding=\"async\" width=\"700\" height=\"700\" src=\"https:\/\/escueladeteitau.com\/wp-content\/uploads\/2025\/05\/06-@groovy-700x700.jpg\" class=\"attachment-musico-discography-grid size-musico-discography-grid wp-image-2035\" alt=\"\" srcset=\"https:\/\/escueladeteitau.com\/wp-content\/uploads\/2025\/05\/06-@groovy-700x700.jpg 700w, https:\/\/escueladeteitau.com\/wp-content\/uploads\/2025\/05\/06-@groovy-150x150.jpg 150w, https:\/\/escueladeteitau.com\/wp-content\/uploads\/2025\/05\/06-@groovy-610x610.jpg 610w\" sizes=\"(max-width: 700px) 100vw, 700px\" \/>\t\t\t\t\t\t\t\t<\/a>\n\t\t\t\t\t\t\t\t\t\t\t\t\t<\/div>\n\t\t\t\t<\/div>\n\t\t\t\t<div class=\"elementor-element elementor-element-573a560 elementor-widget elementor-widget-heading\" data-id=\"573a560\" data-element_type=\"widget\" data-widget_type=\"heading.default\">\n\t\t\t\t<div class=\"elementor-widget-container\">\n\t\t\t<h2 class=\"elementor-heading-title elementor-size-default\"><a href=\"\/ast\/galeria-taller-falguera\/\">TALLERES LA FALGUERA<\/a><\/h2>\t\t<\/div>\n\t\t\t\t<\/div>\n\t\t\t\t<\/div>\n\t\t<div class=\"elementor-element elementor-element-725d519 e-con-full e-flex e-con e-child\" data-id=\"725d519\" data-element_type=\"container\">\n\t\t\t\t<div class=\"elementor-element elementor-element-a079390 elementor-widget elementor-widget-image\" data-id=\"a079390\" data-element_type=\"widget\" data-widget_type=\"image.default\">\n\t\t\t\t<div class=\"elementor-widget-container\">\n\t\t\t\t\t\t\t\t\t\t\t\t\t\t<a href=\"\/ast\/galeria-taller-revellon\/\">\n\t\t\t\t\t\t\t<img loading=\"lazy\" decoding=\"async\" width=\"700\" height=\"700\" src=\"https:\/\/escueladeteitau.com\/wp-content\/uploads\/2025\/04\/23-2-700x700.jpg\" class=\"attachment-musico-discography-grid size-musico-discography-grid wp-image-1270\" alt=\"\" srcset=\"https:\/\/escueladeteitau.com\/wp-content\/uploads\/2025\/04\/23-2-700x700.jpg 700w, https:\/\/escueladeteitau.com\/wp-content\/uploads\/2025\/04\/23-2-150x150.jpg 150w, https:\/\/escueladeteitau.com\/wp-content\/uploads\/2025\/04\/23-2-610x610.jpg 610w\" sizes=\"(max-width: 700px) 100vw, 700px\" \/>\t\t\t\t\t\t\t\t<\/a>\n\t\t\t\t\t\t\t\t\t\t\t\t\t<\/div>\n\t\t\t\t<\/div>\n\t\t\t\t<div class=\"elementor-element elementor-element-3e990e5 elementor-widget elementor-widget-heading\" data-id=\"3e990e5\" data-element_type=\"widget\" data-widget_type=\"heading.default\">\n\t\t\t\t<div class=\"elementor-widget-container\">\n\t\t\t<h2 class=\"elementor-heading-title elementor-size-default\"><a href=\"\/ast\/galeria-taller-revellon\/\">TALLER EL REVEL.L\u00d3N<\/a><\/h2>\t\t<\/div>\n\t\t\t\t<\/div>\n\t\t\t\t<\/div>\n\t\t\t\t\t<\/div>\n\t\t\t\t<\/div>\n\t\t<div class=\"elementor-element elementor-element-1e96c13 e-flex e-con-boxed e-con e-parent\" data-id=\"1e96c13\" data-element_type=\"container\">\n\t\t\t\t\t<div class=\"e-con-inner\">\n\t\t<div class=\"elementor-element elementor-element-e6d559a e-con-full e-flex e-con e-child\" data-id=\"e6d559a\" data-element_type=\"container\">\n\t\t\t\t<div class=\"elementor-element elementor-element-3bbc331 elementor-widget elementor-widget-image\" data-id=\"3bbc331\" data-element_type=\"widget\" data-widget_type=\"image.default\">\n\t\t\t\t<div class=\"elementor-widget-container\">\n\t\t\t\t\t\t\t\t\t\t\t\t\t\t<a href=\"\/ast\/galeria-andecha-falguera\/\">\n\t\t\t\t\t\t\t<img loading=\"lazy\" decoding=\"async\" width=\"700\" height=\"700\" src=\"https:\/\/escueladeteitau.com\/wp-content\/uploads\/2025\/04\/13-@eloy.couceiro-700x700.jpg\" class=\"attachment-musico-discography-grid size-musico-discography-grid wp-image-1120\" alt=\"\" srcset=\"https:\/\/escueladeteitau.com\/wp-content\/uploads\/2025\/04\/13-@eloy.couceiro-700x700.jpg 700w, https:\/\/escueladeteitau.com\/wp-content\/uploads\/2025\/04\/13-@eloy.couceiro-150x150.jpg 150w, https:\/\/escueladeteitau.com\/wp-content\/uploads\/2025\/04\/13-@eloy.couceiro-610x610.jpg 610w\" sizes=\"(max-width: 700px) 100vw, 700px\" \/>\t\t\t\t\t\t\t\t<\/a>\n\t\t\t\t\t\t\t\t\t\t\t\t\t<\/div>\n\t\t\t\t<\/div>\n\t\t\t\t<div class=\"elementor-element elementor-element-624c9b7 elementor-widget elementor-widget-heading\" data-id=\"624c9b7\" data-element_type=\"widget\" data-widget_type=\"heading.default\">\n\t\t\t\t<div class=\"elementor-widget-container\">\n\t\t\t<h2 class=\"elementor-heading-title elementor-size-default\"><a href=\"\/ast\/galeria-andecha-falguera\/\">ANDECHAS LA FALGUERA<\/a><\/h2>\t\t<\/div>\n\t\t\t\t<\/div>\n\t\t\t\t<\/div>\n\t\t<div class=\"elementor-element elementor-element-ea8cf1d e-con-full e-flex e-con e-child\" data-id=\"ea8cf1d\" data-element_type=\"container\">\n\t\t\t\t<div class=\"elementor-element elementor-element-ab1e8cb elementor-widget elementor-widget-image\" data-id=\"ab1e8cb\" data-element_type=\"widget\" data-widget_type=\"image.default\">\n\t\t\t\t<div class=\"elementor-widget-container\">\n\t\t\t\t\t\t\t\t\t\t\t\t\t\t<a href=\"\/ast\/galeria-presentacion\/\">\n\t\t\t\t\t\t\t<img loading=\"lazy\" decoding=\"async\" width=\"700\" height=\"700\" src=\"https:\/\/escueladeteitau.com\/wp-content\/uploads\/2025\/05\/presentacion1-700x700.jpg\" class=\"attachment-musico-discography-grid size-musico-discography-grid wp-image-1958\" alt=\"\" srcset=\"https:\/\/escueladeteitau.com\/wp-content\/uploads\/2025\/05\/presentacion1-700x700.jpg 700w, https:\/\/escueladeteitau.com\/wp-content\/uploads\/2025\/05\/presentacion1-150x150.jpg 150w, https:\/\/escueladeteitau.com\/wp-content\/uploads\/2025\/05\/presentacion1-610x610.jpg 610w\" sizes=\"(max-width: 700px) 100vw, 700px\" \/>\t\t\t\t\t\t\t\t<\/a>\n\t\t\t\t\t\t\t\t\t\t\t\t\t<\/div>\n\t\t\t\t<\/div>\n\t\t\t\t<div class=\"elementor-element elementor-element-11278aa elementor-widget elementor-widget-heading\" data-id=\"11278aa\" data-element_type=\"widget\" data-widget_type=\"heading.default\">\n\t\t\t\t<div class=\"elementor-widget-container\">\n\t\t\t<h2 class=\"elementor-heading-title elementor-size-default\"><a href=\"\/ast\/galeria-presentacion\/\">PRESENTACI\u00d3N<\/a><\/h2>\t\t<\/div>\n\t\t\t\t<\/div>\n\t\t\t\t<\/div>\n\t\t\t\t\t<\/div>\n\t\t\t\t<\/div>\n\t\t\t\t<\/div>\n\t\t","protected":false},"excerpt":{"rendered":"<p>GALER\u00cdA ESCUELA DE TEIT\u00c1U B\/N FINALES LA FALGUERA TALLERES LA FALGUERA TALLER EL REVEL.L\u00d3N ANDECHAS LA FALGUERA PRESENTACI\u00d3N<\/p>\n","protected":false},"author":1,"featured_media":0,"parent":0,"menu_order":0,"comment_status":"closed","ping_status":"closed","template":"elementor_header_footer","meta":{"footnotes":""},"class_list":["post-1473","page","type-page","status-publish","hentry"],"yoast_head":"<!-- This site is optimized with the Yoast SEO plugin v23.0 - https:\/\/yoast.com\/wordpress\/plugins\/seo\/ -->\n<title>Galer\u00eda | Escuela de Teit\u00e1u<\/title>\n<meta name=\"robots\" content=\"index, follow, max-snippet:-1, max-image-preview:large, max-video-preview:-1\" \/>\n<link rel=\"canonical\" href=\"https:\/\/escueladeteitau.com\/ast\/galeria\/\" \/>\n<meta property=\"og:locale\" content=\"en_US\" \/>\n<meta property=\"og:type\" content=\"article\" \/>\n<meta property=\"og:title\" content=\"Galer\u00eda | Escuela de Teit\u00e1u\" \/>\n<meta property=\"og:description\" content=\"GALER\u00cdA ESCUELA DE TEIT\u00c1U B\/N FINALES LA FALGUERA TALLERES LA FALGUERA TALLER EL REVEL.L\u00d3N ANDECHAS LA FALGUERA PRESENTACI\u00d3N\" \/>\n<meta property=\"og:url\" content=\"https:\/\/escueladeteitau.com\/ast\/galeria\/\" \/>\n<meta property=\"og:site_name\" content=\"Escuela de Teit\u00e1u\" \/>\n<meta property=\"article:publisher\" content=\"https:\/\/www.instagram.com\/escuela.de.teitau\/\" \/>\n<meta property=\"article:modified_time\" content=\"2025-05-21T09:20:50+00:00\" \/>\n<meta property=\"og:image\" content=\"http:\/\/escueladeteitau.com\/wp-content\/uploads\/2025\/04\/Fotos-para-pagina-web-Monica-Armantina-40-700x700.jpg\" \/>\n<meta name=\"twitter:card\" content=\"summary_large_image\" \/>\n<meta name=\"twitter:label1\" content=\"Est. reading time\" \/>\n\t<meta name=\"twitter:data1\" content=\"2 minutes\" \/>\n<script type=\"application\/ld+json\" class=\"yoast-schema-graph\">{\"@context\":\"https:\/\/schema.org\",\"@graph\":[{\"@type\":\"WebPage\",\"@id\":\"https:\/\/escueladeteitau.com\/ast\/galeria\/\",\"url\":\"https:\/\/escueladeteitau.com\/ast\/galeria\/\",\"name\":\"Galer\u00eda | Escuela de Teit\u00e1u\",\"isPartOf\":{\"@id\":\"https:\/\/escueladeteitau.com\/ast\/#website\"},\"primaryImageOfPage\":{\"@id\":\"https:\/\/escueladeteitau.com\/ast\/galeria\/#primaryimage\"},\"image\":{\"@id\":\"https:\/\/escueladeteitau.com\/ast\/galeria\/#primaryimage\"},\"thumbnailUrl\":\"http:\/\/escueladeteitau.com\/wp-content\/uploads\/2025\/04\/Fotos-para-pagina-web-Monica-Armantina-40-700x700.jpg\",\"datePublished\":\"2025-04-07T09:11:15+00:00\",\"dateModified\":\"2025-05-21T09:20:50+00:00\",\"breadcrumb\":{\"@id\":\"https:\/\/escueladeteitau.com\/ast\/galeria\/#breadcrumb\"},\"inLanguage\":\"ast-AS\",\"potentialAction\":[{\"@type\":\"ReadAction\",\"target\":[\"https:\/\/escueladeteitau.com\/ast\/galeria\/\"]}]},{\"@type\":\"ImageObject\",\"inLanguage\":\"ast-AS\",\"@id\":\"https:\/\/escueladeteitau.com\/ast\/galeria\/#primaryimage\",\"url\":\"http:\/\/escueladeteitau.com\/wp-content\/uploads\/2025\/04\/Fotos-para-pagina-web-Monica-Armantina-40-700x700.jpg\",\"contentUrl\":\"http:\/\/escueladeteitau.com\/wp-content\/uploads\/2025\/04\/Fotos-para-pagina-web-Monica-Armantina-40-700x700.jpg\"},{\"@type\":\"BreadcrumbList\",\"@id\":\"https:\/\/escueladeteitau.com\/ast\/galeria\/#breadcrumb\",\"itemListElement\":[{\"@type\":\"ListItem\",\"position\":1,\"name\":\"Home\",\"item\":\"https:\/\/escueladeteitau.com\/ast\/\"},{\"@type\":\"ListItem\",\"position\":2,\"name\":\"Galer\u00eda\"}]},{\"@type\":\"WebSite\",\"@id\":\"https:\/\/escueladeteitau.com\/ast\/#website\",\"url\":\"https:\/\/escueladeteitau.com\/ast\/\",\"name\":\"Escuela de Teit\u00e1u\",\"description\":\"Un proyecto para la recuperaci\u00f3n de las caba\u00f1as de teito\",\"publisher\":{\"@id\":\"https:\/\/escueladeteitau.com\/ast\/#organization\"},\"alternateName\":\"Un proyecto para la recuperaci\u00f3n de las caba\u00f1as de teito\",\"potentialAction\":[{\"@type\":\"SearchAction\",\"target\":{\"@type\":\"EntryPoint\",\"urlTemplate\":\"https:\/\/escueladeteitau.com\/ast\/?s={search_term_string}\"},\"query-input\":\"required name=search_term_string\"}],\"inLanguage\":\"ast-AS\"},{\"@type\":\"Organization\",\"@id\":\"https:\/\/escueladeteitau.com\/ast\/#organization\",\"name\":\"Escuela de Teit\u00e1u\",\"url\":\"https:\/\/escueladeteitau.com\/ast\/\",\"logo\":{\"@type\":\"ImageObject\",\"inLanguage\":\"ast-AS\",\"@id\":\"https:\/\/escueladeteitau.com\/ast\/#\/schema\/logo\/image\/\",\"url\":\"https:\/\/escueladeteitau.com\/wp-content\/uploads\/2024\/06\/Logo-Negro.png\",\"contentUrl\":\"https:\/\/escueladeteitau.com\/wp-content\/uploads\/2024\/06\/Logo-Negro.png\",\"width\":825,\"height\":671,\"caption\":\"Escuela de Teit\u00e1u\"},\"image\":{\"@id\":\"https:\/\/escueladeteitau.com\/ast\/#\/schema\/logo\/image\/\"},\"sameAs\":[\"https:\/\/www.instagram.com\/escuela.de.teitau\/\"]}]}<\/script>\n<!-- \/ Yoast SEO plugin. -->","yoast_head_json":{"title":"Galer\u00eda | Escuela de Teit\u00e1u","robots":{"index":"index","follow":"follow","max-snippet":"max-snippet:-1","max-image-preview":"max-image-preview:large","max-video-preview":"max-video-preview:-1"},"canonical":"https:\/\/escueladeteitau.com\/ast\/galeria\/","og_locale":"en_US","og_type":"article","og_title":"Galer\u00eda | Escuela de Teit\u00e1u","og_description":"GALER\u00cdA ESCUELA DE TEIT\u00c1U B\/N FINALES LA FALGUERA TALLERES LA FALGUERA TALLER EL REVEL.L\u00d3N ANDECHAS LA FALGUERA PRESENTACI\u00d3N","og_url":"https:\/\/escueladeteitau.com\/ast\/galeria\/","og_site_name":"Escuela de Teit\u00e1u","article_publisher":"https:\/\/www.instagram.com\/escuela.de.teitau\/","article_modified_time":"2025-05-21T09:20:50+00:00","og_image":[{"url":"http:\/\/escueladeteitau.com\/wp-content\/uploads\/2025\/04\/Fotos-para-pagina-web-Monica-Armantina-40-700x700.jpg"}],"twitter_card":"summary_large_image","twitter_misc":{"Est. reading time":"2 minutes"},"schema":{"@context":"https:\/\/schema.org","@graph":[{"@type":"WebPage","@id":"https:\/\/escueladeteitau.com\/ast\/galeria\/","url":"https:\/\/escueladeteitau.com\/ast\/galeria\/","name":"Galer\u00eda | Escuela de Teit\u00e1u","isPartOf":{"@id":"https:\/\/escueladeteitau.com\/ast\/#website"},"primaryImageOfPage":{"@id":"https:\/\/escueladeteitau.com\/ast\/galeria\/#primaryimage"},"image":{"@id":"https:\/\/escueladeteitau.com\/ast\/galeria\/#primaryimage"},"thumbnailUrl":"http:\/\/escueladeteitau.com\/wp-content\/uploads\/2025\/04\/Fotos-para-pagina-web-Monica-Armantina-40-700x700.jpg","datePublished":"2025-04-07T09:11:15+00:00","dateModified":"2025-05-21T09:20:50+00:00","breadcrumb":{"@id":"https:\/\/escueladeteitau.com\/ast\/galeria\/#breadcrumb"},"inLanguage":"ast-AS","potentialAction":[{"@type":"ReadAction","target":["https:\/\/escueladeteitau.com\/ast\/galeria\/"]}]},{"@type":"ImageObject","inLanguage":"ast-AS","@id":"https:\/\/escueladeteitau.com\/ast\/galeria\/#primaryimage","url":"http:\/\/escueladeteitau.com\/wp-content\/uploads\/2025\/04\/Fotos-para-pagina-web-Monica-Armantina-40-700x700.jpg","contentUrl":"http:\/\/escueladeteitau.com\/wp-content\/uploads\/2025\/04\/Fotos-para-pagina-web-Monica-Armantina-40-700x700.jpg"},{"@type":"BreadcrumbList","@id":"https:\/\/escueladeteitau.com\/ast\/galeria\/#breadcrumb","itemListElement":[{"@type":"ListItem","position":1,"name":"Home","item":"https:\/\/escueladeteitau.com\/ast\/"},{"@type":"ListItem","position":2,"name":"Galer\u00eda"}]},{"@type":"WebSite","@id":"https:\/\/escueladeteitau.com\/ast\/#website","url":"https:\/\/escueladeteitau.com\/ast\/","name":"Escuela de Teit\u00e1u","description":"Un proyecto para la recuperaci\u00f3n de las caba\u00f1as de teito","publisher":{"@id":"https:\/\/escueladeteitau.com\/ast\/#organization"},"alternateName":"Un proyecto para la recuperaci\u00f3n de las caba\u00f1as de teito","potentialAction":[{"@type":"SearchAction","target":{"@type":"EntryPoint","urlTemplate":"https:\/\/escueladeteitau.com\/ast\/?s={search_term_string}"},"query-input":"required name=search_term_string"}],"inLanguage":"ast-AS"},{"@type":"Organization","@id":"https:\/\/escueladeteitau.com\/ast\/#organization","name":"Escuela de Teit\u00e1u","url":"https:\/\/escueladeteitau.com\/ast\/","logo":{"@type":"ImageObject","inLanguage":"ast-AS","@id":"https:\/\/escueladeteitau.com\/ast\/#\/schema\/logo\/image\/","url":"https:\/\/escueladeteitau.com\/wp-content\/uploads\/2024\/06\/Logo-Negro.png","contentUrl":"https:\/\/escueladeteitau.com\/wp-content\/uploads\/2024\/06\/Logo-Negro.png","width":825,"height":671,"caption":"Escuela de Teit\u00e1u"},"image":{"@id":"https:\/\/escueladeteitau.com\/ast\/#\/schema\/logo\/image\/"},"sameAs":["https:\/\/www.instagram.com\/escuela.de.teitau\/"]}]}},"_links":{"self":[{"href":"https:\/\/escueladeteitau.com\/ast\/wp-json\/wp\/v2\/pages\/1473","targetHints":{"allow":["GET"]}}],"collection":[{"href":"https:\/\/escueladeteitau.com\/ast\/wp-json\/wp\/v2\/pages"}],"about":[{"href":"https:\/\/escueladeteitau.com\/ast\/wp-json\/wp\/v2\/types\/page"}],"author":[{"embeddable":true,"href":"https:\/\/escueladeteitau.com\/ast\/wp-json\/wp\/v2\/users\/1"}],"replies":[{"embeddable":true,"href":"https:\/\/escueladeteitau.com\/ast\/wp-json\/wp\/v2\/comments?post=1473"}],"version-history":[{"count":12,"href":"https:\/\/escueladeteitau.com\/ast\/wp-json\/wp\/v2\/pages\/1473\/revisions"}],"predecessor-version":[{"id":2142,"href":"https:\/\/escueladeteitau.com\/ast\/wp-json\/wp\/v2\/pages\/1473\/revisions\/2142"}],"wp:attachment":[{"href":"https:\/\/escueladeteitau.com\/ast\/wp-json\/wp\/v2\/media?parent=1473"}],"curies":[{"name":"wp","href":"https:\/\/api.w.org\/{rel}","templated":true}]}}